{"id":63521,"date":"2026-02-05T18:40:24","date_gmt":"2026-02-05T17:40:24","guid":{"rendered":"https:\/\/mysa-home.ch\/immobilien\/1705816en-lecrin-de-diolly-lot-b3\/"},"modified":"2026-04-29T08:14:15","modified_gmt":"2026-04-29T06:14:15","slug":"1705816en-lecrin-de-diolly-lot-b3","status":"publish","type":"casawp_property","link":"https:\/\/mysa-home.ch\/en\/immobilien\/1705816en-lecrin-de-diolly-lot-b3\/","title":{"rendered":"L&#8217;Ecrin de Diolly &#8211; Lot B3"},"content":{"rendered":"<h2>Savi\u00e8se<\/h2>\n<p>1965 Savi\u00e8se se situe dans le district de Sion, dans le Canton du Valais. La population dans la commune politique de Savi\u00e8se a vari\u00e9 au cours des cinq derni\u00e8res ann\u00e9es de +1,2% en moyenne par an, s&#8217;\u00e9levant \u00e0 8\u00a0278 habitants (Etat\u00a0le\u00a031\u00a0d\u00e9c.\u00a02024). Le taux d&#8217;imposition est de 12,6% (canton:\u00a012,8%). Durant les cinq derni\u00e8res ann\u00e9es, la construction de logements dans la commune s&#8217;est \u00e9lev\u00e9e \u00e0 1,4% en moyenne par an, alors que le taux de logements vacants actuels est de 1,2% (Etat le\u00a01er\u00a0juin\u00a02025). Les prix immobiliers ont vari\u00e9 de +17,6% au cours des cinq derni\u00e8res ann\u00e9es (canton:\u00a0+22,4%).<\/p>\n<hr class=\"property-separator\" \/>\n<h2>L&#8217;Ecrin de Diolly &#8211; Exceptionnel et unique<\/h2>\n<p>Bienvenue dans votre future oasis de paix et de confort !<\/p>\n<p>L&#8217;Ecrin de Diolly, projet exceptionnel et de qualit\u00e9 sup\u00e9rieure, vous attend !<\/p>\n<p>Ce petit immeuble de 2 x 3 logements avec ascenseur est situ\u00e9 dans l&#8217;un des quartiers les plus pris\u00e9s sur les hauteurs de Sion, sur la commune de Savi\u00e8se \u00e0 Diolly.<\/p>\n<p>Le soin apport\u00e9 \u00e0 chaque d\u00e9tail de construction en fait une promotion d&#8217;architecte de haut standing (Chauffage au sol par pompe \u00e0 chaleur &#8211; r\u00e9versible l&#8217;\u00e9t\u00e9 &#8220;freecooling&#8221;, panneaux photovolta\u00efques en toiture, stores toiles motoris\u00e9s verticaux, possibilit\u00e9 d&#8217;am\u00e9nager la terrasse et de v\u00e9g\u00e9taliser le jardin au gr\u00e9 du preneur,&#8230;)\u00a0<\/p>\n<p>Caract\u00e9ristiques cl\u00e9s :<\/p>\n<p><strong>Superficie g\u00e9n\u00e9reuse<\/strong> :\u00a0<\/p>\n<p>Profitez d&#8217;un espace de vie spacieux et lumineux gr\u00e2ce \u00e0 de grandes baies vitr\u00e9es qui inondent le lieu de lumi\u00e8re naturelle.<\/p>\n<p><strong>Terrasse exceptionnelle de 50 m\u00b2 avec jardin :\u00a0<\/strong><\/p>\n<p>Id\u00e9ale pour vos moments de d\u00e9tente, vos repas en plein air ou pour simplement admirer la vue \u00e9poustouflante sur les ch\u00e2teaux de Sion.\u00a0<\/p>\n<p><strong>Emplacement privil\u00e9gi\u00e9 : <\/strong><\/p>\n<p>\u00c0 seulement quelques minutes de la ville de Sion.<\/p>\n<p>Ce bien d&#8217;exception saura r\u00e9pondre \u00e0 toutes vos attentes et vous offrira un cadre de vie in\u00e9gal\u00e9.<\/p>\n<p>Distribution :\u00a0<br \/>&#8211; Hall d&#8217;entr\u00e9e avec dressing<br \/>&#8211; W.-C. visiteurs<br \/>&#8211; Cellier<br \/>&#8211; Vaste et lumineuse cuisine\u00a0<br \/>&#8211; Grand s\u00e9jour \/ salle \u00e0 manger orient\u00e9e plein Sud avec acc\u00e8s \u00e0 la terrasse couverte<br \/>&#8211; 2 grandes chambres avec acc\u00e8s \u00e0 la terrasse<br \/>&#8211; Salle d&#8217;eau<br \/>&#8211; Dressing \/ biblioth\u00e8que \/ espace bureau<br \/>&#8211; Master bedroom avec salle d&#8217;eau privative<\/p>\n<p>Annexes :\u00a0<br \/>&#8211; Place de parc couverte avec r\u00e9duit en prolongement (CHF 45&#8217;000.- en sus)<br \/>&#8211; Place de parc couverte suppl\u00e9mentaire (CHF 25&#8217;000.- en sus)<br \/>&#8211; Place de parc ext\u00e9rieure (sur demande)<\/p>\n<p>Vous souhaitez en savoir plus ? N&#8217;h\u00e9sitez pas \u00e0 nous contacter.<\/p>\n<p>Votre r\u00eave immobilier commence ici !<\/p><\/p>\n","protected":false},"excerpt":{"rendered":"<p>Appartement terrasse<\/p>\n","protected":false},"author":0,"featured_media":63522,"parent":0,"menu_order":55,"comment_status":"closed","ping_status":"closed","template":"","meta":{"_acf_changed":false,"inline_featured_image":false,"footnotes":""},"casawp_category":[133],"casawp_feature":[13,104,12,19,76,28,35,14,15,41,39],"casawp_utility":[20],"casawp_location":[23,118,24],"casawp_salestype":[21],"casawp_availability":[32],"casawp_region":[],"class_list":["post-63521","casawp_property","type-casawp_property","status-publish","has-post-thumbnail","hentry","casawp_category-terrace-flat","casawp_feature-has-balcony","casawp_feature-has-car-port","casawp_feature-has-elevator","casawp_feature-has-mountain-view","casawp_feature-is_projection","casawp_feature-is-animal-friendly","casawp_feature-is-child-friendly","casawp_feature-is-quiet","casawp_feature-is-sunny","casawp_feature-is-wheelchair-accessible","casawp_feature-on-a-south-slope","casawp_utility-residential","casawp_location-country_ch","casawp_location-locality_diolly-saviese","casawp_location-region_vs","casawp_salestype-buy","casawp_availability-active"],"acf":[],"yoast_head":"<!-- This site is optimized with the Yoast SEO plugin v27.4 - https:\/\/yoast.com\/product\/yoast-seo-wordpress\/ -->\n<title>L&#039;Ecrin de Diolly - Lot B3 - MYSA Home S\u00e0rl<\/title>\n<meta name=\"robots\" content=\"index, follow, max-snippet:-1, max-image-preview:large, max-video-preview:-1\" \/>\n<link rel=\"canonical\" href=\"https:\/\/mysa-home.ch\/immobilien\/1705816fr-lecrin-de-diolly-lot-b3\/\" \/>\n<meta property=\"og:locale\" content=\"en_US\" \/>\n<meta property=\"og:type\" content=\"article\" \/>\n<meta property=\"og:title\" content=\"L&#039;Ecrin de Diolly - Lot B3 - MYSA Home S\u00e0rl\" \/>\n<meta property=\"og:description\" content=\"Appartement terrasse\" \/>\n<meta property=\"og:url\" content=\"https:\/\/mysa-home.ch\/immobilien\/1705816fr-lecrin-de-diolly-lot-b3\/\" \/>\n<meta property=\"og:site_name\" content=\"MYSA Home S\u00e0rl\" \/>\n<meta property=\"article:modified_time\" content=\"2026-04-29T06:14:15+00:00\" \/>\n<meta name=\"twitter:card\" content=\"summary_large_image\" \/>\n<meta name=\"twitter:label1\" content=\"Est. reading time\" \/>\n\t<meta name=\"twitter:data1\" content=\"2 minutes\" \/>\n<script type=\"application\/ld+json\" class=\"yoast-schema-graph\">{\"@context\":\"https:\\\/\\\/schema.org\",\"@graph\":[{\"@type\":\"WebPage\",\"@id\":\"https:\\\/\\\/mysa-home.ch\\\/immobilien\\\/1705816fr-lecrin-de-diolly-lot-b3\\\/\",\"url\":\"https:\\\/\\\/mysa-home.ch\\\/immobilien\\\/1705816fr-lecrin-de-diolly-lot-b3\\\/\",\"name\":\"L'Ecrin de Diolly - Lot B3 - MYSA Home S\u00e0rl\",\"isPartOf\":{\"@id\":\"https:\\\/\\\/mysa-home.ch\\\/#website\"},\"primaryImageOfPage\":{\"@id\":\"https:\\\/\\\/mysa-home.ch\\\/immobilien\\\/1705816fr-lecrin-de-diolly-lot-b3\\\/#primaryimage\"},\"image\":{\"@id\":\"https:\\\/\\\/mysa-home.ch\\\/immobilien\\\/1705816fr-lecrin-de-diolly-lot-b3\\\/#primaryimage\"},\"thumbnailUrl\":\"https:\\\/\\\/cdn.casasoft.com\\\/media\\\/provider-13587\\\/property-1685866\\\/02bf38702d2272a20e04a274a622730f.jpeg?p=xl\",\"datePublished\":\"2026-02-05T17:40:24+00:00\",\"dateModified\":\"2026-04-29T06:14:15+00:00\",\"breadcrumb\":{\"@id\":\"https:\\\/\\\/mysa-home.ch\\\/immobilien\\\/1705816fr-lecrin-de-diolly-lot-b3\\\/#breadcrumb\"},\"inLanguage\":\"en-US\",\"potentialAction\":[{\"@type\":\"ReadAction\",\"target\":[\"https:\\\/\\\/mysa-home.ch\\\/immobilien\\\/1705816fr-lecrin-de-diolly-lot-b3\\\/\"]}]},{\"@type\":\"ImageObject\",\"inLanguage\":\"en-US\",\"@id\":\"https:\\\/\\\/mysa-home.ch\\\/immobilien\\\/1705816fr-lecrin-de-diolly-lot-b3\\\/#primaryimage\",\"url\":\"https:\\\/\\\/cdn.casasoft.com\\\/media\\\/provider-13587\\\/property-1685866\\\/02bf38702d2272a20e04a274a622730f.jpeg?p=xl\",\"contentUrl\":\"https:\\\/\\\/cdn.casasoft.com\\\/media\\\/provider-13587\\\/property-1685866\\\/02bf38702d2272a20e04a274a622730f.jpeg?p=xl\"},{\"@type\":\"BreadcrumbList\",\"@id\":\"https:\\\/\\\/mysa-home.ch\\\/immobilien\\\/1705816fr-lecrin-de-diolly-lot-b3\\\/#breadcrumb\",\"itemListElement\":[{\"@type\":\"ListItem\",\"position\":1,\"name\":\"Startseite\",\"item\":\"https:\\\/\\\/mysa-home.ch\\\/en\\\/\"},{\"@type\":\"ListItem\",\"position\":2,\"name\":\"Immobilien\",\"item\":\"https:\\\/\\\/mysa-home.ch\\\/immobilien\\\/\"},{\"@type\":\"ListItem\",\"position\":3,\"name\":\"L&rsquo;Ecrin de Diolly &#8211; Lot B3\"}]},{\"@type\":\"WebSite\",\"@id\":\"https:\\\/\\\/mysa-home.ch\\\/#website\",\"url\":\"https:\\\/\\\/mysa-home.ch\\\/\",\"name\":\"MYSA Home S\u00e0rl\",\"description\":\"\",\"publisher\":{\"@id\":\"https:\\\/\\\/mysa-home.ch\\\/#organization\"},\"potentialAction\":[{\"@type\":\"SearchAction\",\"target\":{\"@type\":\"EntryPoint\",\"urlTemplate\":\"https:\\\/\\\/mysa-home.ch\\\/?s={search_term_string}\"},\"query-input\":{\"@type\":\"PropertyValueSpecification\",\"valueRequired\":true,\"valueName\":\"search_term_string\"}}],\"inLanguage\":\"en-US\"},{\"@type\":\"Organization\",\"@id\":\"https:\\\/\\\/mysa-home.ch\\\/#organization\",\"name\":\"MYSA Home S\u00e0rl\",\"url\":\"https:\\\/\\\/mysa-home.ch\\\/\",\"logo\":{\"@type\":\"ImageObject\",\"inLanguage\":\"en-US\",\"@id\":\"https:\\\/\\\/mysa-home.ch\\\/#\\\/schema\\\/logo\\\/image\\\/\",\"url\":\"https:\\\/\\\/mysa-home.ch\\\/wp-content\\\/uploads\\\/sites\\\/8\\\/2023\\\/07\\\/logo-mysahome-negatif.svg\",\"contentUrl\":\"https:\\\/\\\/mysa-home.ch\\\/wp-content\\\/uploads\\\/sites\\\/8\\\/2023\\\/07\\\/logo-mysahome-negatif.svg\",\"width\":288,\"height\":154,\"caption\":\"MYSA Home S\u00e0rl\"},\"image\":{\"@id\":\"https:\\\/\\\/mysa-home.ch\\\/#\\\/schema\\\/logo\\\/image\\\/\"}}]}<\/script>\n<!-- \/ Yoast SEO plugin. -->","yoast_head_json":{"title":"L'Ecrin de Diolly - Lot B3 - MYSA Home S\u00e0rl","robots":{"index":"index","follow":"follow","max-snippet":"max-snippet:-1","max-image-preview":"max-image-preview:large","max-video-preview":"max-video-preview:-1"},"canonical":"https:\/\/mysa-home.ch\/immobilien\/1705816fr-lecrin-de-diolly-lot-b3\/","og_locale":"en_US","og_type":"article","og_title":"L'Ecrin de Diolly - Lot B3 - MYSA Home S\u00e0rl","og_description":"Appartement terrasse","og_url":"https:\/\/mysa-home.ch\/immobilien\/1705816fr-lecrin-de-diolly-lot-b3\/","og_site_name":"MYSA Home S\u00e0rl","article_modified_time":"2026-04-29T06:14:15+00:00","twitter_card":"summary_large_image","twitter_misc":{"Est. reading time":"2 minutes"},"schema":{"@context":"https:\/\/schema.org","@graph":[{"@type":"WebPage","@id":"https:\/\/mysa-home.ch\/immobilien\/1705816fr-lecrin-de-diolly-lot-b3\/","url":"https:\/\/mysa-home.ch\/immobilien\/1705816fr-lecrin-de-diolly-lot-b3\/","name":"L'Ecrin de Diolly - Lot B3 - MYSA Home S\u00e0rl","isPartOf":{"@id":"https:\/\/mysa-home.ch\/#website"},"primaryImageOfPage":{"@id":"https:\/\/mysa-home.ch\/immobilien\/1705816fr-lecrin-de-diolly-lot-b3\/#primaryimage"},"image":{"@id":"https:\/\/mysa-home.ch\/immobilien\/1705816fr-lecrin-de-diolly-lot-b3\/#primaryimage"},"thumbnailUrl":"https:\/\/cdn.casasoft.com\/media\/provider-13587\/property-1685866\/02bf38702d2272a20e04a274a622730f.jpeg?p=xl","datePublished":"2026-02-05T17:40:24+00:00","dateModified":"2026-04-29T06:14:15+00:00","breadcrumb":{"@id":"https:\/\/mysa-home.ch\/immobilien\/1705816fr-lecrin-de-diolly-lot-b3\/#breadcrumb"},"inLanguage":"en-US","potentialAction":[{"@type":"ReadAction","target":["https:\/\/mysa-home.ch\/immobilien\/1705816fr-lecrin-de-diolly-lot-b3\/"]}]},{"@type":"ImageObject","inLanguage":"en-US","@id":"https:\/\/mysa-home.ch\/immobilien\/1705816fr-lecrin-de-diolly-lot-b3\/#primaryimage","url":"https:\/\/cdn.casasoft.com\/media\/provider-13587\/property-1685866\/02bf38702d2272a20e04a274a622730f.jpeg?p=xl","contentUrl":"https:\/\/cdn.casasoft.com\/media\/provider-13587\/property-1685866\/02bf38702d2272a20e04a274a622730f.jpeg?p=xl"},{"@type":"BreadcrumbList","@id":"https:\/\/mysa-home.ch\/immobilien\/1705816fr-lecrin-de-diolly-lot-b3\/#breadcrumb","itemListElement":[{"@type":"ListItem","position":1,"name":"Startseite","item":"https:\/\/mysa-home.ch\/en\/"},{"@type":"ListItem","position":2,"name":"Immobilien","item":"https:\/\/mysa-home.ch\/immobilien\/"},{"@type":"ListItem","position":3,"name":"L&rsquo;Ecrin de Diolly &#8211; Lot B3"}]},{"@type":"WebSite","@id":"https:\/\/mysa-home.ch\/#website","url":"https:\/\/mysa-home.ch\/","name":"MYSA Home S\u00e0rl","description":"","publisher":{"@id":"https:\/\/mysa-home.ch\/#organization"},"potentialAction":[{"@type":"SearchAction","target":{"@type":"EntryPoint","urlTemplate":"https:\/\/mysa-home.ch\/?s={search_term_string}"},"query-input":{"@type":"PropertyValueSpecification","valueRequired":true,"valueName":"search_term_string"}}],"inLanguage":"en-US"},{"@type":"Organization","@id":"https:\/\/mysa-home.ch\/#organization","name":"MYSA Home S\u00e0rl","url":"https:\/\/mysa-home.ch\/","logo":{"@type":"ImageObject","inLanguage":"en-US","@id":"https:\/\/mysa-home.ch\/#\/schema\/logo\/image\/","url":"https:\/\/mysa-home.ch\/wp-content\/uploads\/sites\/8\/2023\/07\/logo-mysahome-negatif.svg","contentUrl":"https:\/\/mysa-home.ch\/wp-content\/uploads\/sites\/8\/2023\/07\/logo-mysahome-negatif.svg","width":288,"height":154,"caption":"MYSA Home S\u00e0rl"},"image":{"@id":"https:\/\/mysa-home.ch\/#\/schema\/logo\/image\/"}}]}},"_links":{"self":[{"href":"https:\/\/mysa-home.ch\/en\/wp-json\/wp\/v2\/casawp_property\/63521","targetHints":{"allow":["GET"]}}],"collection":[{"href":"https:\/\/mysa-home.ch\/en\/wp-json\/wp\/v2\/casawp_property"}],"about":[{"href":"https:\/\/mysa-home.ch\/en\/wp-json\/wp\/v2\/types\/casawp_property"}],"replies":[{"embeddable":true,"href":"https:\/\/mysa-home.ch\/en\/wp-json\/wp\/v2\/comments?post=63521"}],"version-history":[{"count":0,"href":"https:\/\/mysa-home.ch\/en\/wp-json\/wp\/v2\/casawp_property\/63521\/revisions"}],"wp:featuredmedia":[{"embeddable":true,"href":"https:\/\/mysa-home.ch\/en\/wp-json\/wp\/v2\/media\/63522"}],"wp:attachment":[{"href":"https:\/\/mysa-home.ch\/en\/wp-json\/wp\/v2\/media?parent=63521"}],"wp:term":[{"taxonomy":"casawp_category","embeddable":true,"href":"https:\/\/mysa-home.ch\/en\/wp-json\/wp\/v2\/casawp_category?post=63521"},{"taxonomy":"casawp_feature","embeddable":true,"href":"https:\/\/mysa-home.ch\/en\/wp-json\/wp\/v2\/casawp_feature?post=63521"},{"taxonomy":"casawp_utility","embeddable":true,"href":"https:\/\/mysa-home.ch\/en\/wp-json\/wp\/v2\/casawp_utility?post=63521"},{"taxonomy":"casawp_location","embeddable":true,"href":"https:\/\/mysa-home.ch\/en\/wp-json\/wp\/v2\/casawp_location?post=63521"},{"taxonomy":"casawp_salestype","embeddable":true,"href":"https:\/\/mysa-home.ch\/en\/wp-json\/wp\/v2\/casawp_salestype?post=63521"},{"taxonomy":"casawp_availability","embeddable":true,"href":"https:\/\/mysa-home.ch\/en\/wp-json\/wp\/v2\/casawp_availability?post=63521"},{"taxonomy":"casawp_region","embeddable":true,"href":"https:\/\/mysa-home.ch\/en\/wp-json\/wp\/v2\/casawp_region?post=63521"}],"curies":[{"name":"wp","href":"https:\/\/api.w.org\/{rel}","templated":true}]}}