{"id":58810,"date":"2025-01-23T22:03:41","date_gmt":"2025-01-23T21:03:41","guid":{"rendered":"https:\/\/mysa-home.ch\/immobilien\/1538293en-hotel-a-vendre-au-coeur-du-valais\/"},"modified":"2026-05-02T07:54:06","modified_gmt":"2026-05-02T05:54:06","slug":"1538293en-hotel-a-vendre-au-coeur-du-valais","status":"publish","type":"casawp_property","link":"https:\/\/mysa-home.ch\/en\/immobilien\/1538293en-hotel-a-vendre-au-coeur-du-valais\/","title":{"rendered":"H\u00f4tel \u00e0 vendre au coeur du Valais"},"content":{"rendered":"<h2>Immeuble \/ h\u00f4tel avec cachet au coeur du Valais<\/h2>\n<p>Immeuble \/ h\u00f4tel historique d&#8217;exception \u00e0 10 minutes de la station de Lo\u00e8che-les-Bains, construit en 1850 et enti\u00e8rement r\u00e9nov\u00e9 avec soins et aux normes \u00e9nerg\u00e9tiques actuelles en 2020.<\/p>\n<p>Profitez d&#8217;un cadre de vie convivial et paisible \u00e0 quelques kilom\u00e8tres de la plaine et de la montagne, id\u00e9al pour les familles, avec une magnifique vue sur les environs. Ce bien rare allie charme d&#8217;antan et confort moderne, le tout dans un environnement pittoresque et propice \u00e0 la d\u00e9tente.<\/p>\n<p>L&#8217;h\u00f4tel historique des Alpes \u00e0 Inden \u00e9tait un lieu de transfert de marchandise et de changement de cavalerie. Il a ensuite \u00e9t\u00e9 transform\u00e9 en H\u00f4tel de charme pendant plusieurs d\u00e9cennies.\u00a0<\/p>\n<p>Entre 2018 et 2020, les propri\u00e9taires ont offert \u00e0 ce lieu d&#8217;exception une deuxi\u00e8me jeunesse gr\u00e2ce notamment \u00e0 la r\u00e9fection totale de la fa\u00e7ade, du toit, du chauffage (pompe \u00e0 chaleur), des canalisations, de l&#8217;\u00e9lectricit\u00e9, des conduites, du restaurant et de la cuisine professionnelle.<\/p>\n<p>Distribution :\u00a0<br \/>Rez :\u00a0<br \/>&#8211; Restaurant avec bar<br \/>&#8211; Salle de d\u00e9jeuner<br \/>&#8211; Cuisine professionnelle enti\u00e8rement \u00e9quip\u00e9e avec chambre froide<br \/>&#8211; Terrasse<\/p>\n<p>1er \u00e9tage :\u00a0<br \/>&#8211; 2 chambres avec salle d&#8217;eau<br \/>&#8211; 2 chambres avec salle d&#8217;eau et cuisine<\/p>\n<p>2\u00e8me \u00e9tage :\u00a0<br \/>&#8211; 2 chambres avec salle d&#8217;eau<br \/>&#8211; 2 chambres avec salle d&#8217;eau et cuisine<\/p>\n<p>Combles :\u00a0<br \/>&#8211; 2 splendides appartements\/lofts mansard\u00e9s<br \/>&#8211; Bureau<br \/>&#8211; Salle d&#8217;eau suppl\u00e9mentaires avec baignoire<\/p>\n<p>Sous-sol :\u00a0<br \/>&#8211; Splendides caves vo\u00fbt\u00e9es<br \/>&#8211; Local technique<\/p>\n<p>Annexes :\u00a0<br \/>&#8211; Places de parc ext\u00e9rieures<br \/>&#8211; Local rangement \/ v\u00e9los<br \/>&#8211; Local technique pouvant \u00eatre am\u00e9nag\u00e9 en sauna<\/p>\n","protected":false},"excerpt":{"rendered":"<p>Splendide h\u00f4tel enti\u00e8rement r\u00e9nov\u00e9e avec soins \u00e0 vendre \u00e0 6 km de la station de Lo\u00e8che-les-Bains<\/p>\n","protected":false},"author":0,"featured_media":58811,"parent":0,"menu_order":33,"comment_status":"closed","ping_status":"closed","template":"","meta":{"_acf_changed":false,"inline_featured_image":false,"footnotes":""},"casawp_category":[10,93,144,140],"casawp_feature":[13,19,29,38,35,14,82],"casawp_utility":[129,43,20],"casawp_location":[23,145,24],"casawp_salestype":[21],"casawp_availability":[32],"casawp_region":[],"class_list":["post-58810","casawp_property","type-casawp_property","status-publish","has-post-thumbnail","hentry","casawp_category-apartment","casawp_category-cafe-bar","casawp_category-hotel","casawp_category-residential-commercial-building","casawp_feature-has-balcony","casawp_feature-has-mountain-view","casawp_feature-has-parking","casawp_feature-is-allowed-as-secondary-residency","casawp_feature-is-child-friendly","casawp_feature-is-quiet","casawp_feature-is-refurbished","casawp_utility-commercial","casawp_utility-gastronomy","casawp_utility-residential","casawp_location-country_ch","casawp_location-locality_inden","casawp_location-region_vs","casawp_salestype-buy","casawp_availability-active"],"acf":[],"yoast_head":"<!-- This site is optimized with the Yoast SEO plugin v27.4 - https:\/\/yoast.com\/product\/yoast-seo-wordpress\/ -->\n<title>H\u00f4tel \u00e0 vendre au coeur du Valais - MYSA Home S\u00e0rl<\/title>\n<meta name=\"robots\" content=\"index, follow, max-snippet:-1, max-image-preview:large, max-video-preview:-1\" \/>\n<link rel=\"canonical\" href=\"https:\/\/mysa-home.ch\/immobilien\/1538293fr-hotel-a-vendre-au-coeur-du-valais\/\" \/>\n<meta property=\"og:locale\" content=\"en_US\" \/>\n<meta property=\"og:type\" content=\"article\" \/>\n<meta property=\"og:title\" content=\"H\u00f4tel \u00e0 vendre au coeur du Valais - MYSA Home S\u00e0rl\" \/>\n<meta property=\"og:description\" content=\"Splendide h\u00f4tel enti\u00e8rement r\u00e9nov\u00e9e avec soins \u00e0 vendre \u00e0 6 km de la station de Lo\u00e8che-les-Bains\" \/>\n<meta property=\"og:url\" content=\"https:\/\/mysa-home.ch\/immobilien\/1538293fr-hotel-a-vendre-au-coeur-du-valais\/\" \/>\n<meta property=\"og:site_name\" content=\"MYSA Home S\u00e0rl\" \/>\n<meta property=\"article:modified_time\" content=\"2026-05-02T05:54:06+00:00\" \/>\n<meta name=\"twitter:card\" content=\"summary_large_image\" \/>\n<meta name=\"twitter:label1\" content=\"Est. reading time\" \/>\n\t<meta name=\"twitter:data1\" content=\"1 minute\" \/>\n<script type=\"application\/ld+json\" class=\"yoast-schema-graph\">{\"@context\":\"https:\\\/\\\/schema.org\",\"@graph\":[{\"@type\":\"WebPage\",\"@id\":\"https:\\\/\\\/mysa-home.ch\\\/immobilien\\\/1538293fr-hotel-a-vendre-au-coeur-du-valais\\\/\",\"url\":\"https:\\\/\\\/mysa-home.ch\\\/immobilien\\\/1538293fr-hotel-a-vendre-au-coeur-du-valais\\\/\",\"name\":\"H\u00f4tel \u00e0 vendre au coeur du Valais - MYSA Home S\u00e0rl\",\"isPartOf\":{\"@id\":\"https:\\\/\\\/mysa-home.ch\\\/#website\"},\"primaryImageOfPage\":{\"@id\":\"https:\\\/\\\/mysa-home.ch\\\/immobilien\\\/1538293fr-hotel-a-vendre-au-coeur-du-valais\\\/#primaryimage\"},\"image\":{\"@id\":\"https:\\\/\\\/mysa-home.ch\\\/immobilien\\\/1538293fr-hotel-a-vendre-au-coeur-du-valais\\\/#primaryimage\"},\"thumbnailUrl\":\"https:\\\/\\\/cdn.casasoft.com\\\/media\\\/provider-13587\\\/property-1538293\\\/fa924849acc30f011f3c5dd9976332f3.jpeg?p=xl\",\"datePublished\":\"2025-01-23T21:03:41+00:00\",\"dateModified\":\"2026-05-02T05:54:06+00:00\",\"breadcrumb\":{\"@id\":\"https:\\\/\\\/mysa-home.ch\\\/immobilien\\\/1538293fr-hotel-a-vendre-au-coeur-du-valais\\\/#breadcrumb\"},\"inLanguage\":\"en-US\",\"potentialAction\":[{\"@type\":\"ReadAction\",\"target\":[\"https:\\\/\\\/mysa-home.ch\\\/immobilien\\\/1538293fr-hotel-a-vendre-au-coeur-du-valais\\\/\"]}]},{\"@type\":\"ImageObject\",\"inLanguage\":\"en-US\",\"@id\":\"https:\\\/\\\/mysa-home.ch\\\/immobilien\\\/1538293fr-hotel-a-vendre-au-coeur-du-valais\\\/#primaryimage\",\"url\":\"https:\\\/\\\/cdn.casasoft.com\\\/media\\\/provider-13587\\\/property-1538293\\\/fa924849acc30f011f3c5dd9976332f3.jpeg?p=xl\",\"contentUrl\":\"https:\\\/\\\/cdn.casasoft.com\\\/media\\\/provider-13587\\\/property-1538293\\\/fa924849acc30f011f3c5dd9976332f3.jpeg?p=xl\",\"caption\":\"Loft dans les combles\"},{\"@type\":\"BreadcrumbList\",\"@id\":\"https:\\\/\\\/mysa-home.ch\\\/immobilien\\\/1538293fr-hotel-a-vendre-au-coeur-du-valais\\\/#breadcrumb\",\"itemListElement\":[{\"@type\":\"ListItem\",\"position\":1,\"name\":\"Startseite\",\"item\":\"https:\\\/\\\/mysa-home.ch\\\/en\\\/\"},{\"@type\":\"ListItem\",\"position\":2,\"name\":\"Immobilien\",\"item\":\"https:\\\/\\\/mysa-home.ch\\\/immobilien\\\/\"},{\"@type\":\"ListItem\",\"position\":3,\"name\":\"H\u00f4tel \u00e0 vendre au coeur du Valais\"}]},{\"@type\":\"WebSite\",\"@id\":\"https:\\\/\\\/mysa-home.ch\\\/#website\",\"url\":\"https:\\\/\\\/mysa-home.ch\\\/\",\"name\":\"MYSA Home S\u00e0rl\",\"description\":\"\",\"publisher\":{\"@id\":\"https:\\\/\\\/mysa-home.ch\\\/#organization\"},\"potentialAction\":[{\"@type\":\"SearchAction\",\"target\":{\"@type\":\"EntryPoint\",\"urlTemplate\":\"https:\\\/\\\/mysa-home.ch\\\/?s={search_term_string}\"},\"query-input\":{\"@type\":\"PropertyValueSpecification\",\"valueRequired\":true,\"valueName\":\"search_term_string\"}}],\"inLanguage\":\"en-US\"},{\"@type\":\"Organization\",\"@id\":\"https:\\\/\\\/mysa-home.ch\\\/#organization\",\"name\":\"MYSA Home S\u00e0rl\",\"url\":\"https:\\\/\\\/mysa-home.ch\\\/\",\"logo\":{\"@type\":\"ImageObject\",\"inLanguage\":\"en-US\",\"@id\":\"https:\\\/\\\/mysa-home.ch\\\/#\\\/schema\\\/logo\\\/image\\\/\",\"url\":\"https:\\\/\\\/mysa-home.ch\\\/wp-content\\\/uploads\\\/sites\\\/8\\\/2023\\\/07\\\/logo-mysahome-negatif.svg\",\"contentUrl\":\"https:\\\/\\\/mysa-home.ch\\\/wp-content\\\/uploads\\\/sites\\\/8\\\/2023\\\/07\\\/logo-mysahome-negatif.svg\",\"width\":288,\"height\":154,\"caption\":\"MYSA Home S\u00e0rl\"},\"image\":{\"@id\":\"https:\\\/\\\/mysa-home.ch\\\/#\\\/schema\\\/logo\\\/image\\\/\"}}]}<\/script>\n<!-- \/ Yoast SEO plugin. -->","yoast_head_json":{"title":"H\u00f4tel \u00e0 vendre au coeur du Valais - MYSA Home S\u00e0rl","robots":{"index":"index","follow":"follow","max-snippet":"max-snippet:-1","max-image-preview":"max-image-preview:large","max-video-preview":"max-video-preview:-1"},"canonical":"https:\/\/mysa-home.ch\/immobilien\/1538293fr-hotel-a-vendre-au-coeur-du-valais\/","og_locale":"en_US","og_type":"article","og_title":"H\u00f4tel \u00e0 vendre au coeur du Valais - MYSA Home S\u00e0rl","og_description":"Splendide h\u00f4tel enti\u00e8rement r\u00e9nov\u00e9e avec soins \u00e0 vendre \u00e0 6 km de la station de Lo\u00e8che-les-Bains","og_url":"https:\/\/mysa-home.ch\/immobilien\/1538293fr-hotel-a-vendre-au-coeur-du-valais\/","og_site_name":"MYSA Home S\u00e0rl","article_modified_time":"2026-05-02T05:54:06+00:00","twitter_card":"summary_large_image","twitter_misc":{"Est. reading time":"1 minute"},"schema":{"@context":"https:\/\/schema.org","@graph":[{"@type":"WebPage","@id":"https:\/\/mysa-home.ch\/immobilien\/1538293fr-hotel-a-vendre-au-coeur-du-valais\/","url":"https:\/\/mysa-home.ch\/immobilien\/1538293fr-hotel-a-vendre-au-coeur-du-valais\/","name":"H\u00f4tel \u00e0 vendre au coeur du Valais - MYSA Home S\u00e0rl","isPartOf":{"@id":"https:\/\/mysa-home.ch\/#website"},"primaryImageOfPage":{"@id":"https:\/\/mysa-home.ch\/immobilien\/1538293fr-hotel-a-vendre-au-coeur-du-valais\/#primaryimage"},"image":{"@id":"https:\/\/mysa-home.ch\/immobilien\/1538293fr-hotel-a-vendre-au-coeur-du-valais\/#primaryimage"},"thumbnailUrl":"https:\/\/cdn.casasoft.com\/media\/provider-13587\/property-1538293\/fa924849acc30f011f3c5dd9976332f3.jpeg?p=xl","datePublished":"2025-01-23T21:03:41+00:00","dateModified":"2026-05-02T05:54:06+00:00","breadcrumb":{"@id":"https:\/\/mysa-home.ch\/immobilien\/1538293fr-hotel-a-vendre-au-coeur-du-valais\/#breadcrumb"},"inLanguage":"en-US","potentialAction":[{"@type":"ReadAction","target":["https:\/\/mysa-home.ch\/immobilien\/1538293fr-hotel-a-vendre-au-coeur-du-valais\/"]}]},{"@type":"ImageObject","inLanguage":"en-US","@id":"https:\/\/mysa-home.ch\/immobilien\/1538293fr-hotel-a-vendre-au-coeur-du-valais\/#primaryimage","url":"https:\/\/cdn.casasoft.com\/media\/provider-13587\/property-1538293\/fa924849acc30f011f3c5dd9976332f3.jpeg?p=xl","contentUrl":"https:\/\/cdn.casasoft.com\/media\/provider-13587\/property-1538293\/fa924849acc30f011f3c5dd9976332f3.jpeg?p=xl","caption":"Loft dans les combles"},{"@type":"BreadcrumbList","@id":"https:\/\/mysa-home.ch\/immobilien\/1538293fr-hotel-a-vendre-au-coeur-du-valais\/#breadcrumb","itemListElement":[{"@type":"ListItem","position":1,"name":"Startseite","item":"https:\/\/mysa-home.ch\/en\/"},{"@type":"ListItem","position":2,"name":"Immobilien","item":"https:\/\/mysa-home.ch\/immobilien\/"},{"@type":"ListItem","position":3,"name":"H\u00f4tel \u00e0 vendre au coeur du Valais"}]},{"@type":"WebSite","@id":"https:\/\/mysa-home.ch\/#website","url":"https:\/\/mysa-home.ch\/","name":"MYSA Home S\u00e0rl","description":"","publisher":{"@id":"https:\/\/mysa-home.ch\/#organization"},"potentialAction":[{"@type":"SearchAction","target":{"@type":"EntryPoint","urlTemplate":"https:\/\/mysa-home.ch\/?s={search_term_string}"},"query-input":{"@type":"PropertyValueSpecification","valueRequired":true,"valueName":"search_term_string"}}],"inLanguage":"en-US"},{"@type":"Organization","@id":"https:\/\/mysa-home.ch\/#organization","name":"MYSA Home S\u00e0rl","url":"https:\/\/mysa-home.ch\/","logo":{"@type":"ImageObject","inLanguage":"en-US","@id":"https:\/\/mysa-home.ch\/#\/schema\/logo\/image\/","url":"https:\/\/mysa-home.ch\/wp-content\/uploads\/sites\/8\/2023\/07\/logo-mysahome-negatif.svg","contentUrl":"https:\/\/mysa-home.ch\/wp-content\/uploads\/sites\/8\/2023\/07\/logo-mysahome-negatif.svg","width":288,"height":154,"caption":"MYSA Home S\u00e0rl"},"image":{"@id":"https:\/\/mysa-home.ch\/#\/schema\/logo\/image\/"}}]}},"_links":{"self":[{"href":"https:\/\/mysa-home.ch\/en\/wp-json\/wp\/v2\/casawp_property\/58810","targetHints":{"allow":["GET"]}}],"collection":[{"href":"https:\/\/mysa-home.ch\/en\/wp-json\/wp\/v2\/casawp_property"}],"about":[{"href":"https:\/\/mysa-home.ch\/en\/wp-json\/wp\/v2\/types\/casawp_property"}],"replies":[{"embeddable":true,"href":"https:\/\/mysa-home.ch\/en\/wp-json\/wp\/v2\/comments?post=58810"}],"version-history":[{"count":0,"href":"https:\/\/mysa-home.ch\/en\/wp-json\/wp\/v2\/casawp_property\/58810\/revisions"}],"wp:featuredmedia":[{"embeddable":true,"href":"https:\/\/mysa-home.ch\/en\/wp-json\/wp\/v2\/media\/58811"}],"wp:attachment":[{"href":"https:\/\/mysa-home.ch\/en\/wp-json\/wp\/v2\/media?parent=58810"}],"wp:term":[{"taxonomy":"casawp_category","embeddable":true,"href":"https:\/\/mysa-home.ch\/en\/wp-json\/wp\/v2\/casawp_category?post=58810"},{"taxonomy":"casawp_feature","embeddable":true,"href":"https:\/\/mysa-home.ch\/en\/wp-json\/wp\/v2\/casawp_feature?post=58810"},{"taxonomy":"casawp_utility","embeddable":true,"href":"https:\/\/mysa-home.ch\/en\/wp-json\/wp\/v2\/casawp_utility?post=58810"},{"taxonomy":"casawp_location","embeddable":true,"href":"https:\/\/mysa-home.ch\/en\/wp-json\/wp\/v2\/casawp_location?post=58810"},{"taxonomy":"casawp_salestype","embeddable":true,"href":"https:\/\/mysa-home.ch\/en\/wp-json\/wp\/v2\/casawp_salestype?post=58810"},{"taxonomy":"casawp_availability","embeddable":true,"href":"https:\/\/mysa-home.ch\/en\/wp-json\/wp\/v2\/casawp_availability?post=58810"},{"taxonomy":"casawp_region","embeddable":true,"href":"https:\/\/mysa-home.ch\/en\/wp-json\/wp\/v2\/casawp_region?post=58810"}],"curies":[{"name":"wp","href":"https:\/\/api.w.org\/{rel}","templated":true}]}}