{"id":64851,"date":"2025-10-31T14:38:55","date_gmt":"2025-10-31T13:38:55","guid":{"rendered":"https:\/\/mysa-home.ch\/immobilien\/1667278de-vendu-appartement-bureau-au-coeur-de-sion\/"},"modified":"2026-05-01T08:58:03","modified_gmt":"2026-05-01T06:58:03","slug":"1667278de-vendu-appartement-bureau-au-coeur-de-sion","status":"publish","type":"casawp_property","link":"https:\/\/mysa-home.ch\/de\/immobilien\/1667278de-vendu-appartement-bureau-au-coeur-de-sion\/","title":{"rendered":"VENDU Appartement \/ bureau au coeur de Sion"},"content":{"rendered":"<h2>Bureau ou appartement \u00e0 transformer &#8211; au coeur de Sion (Place du Midi)<\/h2>\n<p>Id\u00e9alement situ\u00e9 sur la Place du Midi, en plein centre-ville de Sion, cet espace offre une opportunit\u00e9 rare d&#8217;acqu\u00e9rir un bien \u00e0 fort potentiel de transformation.<\/p>\n<p>Actuellement configur\u00e9 en bureaux (en cours de location avec fin de bail d\u00e9j\u00e0 convenu), le bien situ\u00e9 au deuxi\u00e8me \u00e9tage avec ascenseur s\u00e9curis\u00e9, peut ais\u00e9ment \u00eatre r\u00e9am\u00e9nag\u00e9 en appartement, offrant ainsi une grande flexibilit\u00e9 d&#8217;usage selon vos besoins : habitation principale, investissement locatif ou espace professionnel de prestige.<\/p>\n<p>Sa situation exceptionnelle au coeur de la ville permet de b\u00e9n\u00e9ficier d&#8217;un acc\u00e8s imm\u00e9diat \u00e0 toutes les commodit\u00e9s, aux commerces, aux restaurants, aux transports publics et aux services administratifs.<\/p>\n<p>Un bien rare sur le march\u00e9, id\u00e9al pour un investisseur, un ind\u00e9pendant ou toute personne souhaitant vivre au centre de Sion dans un environnement dynamique et recherch\u00e9.<\/p>\n<p>Annexes :\u00a0<br \/>&#8211; Cave<br \/>&#8211; Une place de parc int\u00e9rieure peut \u00eatre acquise<\/p>\n<p>\u00a0<\/p>\n","protected":false},"excerpt":{"rendered":"<p>Bureau ou appartement \u00e0 transformer &#8211; au coeur de Sion (Place du Midi) Id\u00e9alement situ\u00e9 sur la Place du Midi, en plein centre-ville de Sion, cet espace offre une opportunit\u00e9 rare d&#8217;acqu\u00e9rir un bien \u00e0 fort potentiel de transformation. Actuellement configur\u00e9 en bureaux (en cours de location avec fin de bail d\u00e9j\u00e0 convenu), le bien [&hellip;]<\/p>\n","protected":false},"author":0,"featured_media":64852,"parent":0,"menu_order":74,"comment_status":"closed","ping_status":"closed","template":"","meta":{"_acf_changed":false,"inline_featured_image":false,"footnotes":""},"casawp_category":[10,128],"casawp_feature":[13,12,35,166,15,54,41],"casawp_utility":[20],"casawp_location":[23,25,24],"casawp_salestype":[21],"casawp_availability":[22],"casawp_region":[],"class_list":["post-64851","casawp_property","type-casawp_property","status-publish","has-post-thumbnail","hentry","casawp_category-apartment","casawp_category-office","casawp_feature-has-balcony","casawp_feature-has-elevator","casawp_feature-is-child-friendly","casawp_feature-is-corner-house","casawp_feature-is-sunny","casawp_feature-is-well-tended","casawp_feature-is-wheelchair-accessible","casawp_utility-residential","casawp_location-country_ch","casawp_location-locality_sion","casawp_location-region_vs","casawp_salestype-buy","casawp_availability-reference"],"acf":[],"yoast_head":"<!-- This site is optimized with the Yoast SEO plugin v27.4 - https:\/\/yoast.com\/product\/yoast-seo-wordpress\/ -->\n<title>VENDU Appartement \/ bureau au coeur de Sion - MYSA Home S\u00e0rl<\/title>\n<meta name=\"robots\" content=\"index, follow, max-snippet:-1, max-image-preview:large, max-video-preview:-1\" \/>\n<link rel=\"canonical\" href=\"https:\/\/mysa-home.ch\/immobilien\/1667278fr-vendu-appartement-bureau-au-coeur-de-sion\/\" \/>\n<meta property=\"og:locale\" content=\"de_DE\" \/>\n<meta property=\"og:type\" content=\"article\" \/>\n<meta property=\"og:title\" content=\"VENDU Appartement \/ bureau au coeur de Sion - MYSA Home S\u00e0rl\" \/>\n<meta property=\"og:description\" content=\"Bureau ou appartement \u00e0 transformer &#8211; au coeur de Sion (Place du Midi) Id\u00e9alement situ\u00e9 sur la Place du Midi, en plein centre-ville de Sion, cet espace offre une opportunit\u00e9 rare d&#8217;acqu\u00e9rir un bien \u00e0 fort potentiel de transformation. Actuellement configur\u00e9 en bureaux (en cours de location avec fin de bail d\u00e9j\u00e0 convenu), le bien [&hellip;]\" \/>\n<meta property=\"og:url\" content=\"https:\/\/mysa-home.ch\/immobilien\/1667278fr-vendu-appartement-bureau-au-coeur-de-sion\/\" \/>\n<meta property=\"og:site_name\" content=\"MYSA Home S\u00e0rl\" \/>\n<meta property=\"article:modified_time\" content=\"2026-05-01T06:58:03+00:00\" \/>\n<meta name=\"twitter:card\" content=\"summary_large_image\" \/>\n<meta name=\"twitter:label1\" content=\"Gesch\u00e4tzte Lesezeit\" \/>\n\t<meta name=\"twitter:data1\" content=\"1\u00a0Minute\" \/>\n<script type=\"application\/ld+json\" class=\"yoast-schema-graph\">{\"@context\":\"https:\\\/\\\/schema.org\",\"@graph\":[{\"@type\":\"WebPage\",\"@id\":\"https:\\\/\\\/mysa-home.ch\\\/immobilien\\\/1667278fr-vendu-appartement-bureau-au-coeur-de-sion\\\/\",\"url\":\"https:\\\/\\\/mysa-home.ch\\\/immobilien\\\/1667278fr-vendu-appartement-bureau-au-coeur-de-sion\\\/\",\"name\":\"VENDU Appartement \\\/ bureau au coeur de Sion - MYSA Home S\u00e0rl\",\"isPartOf\":{\"@id\":\"https:\\\/\\\/mysa-home.ch\\\/#website\"},\"primaryImageOfPage\":{\"@id\":\"https:\\\/\\\/mysa-home.ch\\\/immobilien\\\/1667278fr-vendu-appartement-bureau-au-coeur-de-sion\\\/#primaryimage\"},\"image\":{\"@id\":\"https:\\\/\\\/mysa-home.ch\\\/immobilien\\\/1667278fr-vendu-appartement-bureau-au-coeur-de-sion\\\/#primaryimage\"},\"thumbnailUrl\":\"https:\\\/\\\/cdn.casasoft.com\\\/media\\\/provider-13587\\\/property-1667278\\\/eb8a95612a5aefcb8c4e61deb66e6d9e.jpeg?p=xl\",\"datePublished\":\"2025-10-31T13:38:55+00:00\",\"dateModified\":\"2026-05-01T06:58:03+00:00\",\"breadcrumb\":{\"@id\":\"https:\\\/\\\/mysa-home.ch\\\/immobilien\\\/1667278fr-vendu-appartement-bureau-au-coeur-de-sion\\\/#breadcrumb\"},\"inLanguage\":\"de\",\"potentialAction\":[{\"@type\":\"ReadAction\",\"target\":[\"https:\\\/\\\/mysa-home.ch\\\/immobilien\\\/1667278fr-vendu-appartement-bureau-au-coeur-de-sion\\\/\"]}]},{\"@type\":\"ImageObject\",\"inLanguage\":\"de\",\"@id\":\"https:\\\/\\\/mysa-home.ch\\\/immobilien\\\/1667278fr-vendu-appartement-bureau-au-coeur-de-sion\\\/#primaryimage\",\"url\":\"https:\\\/\\\/cdn.casasoft.com\\\/media\\\/provider-13587\\\/property-1667278\\\/eb8a95612a5aefcb8c4e61deb66e6d9e.jpeg?p=xl\",\"contentUrl\":\"https:\\\/\\\/cdn.casasoft.com\\\/media\\\/provider-13587\\\/property-1667278\\\/eb8a95612a5aefcb8c4e61deb66e6d9e.jpeg?p=xl\"},{\"@type\":\"BreadcrumbList\",\"@id\":\"https:\\\/\\\/mysa-home.ch\\\/immobilien\\\/1667278fr-vendu-appartement-bureau-au-coeur-de-sion\\\/#breadcrumb\",\"itemListElement\":[{\"@type\":\"ListItem\",\"position\":1,\"name\":\"Startseite\",\"item\":\"https:\\\/\\\/mysa-home.ch\\\/de\\\/\"},{\"@type\":\"ListItem\",\"position\":2,\"name\":\"Immobilien\",\"item\":\"https:\\\/\\\/mysa-home.ch\\\/immobilien\\\/\"},{\"@type\":\"ListItem\",\"position\":3,\"name\":\"VENDU Appartement \\\/ bureau au coeur de Sion\"}]},{\"@type\":\"WebSite\",\"@id\":\"https:\\\/\\\/mysa-home.ch\\\/#website\",\"url\":\"https:\\\/\\\/mysa-home.ch\\\/\",\"name\":\"MYSA Home S\u00e0rl\",\"description\":\"\",\"publisher\":{\"@id\":\"https:\\\/\\\/mysa-home.ch\\\/#organization\"},\"potentialAction\":[{\"@type\":\"SearchAction\",\"target\":{\"@type\":\"EntryPoint\",\"urlTemplate\":\"https:\\\/\\\/mysa-home.ch\\\/?s={search_term_string}\"},\"query-input\":{\"@type\":\"PropertyValueSpecification\",\"valueRequired\":true,\"valueName\":\"search_term_string\"}}],\"inLanguage\":\"de\"},{\"@type\":\"Organization\",\"@id\":\"https:\\\/\\\/mysa-home.ch\\\/#organization\",\"name\":\"MYSA Home S\u00e0rl\",\"url\":\"https:\\\/\\\/mysa-home.ch\\\/\",\"logo\":{\"@type\":\"ImageObject\",\"inLanguage\":\"de\",\"@id\":\"https:\\\/\\\/mysa-home.ch\\\/#\\\/schema\\\/logo\\\/image\\\/\",\"url\":\"https:\\\/\\\/mysa-home.ch\\\/wp-content\\\/uploads\\\/sites\\\/8\\\/2023\\\/07\\\/logo-mysahome-negatif.svg\",\"contentUrl\":\"https:\\\/\\\/mysa-home.ch\\\/wp-content\\\/uploads\\\/sites\\\/8\\\/2023\\\/07\\\/logo-mysahome-negatif.svg\",\"width\":288,\"height\":154,\"caption\":\"MYSA Home S\u00e0rl\"},\"image\":{\"@id\":\"https:\\\/\\\/mysa-home.ch\\\/#\\\/schema\\\/logo\\\/image\\\/\"}}]}<\/script>\n<!-- \/ Yoast SEO plugin. -->","yoast_head_json":{"title":"VENDU Appartement \/ bureau au coeur de Sion - MYSA Home S\u00e0rl","robots":{"index":"index","follow":"follow","max-snippet":"max-snippet:-1","max-image-preview":"max-image-preview:large","max-video-preview":"max-video-preview:-1"},"canonical":"https:\/\/mysa-home.ch\/immobilien\/1667278fr-vendu-appartement-bureau-au-coeur-de-sion\/","og_locale":"de_DE","og_type":"article","og_title":"VENDU Appartement \/ bureau au coeur de Sion - MYSA Home S\u00e0rl","og_description":"Bureau ou appartement \u00e0 transformer &#8211; au coeur de Sion (Place du Midi) Id\u00e9alement situ\u00e9 sur la Place du Midi, en plein centre-ville de Sion, cet espace offre une opportunit\u00e9 rare d&#8217;acqu\u00e9rir un bien \u00e0 fort potentiel de transformation. Actuellement configur\u00e9 en bureaux (en cours de location avec fin de bail d\u00e9j\u00e0 convenu), le bien [&hellip;]","og_url":"https:\/\/mysa-home.ch\/immobilien\/1667278fr-vendu-appartement-bureau-au-coeur-de-sion\/","og_site_name":"MYSA Home S\u00e0rl","article_modified_time":"2026-05-01T06:58:03+00:00","twitter_card":"summary_large_image","twitter_misc":{"Gesch\u00e4tzte Lesezeit":"1\u00a0Minute"},"schema":{"@context":"https:\/\/schema.org","@graph":[{"@type":"WebPage","@id":"https:\/\/mysa-home.ch\/immobilien\/1667278fr-vendu-appartement-bureau-au-coeur-de-sion\/","url":"https:\/\/mysa-home.ch\/immobilien\/1667278fr-vendu-appartement-bureau-au-coeur-de-sion\/","name":"VENDU Appartement \/ bureau au coeur de Sion - MYSA Home S\u00e0rl","isPartOf":{"@id":"https:\/\/mysa-home.ch\/#website"},"primaryImageOfPage":{"@id":"https:\/\/mysa-home.ch\/immobilien\/1667278fr-vendu-appartement-bureau-au-coeur-de-sion\/#primaryimage"},"image":{"@id":"https:\/\/mysa-home.ch\/immobilien\/1667278fr-vendu-appartement-bureau-au-coeur-de-sion\/#primaryimage"},"thumbnailUrl":"https:\/\/cdn.casasoft.com\/media\/provider-13587\/property-1667278\/eb8a95612a5aefcb8c4e61deb66e6d9e.jpeg?p=xl","datePublished":"2025-10-31T13:38:55+00:00","dateModified":"2026-05-01T06:58:03+00:00","breadcrumb":{"@id":"https:\/\/mysa-home.ch\/immobilien\/1667278fr-vendu-appartement-bureau-au-coeur-de-sion\/#breadcrumb"},"inLanguage":"de","potentialAction":[{"@type":"ReadAction","target":["https:\/\/mysa-home.ch\/immobilien\/1667278fr-vendu-appartement-bureau-au-coeur-de-sion\/"]}]},{"@type":"ImageObject","inLanguage":"de","@id":"https:\/\/mysa-home.ch\/immobilien\/1667278fr-vendu-appartement-bureau-au-coeur-de-sion\/#primaryimage","url":"https:\/\/cdn.casasoft.com\/media\/provider-13587\/property-1667278\/eb8a95612a5aefcb8c4e61deb66e6d9e.jpeg?p=xl","contentUrl":"https:\/\/cdn.casasoft.com\/media\/provider-13587\/property-1667278\/eb8a95612a5aefcb8c4e61deb66e6d9e.jpeg?p=xl"},{"@type":"BreadcrumbList","@id":"https:\/\/mysa-home.ch\/immobilien\/1667278fr-vendu-appartement-bureau-au-coeur-de-sion\/#breadcrumb","itemListElement":[{"@type":"ListItem","position":1,"name":"Startseite","item":"https:\/\/mysa-home.ch\/de\/"},{"@type":"ListItem","position":2,"name":"Immobilien","item":"https:\/\/mysa-home.ch\/immobilien\/"},{"@type":"ListItem","position":3,"name":"VENDU Appartement \/ bureau au coeur de Sion"}]},{"@type":"WebSite","@id":"https:\/\/mysa-home.ch\/#website","url":"https:\/\/mysa-home.ch\/","name":"MYSA Home S\u00e0rl","description":"","publisher":{"@id":"https:\/\/mysa-home.ch\/#organization"},"potentialAction":[{"@type":"SearchAction","target":{"@type":"EntryPoint","urlTemplate":"https:\/\/mysa-home.ch\/?s={search_term_string}"},"query-input":{"@type":"PropertyValueSpecification","valueRequired":true,"valueName":"search_term_string"}}],"inLanguage":"de"},{"@type":"Organization","@id":"https:\/\/mysa-home.ch\/#organization","name":"MYSA Home S\u00e0rl","url":"https:\/\/mysa-home.ch\/","logo":{"@type":"ImageObject","inLanguage":"de","@id":"https:\/\/mysa-home.ch\/#\/schema\/logo\/image\/","url":"https:\/\/mysa-home.ch\/wp-content\/uploads\/sites\/8\/2023\/07\/logo-mysahome-negatif.svg","contentUrl":"https:\/\/mysa-home.ch\/wp-content\/uploads\/sites\/8\/2023\/07\/logo-mysahome-negatif.svg","width":288,"height":154,"caption":"MYSA Home S\u00e0rl"},"image":{"@id":"https:\/\/mysa-home.ch\/#\/schema\/logo\/image\/"}}]}},"_links":{"self":[{"href":"https:\/\/mysa-home.ch\/de\/wp-json\/wp\/v2\/casawp_property\/64851","targetHints":{"allow":["GET"]}}],"collection":[{"href":"https:\/\/mysa-home.ch\/de\/wp-json\/wp\/v2\/casawp_property"}],"about":[{"href":"https:\/\/mysa-home.ch\/de\/wp-json\/wp\/v2\/types\/casawp_property"}],"replies":[{"embeddable":true,"href":"https:\/\/mysa-home.ch\/de\/wp-json\/wp\/v2\/comments?post=64851"}],"version-history":[{"count":0,"href":"https:\/\/mysa-home.ch\/de\/wp-json\/wp\/v2\/casawp_property\/64851\/revisions"}],"wp:featuredmedia":[{"embeddable":true,"href":"https:\/\/mysa-home.ch\/de\/wp-json\/wp\/v2\/media\/64852"}],"wp:attachment":[{"href":"https:\/\/mysa-home.ch\/de\/wp-json\/wp\/v2\/media?parent=64851"}],"wp:term":[{"taxonomy":"casawp_category","embeddable":true,"href":"https:\/\/mysa-home.ch\/de\/wp-json\/wp\/v2\/casawp_category?post=64851"},{"taxonomy":"casawp_feature","embeddable":true,"href":"https:\/\/mysa-home.ch\/de\/wp-json\/wp\/v2\/casawp_feature?post=64851"},{"taxonomy":"casawp_utility","embeddable":true,"href":"https:\/\/mysa-home.ch\/de\/wp-json\/wp\/v2\/casawp_utility?post=64851"},{"taxonomy":"casawp_location","embeddable":true,"href":"https:\/\/mysa-home.ch\/de\/wp-json\/wp\/v2\/casawp_location?post=64851"},{"taxonomy":"casawp_salestype","embeddable":true,"href":"https:\/\/mysa-home.ch\/de\/wp-json\/wp\/v2\/casawp_salestype?post=64851"},{"taxonomy":"casawp_availability","embeddable":true,"href":"https:\/\/mysa-home.ch\/de\/wp-json\/wp\/v2\/casawp_availability?post=64851"},{"taxonomy":"casawp_region","embeddable":true,"href":"https:\/\/mysa-home.ch\/de\/wp-json\/wp\/v2\/casawp_region?post=64851"}],"curies":[{"name":"wp","href":"https:\/\/api.w.org\/{rel}","templated":true}]}}