{"id":64474,"date":"2026-01-13T15:38:21","date_gmt":"2026-01-13T14:38:21","guid":{"rendered":"https:\/\/mysa-home.ch\/immobilien\/1695565de-vendu-chalet-avec-cachet-a-vendre\/"},"modified":"2026-05-01T08:25:42","modified_gmt":"2026-05-01T06:25:42","slug":"1695565de-vendu-chalet-avec-cachet-a-vendre","status":"publish","type":"casawp_property","link":"https:\/\/mysa-home.ch\/de\/immobilien\/1695565de-vendu-chalet-avec-cachet-a-vendre\/","title":{"rendered":"VENDU &#8211; Chalet avec cachet \u00e0 vendre"},"content":{"rendered":"<h2>Chalet avec cachet \u00e0 Vernami\u00e8ge<\/h2>\n<p>Situ\u00e9 dans l&#8217;\u00e9crin naturel des mayens de Vernami\u00e8ge (\u00e0 10 minutes des pistes de Mont-Noble), ce chalet en bois massif offre un cadre de vie exceptionnel, alliant charme alpin, tranquillit\u00e9 totale et nature intacte. Pens\u00e9 comme un lieu de ressourcement privil\u00e9gi\u00e9, il s\u00e9duira les amoureux de la nature \u00e0 la recherche d&#8217;un bien rare, conjuguant authenticit\u00e9, intimit\u00e9 et art de vivre en montagne.<\/p>\n<p>Cette propri\u00e9t\u00e9 dispose de 4 chambres \u00e0 l&#8217;\u00e9tage et b\u00e9n\u00e9ficie d&#8217;une distribution id\u00e9ale pour accueillir une famille en r\u00e9sidence secondaire ou principale.<\/p>\n<p>Disposition :\u00a0<br \/>Rez :\u00a0<br \/>&#8211; Grand et lumineux s\u00e9jour \/ salle \u00e0 manger avec po\u00eale \u00e0 bois<br \/>&#8211; Cuisine enti\u00e8rement \u00e9quip\u00e9e<br \/>&#8211; Salle d&#8217;eau avec douche, lavabo, W.-C., avec une petite machine \u00e0 laver le linge int\u00e9gr\u00e9e<\/p>\n<p>Etage :\u00a0<br \/>&#8211; 2 chambres doubles orient\u00e9es plein Ouest avec acc\u00e8s au balcon<br \/>&#8211; 1 chambre double<br \/>&#8211; 1 chambre avec lit simple<\/p>\n<p>Sous-sol :\u00a0<br \/>&#8211; Cave<br \/>&#8211; Local technique<\/p>\n<p>Plusieurs r\u00e9novations et am\u00e9nagements ont \u00e9t\u00e9 entreprises entre 2016 et 2022 :\u00a0<br \/>&#8211; La cuisine a \u00e9t\u00e9 enti\u00e8rement r\u00e9nov\u00e9e avec soin en 2016,\u00a0<br \/>&#8211; Le parquet en bois v\u00e9ritable install\u00e9 au rez-de-chauss\u00e9e, \u00e9galement en 2016<br \/>&#8211; Un po\u00eale \u00e0 bois Barbas install\u00e9 en 2022 (chauffage \u00e9lectrique d&#8217;appoint entre saison).<br \/>&#8211; Installation d&#8217;un robot tondeuse<\/p>\n<p>Le bien est accessible toute l&#8217;ann\u00e9e gr\u00e2ce \u00e0 une route communale quotidiennement d\u00e9neig\u00e9e. La chalet peut \u00eatre achet\u00e9 en qualit\u00e9 de r\u00e9sidence secondaire ou principale. \u00c0 seulement 20 minutes de Sion, en \u00e9t\u00e9, vous profitez de la piscine de Nax \u00e0 6 minutes, les Grands Bains d&#8217;H\u00e9r\u00e9mence \u00e0 35 minutes.<br \/>En hiver, toutes les pistes de ski environnantes font partie du Magic Pass, que ce soit celles du Mont Noble, accessibles en 10 minutes, celles de l&#8217;Espace Dent-Blanche (\u00c9vol\u00e8ne, Arolla, La Forclaz) ou encore celles de Vercorin.<\/p>\n<p>Situ\u00e9 sur une magnifique et grande parcelle de 1&#8217;781 m\u00b2 avec plusieurs terrasses, la propri\u00e9t\u00e9 b\u00e9n\u00e9ficie d&#8217;une belle intimit\u00e9, de vastes espaces ext\u00e9rieurs et d&#8217;un excellent potentiel d&#8217;am\u00e9nagement.\u00a0<br \/>Plusieurs annexes compl\u00e8tent ce bien rare \u00e0 la vente :<br \/>&#8211; Mazot en bois en madrier massif<br \/>&#8211; Divers espaces de stockage pour bois<br \/>&#8211; Cabanon de jardin<br \/>&#8211; Espace barbecue sur la terrasse Sud\u00a0<br \/>&#8211; 3 places de parc ext\u00e9rieures durant l&#8217;hiver et 4 places ext\u00e9rieures l&#8217;\u00e9t\u00e9<\/p>\n<p>Libre de suite<\/p>\n","protected":false},"excerpt":{"rendered":"<p>Chalet avec cachet \u00e0 Vernami\u00e8ge Situ\u00e9 dans l&#8217;\u00e9crin naturel des mayens de Vernami\u00e8ge (\u00e0 10 minutes des pistes de Mont-Noble), ce chalet en bois massif offre un cadre de vie exceptionnel, alliant charme alpin, tranquillit\u00e9 totale et nature intacte. Pens\u00e9 comme un lieu de ressourcement privil\u00e9gi\u00e9, il s\u00e9duira les amoureux de la nature \u00e0 la [&hellip;]<\/p>\n","protected":false},"author":0,"featured_media":64475,"parent":0,"menu_order":32,"comment_status":"closed","ping_status":"closed","template":"","meta":{"_acf_changed":false,"inline_featured_image":false,"footnotes":""},"casawp_category":[34],"casawp_feature":[13,27,37,19,29,17,38,28,35,14,15,54],"casawp_utility":[20],"casawp_location":[23,168,24],"casawp_salestype":[21],"casawp_availability":[22],"casawp_region":[],"class_list":["post-64474","casawp_property","type-casawp_property","status-publish","has-post-thumbnail","hentry","casawp_category-chalet","casawp_feature-has-balcony","casawp_feature-has-gardenhouse","casawp_feature-has-kachelofen","casawp_feature-has-mountain-view","casawp_feature-has-parking","casawp_feature-has-washing-machine","casawp_feature-is-allowed-as-secondary-residency","casawp_feature-is-animal-friendly","casawp_feature-is-child-friendly","casawp_feature-is-quiet","casawp_feature-is-sunny","casawp_feature-is-well-tended","casawp_utility-residential","casawp_location-country_ch","casawp_location-locality_vernamiege","casawp_location-region_vs","casawp_salestype-buy","casawp_availability-reference"],"acf":[],"yoast_head":"<!-- This site is optimized with the Yoast SEO plugin v27.4 - https:\/\/yoast.com\/product\/yoast-seo-wordpress\/ -->\n<title>VENDU - Chalet avec cachet \u00e0 vendre - MYSA Home S\u00e0rl<\/title>\n<meta name=\"robots\" content=\"index, follow, max-snippet:-1, max-image-preview:large, max-video-preview:-1\" \/>\n<link rel=\"canonical\" href=\"https:\/\/mysa-home.ch\/immobilien\/1695565fr-vendu-chalet-avec-cachet-a-vendre\/\" \/>\n<meta property=\"og:locale\" content=\"de_DE\" \/>\n<meta property=\"og:type\" content=\"article\" \/>\n<meta property=\"og:title\" content=\"VENDU - Chalet avec cachet \u00e0 vendre - MYSA Home S\u00e0rl\" \/>\n<meta property=\"og:description\" content=\"Chalet avec cachet \u00e0 Vernami\u00e8ge Situ\u00e9 dans l&#8217;\u00e9crin naturel des mayens de Vernami\u00e8ge (\u00e0 10 minutes des pistes de Mont-Noble), ce chalet en bois massif offre un cadre de vie exceptionnel, alliant charme alpin, tranquillit\u00e9 totale et nature intacte. Pens\u00e9 comme un lieu de ressourcement privil\u00e9gi\u00e9, il s\u00e9duira les amoureux de la nature \u00e0 la [&hellip;]\" \/>\n<meta property=\"og:url\" content=\"https:\/\/mysa-home.ch\/immobilien\/1695565fr-vendu-chalet-avec-cachet-a-vendre\/\" \/>\n<meta property=\"og:site_name\" content=\"MYSA Home S\u00e0rl\" \/>\n<meta property=\"article:modified_time\" content=\"2026-05-01T06:25:42+00:00\" \/>\n<meta name=\"twitter:card\" content=\"summary_large_image\" \/>\n<meta name=\"twitter:label1\" content=\"Gesch\u00e4tzte Lesezeit\" \/>\n\t<meta name=\"twitter:data1\" content=\"2\u00a0Minuten\" \/>\n<script type=\"application\/ld+json\" class=\"yoast-schema-graph\">{\"@context\":\"https:\\\/\\\/schema.org\",\"@graph\":[{\"@type\":\"WebPage\",\"@id\":\"https:\\\/\\\/mysa-home.ch\\\/immobilien\\\/1695565fr-vendu-chalet-avec-cachet-a-vendre\\\/\",\"url\":\"https:\\\/\\\/mysa-home.ch\\\/immobilien\\\/1695565fr-vendu-chalet-avec-cachet-a-vendre\\\/\",\"name\":\"VENDU - Chalet avec cachet \u00e0 vendre - MYSA Home S\u00e0rl\",\"isPartOf\":{\"@id\":\"https:\\\/\\\/mysa-home.ch\\\/#website\"},\"primaryImageOfPage\":{\"@id\":\"https:\\\/\\\/mysa-home.ch\\\/immobilien\\\/1695565fr-vendu-chalet-avec-cachet-a-vendre\\\/#primaryimage\"},\"image\":{\"@id\":\"https:\\\/\\\/mysa-home.ch\\\/immobilien\\\/1695565fr-vendu-chalet-avec-cachet-a-vendre\\\/#primaryimage\"},\"thumbnailUrl\":\"https:\\\/\\\/cdn.casasoft.com\\\/media\\\/provider-13587\\\/property-1695565\\\/4686bb5768d4b0e0265a6a2f0e3dd33b.jpeg?p=xl\",\"datePublished\":\"2026-01-13T14:38:21+00:00\",\"dateModified\":\"2026-05-01T06:25:42+00:00\",\"breadcrumb\":{\"@id\":\"https:\\\/\\\/mysa-home.ch\\\/immobilien\\\/1695565fr-vendu-chalet-avec-cachet-a-vendre\\\/#breadcrumb\"},\"inLanguage\":\"de\",\"potentialAction\":[{\"@type\":\"ReadAction\",\"target\":[\"https:\\\/\\\/mysa-home.ch\\\/immobilien\\\/1695565fr-vendu-chalet-avec-cachet-a-vendre\\\/\"]}]},{\"@type\":\"ImageObject\",\"inLanguage\":\"de\",\"@id\":\"https:\\\/\\\/mysa-home.ch\\\/immobilien\\\/1695565fr-vendu-chalet-avec-cachet-a-vendre\\\/#primaryimage\",\"url\":\"https:\\\/\\\/cdn.casasoft.com\\\/media\\\/provider-13587\\\/property-1695565\\\/4686bb5768d4b0e0265a6a2f0e3dd33b.jpeg?p=xl\",\"contentUrl\":\"https:\\\/\\\/cdn.casasoft.com\\\/media\\\/provider-13587\\\/property-1695565\\\/4686bb5768d4b0e0265a6a2f0e3dd33b.jpeg?p=xl\"},{\"@type\":\"BreadcrumbList\",\"@id\":\"https:\\\/\\\/mysa-home.ch\\\/immobilien\\\/1695565fr-vendu-chalet-avec-cachet-a-vendre\\\/#breadcrumb\",\"itemListElement\":[{\"@type\":\"ListItem\",\"position\":1,\"name\":\"Startseite\",\"item\":\"https:\\\/\\\/mysa-home.ch\\\/de\\\/\"},{\"@type\":\"ListItem\",\"position\":2,\"name\":\"Immobilien\",\"item\":\"https:\\\/\\\/mysa-home.ch\\\/immobilien\\\/\"},{\"@type\":\"ListItem\",\"position\":3,\"name\":\"VENDU &#8211; Chalet avec cachet \u00e0 vendre\"}]},{\"@type\":\"WebSite\",\"@id\":\"https:\\\/\\\/mysa-home.ch\\\/#website\",\"url\":\"https:\\\/\\\/mysa-home.ch\\\/\",\"name\":\"MYSA Home S\u00e0rl\",\"description\":\"\",\"publisher\":{\"@id\":\"https:\\\/\\\/mysa-home.ch\\\/#organization\"},\"potentialAction\":[{\"@type\":\"SearchAction\",\"target\":{\"@type\":\"EntryPoint\",\"urlTemplate\":\"https:\\\/\\\/mysa-home.ch\\\/?s={search_term_string}\"},\"query-input\":{\"@type\":\"PropertyValueSpecification\",\"valueRequired\":true,\"valueName\":\"search_term_string\"}}],\"inLanguage\":\"de\"},{\"@type\":\"Organization\",\"@id\":\"https:\\\/\\\/mysa-home.ch\\\/#organization\",\"name\":\"MYSA Home S\u00e0rl\",\"url\":\"https:\\\/\\\/mysa-home.ch\\\/\",\"logo\":{\"@type\":\"ImageObject\",\"inLanguage\":\"de\",\"@id\":\"https:\\\/\\\/mysa-home.ch\\\/#\\\/schema\\\/logo\\\/image\\\/\",\"url\":\"https:\\\/\\\/mysa-home.ch\\\/wp-content\\\/uploads\\\/sites\\\/8\\\/2023\\\/07\\\/logo-mysahome-negatif.svg\",\"contentUrl\":\"https:\\\/\\\/mysa-home.ch\\\/wp-content\\\/uploads\\\/sites\\\/8\\\/2023\\\/07\\\/logo-mysahome-negatif.svg\",\"width\":288,\"height\":154,\"caption\":\"MYSA Home S\u00e0rl\"},\"image\":{\"@id\":\"https:\\\/\\\/mysa-home.ch\\\/#\\\/schema\\\/logo\\\/image\\\/\"}}]}<\/script>\n<!-- \/ Yoast SEO plugin. -->","yoast_head_json":{"title":"VENDU - Chalet avec cachet \u00e0 vendre - MYSA Home S\u00e0rl","robots":{"index":"index","follow":"follow","max-snippet":"max-snippet:-1","max-image-preview":"max-image-preview:large","max-video-preview":"max-video-preview:-1"},"canonical":"https:\/\/mysa-home.ch\/immobilien\/1695565fr-vendu-chalet-avec-cachet-a-vendre\/","og_locale":"de_DE","og_type":"article","og_title":"VENDU - Chalet avec cachet \u00e0 vendre - MYSA Home S\u00e0rl","og_description":"Chalet avec cachet \u00e0 Vernami\u00e8ge Situ\u00e9 dans l&#8217;\u00e9crin naturel des mayens de Vernami\u00e8ge (\u00e0 10 minutes des pistes de Mont-Noble), ce chalet en bois massif offre un cadre de vie exceptionnel, alliant charme alpin, tranquillit\u00e9 totale et nature intacte. Pens\u00e9 comme un lieu de ressourcement privil\u00e9gi\u00e9, il s\u00e9duira les amoureux de la nature \u00e0 la [&hellip;]","og_url":"https:\/\/mysa-home.ch\/immobilien\/1695565fr-vendu-chalet-avec-cachet-a-vendre\/","og_site_name":"MYSA Home S\u00e0rl","article_modified_time":"2026-05-01T06:25:42+00:00","twitter_card":"summary_large_image","twitter_misc":{"Gesch\u00e4tzte Lesezeit":"2\u00a0Minuten"},"schema":{"@context":"https:\/\/schema.org","@graph":[{"@type":"WebPage","@id":"https:\/\/mysa-home.ch\/immobilien\/1695565fr-vendu-chalet-avec-cachet-a-vendre\/","url":"https:\/\/mysa-home.ch\/immobilien\/1695565fr-vendu-chalet-avec-cachet-a-vendre\/","name":"VENDU - Chalet avec cachet \u00e0 vendre - MYSA Home S\u00e0rl","isPartOf":{"@id":"https:\/\/mysa-home.ch\/#website"},"primaryImageOfPage":{"@id":"https:\/\/mysa-home.ch\/immobilien\/1695565fr-vendu-chalet-avec-cachet-a-vendre\/#primaryimage"},"image":{"@id":"https:\/\/mysa-home.ch\/immobilien\/1695565fr-vendu-chalet-avec-cachet-a-vendre\/#primaryimage"},"thumbnailUrl":"https:\/\/cdn.casasoft.com\/media\/provider-13587\/property-1695565\/4686bb5768d4b0e0265a6a2f0e3dd33b.jpeg?p=xl","datePublished":"2026-01-13T14:38:21+00:00","dateModified":"2026-05-01T06:25:42+00:00","breadcrumb":{"@id":"https:\/\/mysa-home.ch\/immobilien\/1695565fr-vendu-chalet-avec-cachet-a-vendre\/#breadcrumb"},"inLanguage":"de","potentialAction":[{"@type":"ReadAction","target":["https:\/\/mysa-home.ch\/immobilien\/1695565fr-vendu-chalet-avec-cachet-a-vendre\/"]}]},{"@type":"ImageObject","inLanguage":"de","@id":"https:\/\/mysa-home.ch\/immobilien\/1695565fr-vendu-chalet-avec-cachet-a-vendre\/#primaryimage","url":"https:\/\/cdn.casasoft.com\/media\/provider-13587\/property-1695565\/4686bb5768d4b0e0265a6a2f0e3dd33b.jpeg?p=xl","contentUrl":"https:\/\/cdn.casasoft.com\/media\/provider-13587\/property-1695565\/4686bb5768d4b0e0265a6a2f0e3dd33b.jpeg?p=xl"},{"@type":"BreadcrumbList","@id":"https:\/\/mysa-home.ch\/immobilien\/1695565fr-vendu-chalet-avec-cachet-a-vendre\/#breadcrumb","itemListElement":[{"@type":"ListItem","position":1,"name":"Startseite","item":"https:\/\/mysa-home.ch\/de\/"},{"@type":"ListItem","position":2,"name":"Immobilien","item":"https:\/\/mysa-home.ch\/immobilien\/"},{"@type":"ListItem","position":3,"name":"VENDU &#8211; Chalet avec cachet \u00e0 vendre"}]},{"@type":"WebSite","@id":"https:\/\/mysa-home.ch\/#website","url":"https:\/\/mysa-home.ch\/","name":"MYSA Home S\u00e0rl","description":"","publisher":{"@id":"https:\/\/mysa-home.ch\/#organization"},"potentialAction":[{"@type":"SearchAction","target":{"@type":"EntryPoint","urlTemplate":"https:\/\/mysa-home.ch\/?s={search_term_string}"},"query-input":{"@type":"PropertyValueSpecification","valueRequired":true,"valueName":"search_term_string"}}],"inLanguage":"de"},{"@type":"Organization","@id":"https:\/\/mysa-home.ch\/#organization","name":"MYSA Home S\u00e0rl","url":"https:\/\/mysa-home.ch\/","logo":{"@type":"ImageObject","inLanguage":"de","@id":"https:\/\/mysa-home.ch\/#\/schema\/logo\/image\/","url":"https:\/\/mysa-home.ch\/wp-content\/uploads\/sites\/8\/2023\/07\/logo-mysahome-negatif.svg","contentUrl":"https:\/\/mysa-home.ch\/wp-content\/uploads\/sites\/8\/2023\/07\/logo-mysahome-negatif.svg","width":288,"height":154,"caption":"MYSA Home S\u00e0rl"},"image":{"@id":"https:\/\/mysa-home.ch\/#\/schema\/logo\/image\/"}}]}},"_links":{"self":[{"href":"https:\/\/mysa-home.ch\/de\/wp-json\/wp\/v2\/casawp_property\/64474","targetHints":{"allow":["GET"]}}],"collection":[{"href":"https:\/\/mysa-home.ch\/de\/wp-json\/wp\/v2\/casawp_property"}],"about":[{"href":"https:\/\/mysa-home.ch\/de\/wp-json\/wp\/v2\/types\/casawp_property"}],"replies":[{"embeddable":true,"href":"https:\/\/mysa-home.ch\/de\/wp-json\/wp\/v2\/comments?post=64474"}],"version-history":[{"count":0,"href":"https:\/\/mysa-home.ch\/de\/wp-json\/wp\/v2\/casawp_property\/64474\/revisions"}],"wp:featuredmedia":[{"embeddable":true,"href":"https:\/\/mysa-home.ch\/de\/wp-json\/wp\/v2\/media\/64475"}],"wp:attachment":[{"href":"https:\/\/mysa-home.ch\/de\/wp-json\/wp\/v2\/media?parent=64474"}],"wp:term":[{"taxonomy":"casawp_category","embeddable":true,"href":"https:\/\/mysa-home.ch\/de\/wp-json\/wp\/v2\/casawp_category?post=64474"},{"taxonomy":"casawp_feature","embeddable":true,"href":"https:\/\/mysa-home.ch\/de\/wp-json\/wp\/v2\/casawp_feature?post=64474"},{"taxonomy":"casawp_utility","embeddable":true,"href":"https:\/\/mysa-home.ch\/de\/wp-json\/wp\/v2\/casawp_utility?post=64474"},{"taxonomy":"casawp_location","embeddable":true,"href":"https:\/\/mysa-home.ch\/de\/wp-json\/wp\/v2\/casawp_location?post=64474"},{"taxonomy":"casawp_salestype","embeddable":true,"href":"https:\/\/mysa-home.ch\/de\/wp-json\/wp\/v2\/casawp_salestype?post=64474"},{"taxonomy":"casawp_availability","embeddable":true,"href":"https:\/\/mysa-home.ch\/de\/wp-json\/wp\/v2\/casawp_availability?post=64474"},{"taxonomy":"casawp_region","embeddable":true,"href":"https:\/\/mysa-home.ch\/de\/wp-json\/wp\/v2\/casawp_region?post=64474"}],"curies":[{"name":"wp","href":"https:\/\/api.w.org\/{rel}","templated":true}]}}