{"id":64288,"date":"2026-03-17T16:26:14","date_gmt":"2026-03-17T15:26:14","guid":{"rendered":"https:\/\/mysa-home.ch\/immobilien\/1723488de-villa-individuelle-a-vendre-au-coeur-de-sierre\/"},"modified":"2026-04-29T07:57:00","modified_gmt":"2026-04-29T05:57:00","slug":"1723488de-villa-individuelle-a-vendre-au-coeur-de-sierre","status":"publish","type":"casawp_property","link":"https:\/\/mysa-home.ch\/de\/immobilien\/1723488de-villa-individuelle-a-vendre-au-coeur-de-sierre\/","title":{"rendered":"Villa individuelle \u00e0 vendre au coeur de Sierre"},"content":{"rendered":"<h2>\u00c0 VENDRE &#8211; Villa familiale au coeur de Sierre<\/h2>\n<p>Id\u00e9alement situ\u00e9e dans un quartier r\u00e9sidentiel calme et recherch\u00e9, \u00e0 proximit\u00e9 imm\u00e9diate de toutes les commodit\u00e9s (\u00e9coles, commerces, transports, services), cette charmante villa familiale offre un cadre de vie privil\u00e9gi\u00e9 alliant tranquillit\u00e9 et praticit\u00e9.<\/p>\n<p>\u00c9difi\u00e9e sur une belle parcelle de 781 m\u00b2, en zone de densit\u00e9 0,7, la propri\u00e9t\u00e9 b\u00e9n\u00e9ficie d&#8217;un fort potentiel tout en offrant d\u00e9j\u00e0 des espaces g\u00e9n\u00e9reux et fonctionnels.<\/p>\n<p>Des espaces de vie lumineux et chaleureux<br \/>Partiellement r\u00e9nov\u00e9e avec go\u00fbt, la maison s\u00e9duit par son atmosph\u00e8re accueillante.<\/p>\n<p>Elle dispose notamment d&#8217;une tr\u00e8s grande pi\u00e8ce \u00e0 vivre baign\u00e9e de lumi\u00e8re naturelle, offrant de beaux volumes et une ambiance conviviale. Agr\u00e9ment\u00e9e d&#8217;une chemin\u00e9e, elle constitue le coeur chaleureux de la maison, id\u00e9ale pour les moments en famille ou entre amis.<\/p>\n<p>La villa se compose \u00e9galement de :<br \/>Rez :\u00a0<br \/>&#8211; Entr\u00e9e avec dressing<br \/>&#8211; W.-C. de jour<br \/>&#8211; Espace colonne de lavage<br \/>&#8211; Cuisine am\u00e9nag\u00e9e<br \/>&#8211; Vaste et lumineux s\u00e9jour avec chemin\u00e9e<br \/>&#8211; V\u00e9randa plein Sud avec oranger\u00a0<\/p>\n<p>Etage :<br \/>&#8211; 2 chambres enfant avec mezzanines<br \/>&#8211; Suite parentale avec salle de bains<br \/>&#8211; Salle d&#8217;eau pour enfants<\/p>\n<p>Sous-sol :\u00a0<br \/>&#8211; local chauffage \u00e0 gaz<br \/>&#8211; abri PC \/ cave<br \/>&#8211; cave<\/p>\n<p>Annexes :\u00a0<br \/>&#8211; garage<br \/>&#8211; 2 places de parc ext\u00e9rieures<br \/>\u00a0<br \/>Un ext\u00e9rieur exceptionnel<br \/>Le magnifique jardin arboris\u00e9, soigneusement entretenu, constitue un v\u00e9ritable havre de paix.<br \/>Un charmant jardin d&#8217;hiver accueille un oranger produisant de d\u00e9licieuses oranges comestibles, apportant une touche m\u00e9diterran\u00e9enne unique \u00e0 la propri\u00e9t\u00e9.<\/p>\n<p>Environnement calme et r\u00e9sidentiel<br \/>Proximit\u00e9 imm\u00e9diate du centre-ville<br \/>Cette villa repr\u00e9sente une opportunit\u00e9 rare pour une famille \u00e0 la recherche d&#8217;un bien de qualit\u00e9, avec du cachet, de beaux volumes et un potentiel d&#8217;\u00e9volution int\u00e9ressant, le tout dans un emplacement privil\u00e9gi\u00e9 au coeur de Sierre.<\/p>\n<p>Pour toute information compl\u00e9mentaire ou organisation d&#8217;une visite, nous nous tenons \u00e0 votre disposition.<\/p>\n","protected":false},"excerpt":{"rendered":"<p>\u00c0 VENDRE &#8211; Villa familiale au coeur de Sierre Id\u00e9alement situ\u00e9e dans un quartier r\u00e9sidentiel calme et recherch\u00e9, \u00e0 proximit\u00e9 imm\u00e9diate de toutes les commodit\u00e9s (\u00e9coles, commerces, transports, services), cette charmante villa familiale offre un cadre de vie privil\u00e9gi\u00e9 alliant tranquillit\u00e9 et praticit\u00e9. \u00c9difi\u00e9e sur une belle parcelle de 781 m\u00b2, en zone de densit\u00e9 [&hellip;]<\/p>\n","protected":false},"author":0,"featured_media":64289,"parent":0,"menu_order":42,"comment_status":"closed","ping_status":"closed","template":"","meta":{"_acf_changed":false,"inline_featured_image":false,"footnotes":""},"casawp_category":[72,56],"casawp_feature":[13,55,16,19,29,38,28,35,31,14,15,54],"casawp_utility":[20],"casawp_location":[23,87,24],"casawp_salestype":[21],"casawp_availability":[32],"casawp_region":[],"class_list":["post-64288","casawp_property","type-casawp_property","status-publish","has-post-thumbnail","hentry","casawp_category-house","casawp_category-villa","casawp_feature-has-balcony","casawp_feature-has-fireplace","casawp_feature-has-garage","casawp_feature-has-mountain-view","casawp_feature-has-parking","casawp_feature-is-allowed-as-secondary-residency","casawp_feature-is-animal-friendly","casawp_feature-is-child-friendly","casawp_feature-is-only-allowed-as-primary-residency","casawp_feature-is-quiet","casawp_feature-is-sunny","casawp_feature-is-well-tended","casawp_utility-residential","casawp_location-country_ch","casawp_location-locality_sierre","casawp_location-region_vs","casawp_salestype-buy","casawp_availability-active"],"acf":[],"yoast_head":"<!-- This site is optimized with the Yoast SEO plugin v27.4 - https:\/\/yoast.com\/product\/yoast-seo-wordpress\/ -->\n<title>Villa individuelle \u00e0 vendre au coeur de Sierre - MYSA Home S\u00e0rl<\/title>\n<meta name=\"robots\" content=\"index, follow, max-snippet:-1, max-image-preview:large, max-video-preview:-1\" \/>\n<link rel=\"canonical\" href=\"https:\/\/mysa-home.ch\/immobilien\/1723488fr-villa-individuelle-a-vendre-au-coeur-de-sierre\/\" \/>\n<meta property=\"og:locale\" content=\"de_DE\" \/>\n<meta property=\"og:type\" content=\"article\" \/>\n<meta property=\"og:title\" content=\"Villa individuelle \u00e0 vendre au coeur de Sierre - MYSA Home S\u00e0rl\" \/>\n<meta property=\"og:description\" content=\"\u00c0 VENDRE &#8211; Villa familiale au coeur de Sierre Id\u00e9alement situ\u00e9e dans un quartier r\u00e9sidentiel calme et recherch\u00e9, \u00e0 proximit\u00e9 imm\u00e9diate de toutes les commodit\u00e9s (\u00e9coles, commerces, transports, services), cette charmante villa familiale offre un cadre de vie privil\u00e9gi\u00e9 alliant tranquillit\u00e9 et praticit\u00e9. \u00c9difi\u00e9e sur une belle parcelle de 781 m\u00b2, en zone de densit\u00e9 [&hellip;]\" \/>\n<meta property=\"og:url\" content=\"https:\/\/mysa-home.ch\/immobilien\/1723488fr-villa-individuelle-a-vendre-au-coeur-de-sierre\/\" \/>\n<meta property=\"og:site_name\" content=\"MYSA Home S\u00e0rl\" \/>\n<meta property=\"article:modified_time\" content=\"2026-04-29T05:57:00+00:00\" \/>\n<meta name=\"twitter:card\" content=\"summary_large_image\" \/>\n<meta name=\"twitter:label1\" content=\"Gesch\u00e4tzte Lesezeit\" \/>\n\t<meta name=\"twitter:data1\" content=\"2\u00a0Minuten\" \/>\n<script type=\"application\/ld+json\" class=\"yoast-schema-graph\">{\"@context\":\"https:\\\/\\\/schema.org\",\"@graph\":[{\"@type\":\"WebPage\",\"@id\":\"https:\\\/\\\/mysa-home.ch\\\/immobilien\\\/1723488fr-villa-individuelle-a-vendre-au-coeur-de-sierre\\\/\",\"url\":\"https:\\\/\\\/mysa-home.ch\\\/immobilien\\\/1723488fr-villa-individuelle-a-vendre-au-coeur-de-sierre\\\/\",\"name\":\"Villa individuelle \u00e0 vendre au coeur de Sierre - MYSA Home S\u00e0rl\",\"isPartOf\":{\"@id\":\"https:\\\/\\\/mysa-home.ch\\\/#website\"},\"primaryImageOfPage\":{\"@id\":\"https:\\\/\\\/mysa-home.ch\\\/immobilien\\\/1723488fr-villa-individuelle-a-vendre-au-coeur-de-sierre\\\/#primaryimage\"},\"image\":{\"@id\":\"https:\\\/\\\/mysa-home.ch\\\/immobilien\\\/1723488fr-villa-individuelle-a-vendre-au-coeur-de-sierre\\\/#primaryimage\"},\"thumbnailUrl\":\"https:\\\/\\\/cdn.casasoft.com\\\/media\\\/provider-13587\\\/property-1723488\\\/fb58ec365bb2671468e952240f1f9a77.jpeg?p=xl\",\"datePublished\":\"2026-03-17T15:26:14+00:00\",\"dateModified\":\"2026-04-29T05:57:00+00:00\",\"breadcrumb\":{\"@id\":\"https:\\\/\\\/mysa-home.ch\\\/immobilien\\\/1723488fr-villa-individuelle-a-vendre-au-coeur-de-sierre\\\/#breadcrumb\"},\"inLanguage\":\"de\",\"potentialAction\":[{\"@type\":\"ReadAction\",\"target\":[\"https:\\\/\\\/mysa-home.ch\\\/immobilien\\\/1723488fr-villa-individuelle-a-vendre-au-coeur-de-sierre\\\/\"]}]},{\"@type\":\"ImageObject\",\"inLanguage\":\"de\",\"@id\":\"https:\\\/\\\/mysa-home.ch\\\/immobilien\\\/1723488fr-villa-individuelle-a-vendre-au-coeur-de-sierre\\\/#primaryimage\",\"url\":\"https:\\\/\\\/cdn.casasoft.com\\\/media\\\/provider-13587\\\/property-1723488\\\/fb58ec365bb2671468e952240f1f9a77.jpeg?p=xl\",\"contentUrl\":\"https:\\\/\\\/cdn.casasoft.com\\\/media\\\/provider-13587\\\/property-1723488\\\/fb58ec365bb2671468e952240f1f9a77.jpeg?p=xl\"},{\"@type\":\"BreadcrumbList\",\"@id\":\"https:\\\/\\\/mysa-home.ch\\\/immobilien\\\/1723488fr-villa-individuelle-a-vendre-au-coeur-de-sierre\\\/#breadcrumb\",\"itemListElement\":[{\"@type\":\"ListItem\",\"position\":1,\"name\":\"Startseite\",\"item\":\"https:\\\/\\\/mysa-home.ch\\\/de\\\/\"},{\"@type\":\"ListItem\",\"position\":2,\"name\":\"Immobilien\",\"item\":\"https:\\\/\\\/mysa-home.ch\\\/immobilien\\\/\"},{\"@type\":\"ListItem\",\"position\":3,\"name\":\"Villa individuelle \u00e0 vendre au coeur de Sierre\"}]},{\"@type\":\"WebSite\",\"@id\":\"https:\\\/\\\/mysa-home.ch\\\/#website\",\"url\":\"https:\\\/\\\/mysa-home.ch\\\/\",\"name\":\"MYSA Home S\u00e0rl\",\"description\":\"\",\"publisher\":{\"@id\":\"https:\\\/\\\/mysa-home.ch\\\/#organization\"},\"potentialAction\":[{\"@type\":\"SearchAction\",\"target\":{\"@type\":\"EntryPoint\",\"urlTemplate\":\"https:\\\/\\\/mysa-home.ch\\\/?s={search_term_string}\"},\"query-input\":{\"@type\":\"PropertyValueSpecification\",\"valueRequired\":true,\"valueName\":\"search_term_string\"}}],\"inLanguage\":\"de\"},{\"@type\":\"Organization\",\"@id\":\"https:\\\/\\\/mysa-home.ch\\\/#organization\",\"name\":\"MYSA Home S\u00e0rl\",\"url\":\"https:\\\/\\\/mysa-home.ch\\\/\",\"logo\":{\"@type\":\"ImageObject\",\"inLanguage\":\"de\",\"@id\":\"https:\\\/\\\/mysa-home.ch\\\/#\\\/schema\\\/logo\\\/image\\\/\",\"url\":\"https:\\\/\\\/mysa-home.ch\\\/wp-content\\\/uploads\\\/sites\\\/8\\\/2023\\\/07\\\/logo-mysahome-negatif.svg\",\"contentUrl\":\"https:\\\/\\\/mysa-home.ch\\\/wp-content\\\/uploads\\\/sites\\\/8\\\/2023\\\/07\\\/logo-mysahome-negatif.svg\",\"width\":288,\"height\":154,\"caption\":\"MYSA Home S\u00e0rl\"},\"image\":{\"@id\":\"https:\\\/\\\/mysa-home.ch\\\/#\\\/schema\\\/logo\\\/image\\\/\"}}]}<\/script>\n<!-- \/ Yoast SEO plugin. -->","yoast_head_json":{"title":"Villa individuelle \u00e0 vendre au coeur de Sierre - MYSA Home S\u00e0rl","robots":{"index":"index","follow":"follow","max-snippet":"max-snippet:-1","max-image-preview":"max-image-preview:large","max-video-preview":"max-video-preview:-1"},"canonical":"https:\/\/mysa-home.ch\/immobilien\/1723488fr-villa-individuelle-a-vendre-au-coeur-de-sierre\/","og_locale":"de_DE","og_type":"article","og_title":"Villa individuelle \u00e0 vendre au coeur de Sierre - MYSA Home S\u00e0rl","og_description":"\u00c0 VENDRE &#8211; Villa familiale au coeur de Sierre Id\u00e9alement situ\u00e9e dans un quartier r\u00e9sidentiel calme et recherch\u00e9, \u00e0 proximit\u00e9 imm\u00e9diate de toutes les commodit\u00e9s (\u00e9coles, commerces, transports, services), cette charmante villa familiale offre un cadre de vie privil\u00e9gi\u00e9 alliant tranquillit\u00e9 et praticit\u00e9. \u00c9difi\u00e9e sur une belle parcelle de 781 m\u00b2, en zone de densit\u00e9 [&hellip;]","og_url":"https:\/\/mysa-home.ch\/immobilien\/1723488fr-villa-individuelle-a-vendre-au-coeur-de-sierre\/","og_site_name":"MYSA Home S\u00e0rl","article_modified_time":"2026-04-29T05:57:00+00:00","twitter_card":"summary_large_image","twitter_misc":{"Gesch\u00e4tzte Lesezeit":"2\u00a0Minuten"},"schema":{"@context":"https:\/\/schema.org","@graph":[{"@type":"WebPage","@id":"https:\/\/mysa-home.ch\/immobilien\/1723488fr-villa-individuelle-a-vendre-au-coeur-de-sierre\/","url":"https:\/\/mysa-home.ch\/immobilien\/1723488fr-villa-individuelle-a-vendre-au-coeur-de-sierre\/","name":"Villa individuelle \u00e0 vendre au coeur de Sierre - MYSA Home S\u00e0rl","isPartOf":{"@id":"https:\/\/mysa-home.ch\/#website"},"primaryImageOfPage":{"@id":"https:\/\/mysa-home.ch\/immobilien\/1723488fr-villa-individuelle-a-vendre-au-coeur-de-sierre\/#primaryimage"},"image":{"@id":"https:\/\/mysa-home.ch\/immobilien\/1723488fr-villa-individuelle-a-vendre-au-coeur-de-sierre\/#primaryimage"},"thumbnailUrl":"https:\/\/cdn.casasoft.com\/media\/provider-13587\/property-1723488\/fb58ec365bb2671468e952240f1f9a77.jpeg?p=xl","datePublished":"2026-03-17T15:26:14+00:00","dateModified":"2026-04-29T05:57:00+00:00","breadcrumb":{"@id":"https:\/\/mysa-home.ch\/immobilien\/1723488fr-villa-individuelle-a-vendre-au-coeur-de-sierre\/#breadcrumb"},"inLanguage":"de","potentialAction":[{"@type":"ReadAction","target":["https:\/\/mysa-home.ch\/immobilien\/1723488fr-villa-individuelle-a-vendre-au-coeur-de-sierre\/"]}]},{"@type":"ImageObject","inLanguage":"de","@id":"https:\/\/mysa-home.ch\/immobilien\/1723488fr-villa-individuelle-a-vendre-au-coeur-de-sierre\/#primaryimage","url":"https:\/\/cdn.casasoft.com\/media\/provider-13587\/property-1723488\/fb58ec365bb2671468e952240f1f9a77.jpeg?p=xl","contentUrl":"https:\/\/cdn.casasoft.com\/media\/provider-13587\/property-1723488\/fb58ec365bb2671468e952240f1f9a77.jpeg?p=xl"},{"@type":"BreadcrumbList","@id":"https:\/\/mysa-home.ch\/immobilien\/1723488fr-villa-individuelle-a-vendre-au-coeur-de-sierre\/#breadcrumb","itemListElement":[{"@type":"ListItem","position":1,"name":"Startseite","item":"https:\/\/mysa-home.ch\/de\/"},{"@type":"ListItem","position":2,"name":"Immobilien","item":"https:\/\/mysa-home.ch\/immobilien\/"},{"@type":"ListItem","position":3,"name":"Villa individuelle \u00e0 vendre au coeur de Sierre"}]},{"@type":"WebSite","@id":"https:\/\/mysa-home.ch\/#website","url":"https:\/\/mysa-home.ch\/","name":"MYSA Home S\u00e0rl","description":"","publisher":{"@id":"https:\/\/mysa-home.ch\/#organization"},"potentialAction":[{"@type":"SearchAction","target":{"@type":"EntryPoint","urlTemplate":"https:\/\/mysa-home.ch\/?s={search_term_string}"},"query-input":{"@type":"PropertyValueSpecification","valueRequired":true,"valueName":"search_term_string"}}],"inLanguage":"de"},{"@type":"Organization","@id":"https:\/\/mysa-home.ch\/#organization","name":"MYSA Home S\u00e0rl","url":"https:\/\/mysa-home.ch\/","logo":{"@type":"ImageObject","inLanguage":"de","@id":"https:\/\/mysa-home.ch\/#\/schema\/logo\/image\/","url":"https:\/\/mysa-home.ch\/wp-content\/uploads\/sites\/8\/2023\/07\/logo-mysahome-negatif.svg","contentUrl":"https:\/\/mysa-home.ch\/wp-content\/uploads\/sites\/8\/2023\/07\/logo-mysahome-negatif.svg","width":288,"height":154,"caption":"MYSA Home S\u00e0rl"},"image":{"@id":"https:\/\/mysa-home.ch\/#\/schema\/logo\/image\/"}}]}},"_links":{"self":[{"href":"https:\/\/mysa-home.ch\/de\/wp-json\/wp\/v2\/casawp_property\/64288","targetHints":{"allow":["GET"]}}],"collection":[{"href":"https:\/\/mysa-home.ch\/de\/wp-json\/wp\/v2\/casawp_property"}],"about":[{"href":"https:\/\/mysa-home.ch\/de\/wp-json\/wp\/v2\/types\/casawp_property"}],"replies":[{"embeddable":true,"href":"https:\/\/mysa-home.ch\/de\/wp-json\/wp\/v2\/comments?post=64288"}],"version-history":[{"count":0,"href":"https:\/\/mysa-home.ch\/de\/wp-json\/wp\/v2\/casawp_property\/64288\/revisions"}],"wp:featuredmedia":[{"embeddable":true,"href":"https:\/\/mysa-home.ch\/de\/wp-json\/wp\/v2\/media\/64289"}],"wp:attachment":[{"href":"https:\/\/mysa-home.ch\/de\/wp-json\/wp\/v2\/media?parent=64288"}],"wp:term":[{"taxonomy":"casawp_category","embeddable":true,"href":"https:\/\/mysa-home.ch\/de\/wp-json\/wp\/v2\/casawp_category?post=64288"},{"taxonomy":"casawp_feature","embeddable":true,"href":"https:\/\/mysa-home.ch\/de\/wp-json\/wp\/v2\/casawp_feature?post=64288"},{"taxonomy":"casawp_utility","embeddable":true,"href":"https:\/\/mysa-home.ch\/de\/wp-json\/wp\/v2\/casawp_utility?post=64288"},{"taxonomy":"casawp_location","embeddable":true,"href":"https:\/\/mysa-home.ch\/de\/wp-json\/wp\/v2\/casawp_location?post=64288"},{"taxonomy":"casawp_salestype","embeddable":true,"href":"https:\/\/mysa-home.ch\/de\/wp-json\/wp\/v2\/casawp_salestype?post=64288"},{"taxonomy":"casawp_availability","embeddable":true,"href":"https:\/\/mysa-home.ch\/de\/wp-json\/wp\/v2\/casawp_availability?post=64288"},{"taxonomy":"casawp_region","embeddable":true,"href":"https:\/\/mysa-home.ch\/de\/wp-json\/wp\/v2\/casawp_region?post=64288"}],"curies":[{"name":"wp","href":"https:\/\/api.w.org\/{rel}","templated":true}]}}