{"id":64036,"date":"2026-02-23T15:14:46","date_gmt":"2026-02-23T14:14:46","guid":{"rendered":"https:\/\/mysa-home.ch\/immobilien\/1713479de-vendu-terrain-a-batir-au-coeur-de-conthey\/"},"modified":"2026-05-01T08:57:02","modified_gmt":"2026-05-01T06:57:02","slug":"1713479de-vendu-terrain-a-batir-au-coeur-de-conthey","status":"publish","type":"casawp_property","link":"https:\/\/mysa-home.ch\/de\/immobilien\/1713479de-vendu-terrain-a-batir-au-coeur-de-conthey\/","title":{"rendered":"VENDU &#8211; Terrain \u00e0 b\u00e2tir au coeur de Conthey"},"content":{"rendered":"<h2>Rare opportunit\u00e9 &#8211; Grand terrain constructible au coeur de Conthey<\/h2>\n<p>Situ\u00e9 dans un quartier r\u00e9sidentiel calme et recherch\u00e9, ce vaste terrain offre un cadre de vie id\u00e9al \u00e0 proximit\u00e9 imm\u00e9diate de toutes les commodit\u00e9s (\u00e9coles, commerces, transports). Son emplacement privil\u00e9gi\u00e9 permet de profiter d&#8217;une magnifique vue d\u00e9gag\u00e9e sur les montagnes tout en b\u00e9n\u00e9ficiant d&#8217;un environnement agr\u00e9able familial et \u00e0 l&#8217;abris de toute nuisance.<\/p>\n<p>La parcelle pr\u00e9sente une forme rectangulaire, facilitant grandement la conception et la r\u00e9alisation de votre futur projet immobilier. Les servitudes de passage sont d\u00e9j\u00e0 constitu\u00e9es, garantissant un acc\u00e8s simple et optimal. Possibilit\u00e9 de diviser la parcelle en deux lots, offrant une flexibilit\u00e9 rare sur le march\u00e9.<\/p>\n<p>Densit\u00e9 0,3 ou 0,5 avec calcul IBUS<\/p>\n<p>R\u00e8glement communal pour cette zone :<\/p>\n<p>Art.110 ZONE RESIDENTIELLE FAIBLE DENSITE PLAINE R3<br \/>1) Cette zone est destin\u00e9e aux habitations familiales \u00e0 un ou deux logements au\u00a0plus.<br \/>2) Constructions interdites: toutes celles qui vont \u00e0 l&#8217;encontre de ce but.<br \/>3) Les bureaux et activit\u00e9s qui n&#8217;occasionnent pas de g\u00eane excessive pour le voisinage sont admis.<\/p>\n<p>Que vous souhaitiez construire une ou deux habitations, ce terrain repr\u00e9sente une occasion unique \u00e0 Conthey.<\/p>\n","protected":false},"excerpt":{"rendered":"<p>Rare opportunit\u00e9 &#8211; Grand terrain constructible au coeur de Conthey Situ\u00e9 dans un quartier r\u00e9sidentiel calme et recherch\u00e9, ce vaste terrain offre un cadre de vie id\u00e9al \u00e0 proximit\u00e9 imm\u00e9diate de toutes les commodit\u00e9s (\u00e9coles, commerces, transports). Son emplacement privil\u00e9gi\u00e9 permet de profiter d&#8217;une magnifique vue d\u00e9gag\u00e9e sur les montagnes tout en b\u00e9n\u00e9ficiant d&#8217;un environnement [&hellip;]<\/p>\n","protected":false},"author":0,"featured_media":64037,"parent":0,"menu_order":68,"comment_status":"closed","ping_status":"closed","template":"","meta":{"_acf_changed":false,"inline_featured_image":false,"footnotes":""},"casawp_category":[77,138],"casawp_feature":[19,28,35,31,14,15],"casawp_utility":[20],"casawp_location":[23,124,24],"casawp_salestype":[21],"casawp_availability":[22],"casawp_region":[],"class_list":["post-64036","casawp_property","type-casawp_property","status-publish","has-post-thumbnail","hentry","casawp_category-building-land","casawp_category-plot","casawp_feature-has-mountain-view","casawp_feature-is-animal-friendly","casawp_feature-is-child-friendly","casawp_feature-is-only-allowed-as-primary-residency","casawp_feature-is-quiet","casawp_feature-is-sunny","casawp_utility-residential","casawp_location-country_ch","casawp_location-locality_conthey","casawp_location-region_vs","casawp_salestype-buy","casawp_availability-reference"],"acf":[],"yoast_head":"<!-- This site is optimized with the Yoast SEO plugin v27.4 - https:\/\/yoast.com\/product\/yoast-seo-wordpress\/ -->\n<title>VENDU - Terrain \u00e0 b\u00e2tir au coeur de Conthey - MYSA Home S\u00e0rl<\/title>\n<meta name=\"robots\" content=\"index, follow, max-snippet:-1, max-image-preview:large, max-video-preview:-1\" \/>\n<link rel=\"canonical\" href=\"https:\/\/mysa-home.ch\/immobilien\/1713479fr-vendu-terrain-a-batir-au-coeur-de-conthey\/\" \/>\n<meta property=\"og:locale\" content=\"de_DE\" \/>\n<meta property=\"og:type\" content=\"article\" \/>\n<meta property=\"og:title\" content=\"VENDU - Terrain \u00e0 b\u00e2tir au coeur de Conthey - MYSA Home S\u00e0rl\" \/>\n<meta property=\"og:description\" content=\"Rare opportunit\u00e9 &#8211; Grand terrain constructible au coeur de Conthey Situ\u00e9 dans un quartier r\u00e9sidentiel calme et recherch\u00e9, ce vaste terrain offre un cadre de vie id\u00e9al \u00e0 proximit\u00e9 imm\u00e9diate de toutes les commodit\u00e9s (\u00e9coles, commerces, transports). Son emplacement privil\u00e9gi\u00e9 permet de profiter d&#8217;une magnifique vue d\u00e9gag\u00e9e sur les montagnes tout en b\u00e9n\u00e9ficiant d&#8217;un environnement [&hellip;]\" \/>\n<meta property=\"og:url\" content=\"https:\/\/mysa-home.ch\/immobilien\/1713479fr-vendu-terrain-a-batir-au-coeur-de-conthey\/\" \/>\n<meta property=\"og:site_name\" content=\"MYSA Home S\u00e0rl\" \/>\n<meta property=\"article:modified_time\" content=\"2026-05-01T06:57:02+00:00\" \/>\n<meta name=\"twitter:card\" content=\"summary_large_image\" \/>\n<meta name=\"twitter:label1\" content=\"Gesch\u00e4tzte Lesezeit\" \/>\n\t<meta name=\"twitter:data1\" content=\"1\u00a0Minute\" \/>\n<script type=\"application\/ld+json\" class=\"yoast-schema-graph\">{\"@context\":\"https:\\\/\\\/schema.org\",\"@graph\":[{\"@type\":\"WebPage\",\"@id\":\"https:\\\/\\\/mysa-home.ch\\\/immobilien\\\/1713479fr-vendu-terrain-a-batir-au-coeur-de-conthey\\\/\",\"url\":\"https:\\\/\\\/mysa-home.ch\\\/immobilien\\\/1713479fr-vendu-terrain-a-batir-au-coeur-de-conthey\\\/\",\"name\":\"VENDU - Terrain \u00e0 b\u00e2tir au coeur de Conthey - MYSA Home S\u00e0rl\",\"isPartOf\":{\"@id\":\"https:\\\/\\\/mysa-home.ch\\\/#website\"},\"primaryImageOfPage\":{\"@id\":\"https:\\\/\\\/mysa-home.ch\\\/immobilien\\\/1713479fr-vendu-terrain-a-batir-au-coeur-de-conthey\\\/#primaryimage\"},\"image\":{\"@id\":\"https:\\\/\\\/mysa-home.ch\\\/immobilien\\\/1713479fr-vendu-terrain-a-batir-au-coeur-de-conthey\\\/#primaryimage\"},\"thumbnailUrl\":\"https:\\\/\\\/cdn.casasoft.com\\\/media\\\/provider-13587\\\/property-1713479\\\/bf3625fd561cf0b2aaeecb4fbb2b5bd5.jpeg?p=xl\",\"datePublished\":\"2026-02-23T14:14:46+00:00\",\"dateModified\":\"2026-05-01T06:57:02+00:00\",\"breadcrumb\":{\"@id\":\"https:\\\/\\\/mysa-home.ch\\\/immobilien\\\/1713479fr-vendu-terrain-a-batir-au-coeur-de-conthey\\\/#breadcrumb\"},\"inLanguage\":\"de\",\"potentialAction\":[{\"@type\":\"ReadAction\",\"target\":[\"https:\\\/\\\/mysa-home.ch\\\/immobilien\\\/1713479fr-vendu-terrain-a-batir-au-coeur-de-conthey\\\/\"]}]},{\"@type\":\"ImageObject\",\"inLanguage\":\"de\",\"@id\":\"https:\\\/\\\/mysa-home.ch\\\/immobilien\\\/1713479fr-vendu-terrain-a-batir-au-coeur-de-conthey\\\/#primaryimage\",\"url\":\"https:\\\/\\\/cdn.casasoft.com\\\/media\\\/provider-13587\\\/property-1713479\\\/bf3625fd561cf0b2aaeecb4fbb2b5bd5.jpeg?p=xl\",\"contentUrl\":\"https:\\\/\\\/cdn.casasoft.com\\\/media\\\/provider-13587\\\/property-1713479\\\/bf3625fd561cf0b2aaeecb4fbb2b5bd5.jpeg?p=xl\"},{\"@type\":\"BreadcrumbList\",\"@id\":\"https:\\\/\\\/mysa-home.ch\\\/immobilien\\\/1713479fr-vendu-terrain-a-batir-au-coeur-de-conthey\\\/#breadcrumb\",\"itemListElement\":[{\"@type\":\"ListItem\",\"position\":1,\"name\":\"Startseite\",\"item\":\"https:\\\/\\\/mysa-home.ch\\\/de\\\/\"},{\"@type\":\"ListItem\",\"position\":2,\"name\":\"Immobilien\",\"item\":\"https:\\\/\\\/mysa-home.ch\\\/immobilien\\\/\"},{\"@type\":\"ListItem\",\"position\":3,\"name\":\"VENDU &#8211; Terrain \u00e0 b\u00e2tir au coeur de Conthey\"}]},{\"@type\":\"WebSite\",\"@id\":\"https:\\\/\\\/mysa-home.ch\\\/#website\",\"url\":\"https:\\\/\\\/mysa-home.ch\\\/\",\"name\":\"MYSA Home S\u00e0rl\",\"description\":\"\",\"publisher\":{\"@id\":\"https:\\\/\\\/mysa-home.ch\\\/#organization\"},\"potentialAction\":[{\"@type\":\"SearchAction\",\"target\":{\"@type\":\"EntryPoint\",\"urlTemplate\":\"https:\\\/\\\/mysa-home.ch\\\/?s={search_term_string}\"},\"query-input\":{\"@type\":\"PropertyValueSpecification\",\"valueRequired\":true,\"valueName\":\"search_term_string\"}}],\"inLanguage\":\"de\"},{\"@type\":\"Organization\",\"@id\":\"https:\\\/\\\/mysa-home.ch\\\/#organization\",\"name\":\"MYSA Home S\u00e0rl\",\"url\":\"https:\\\/\\\/mysa-home.ch\\\/\",\"logo\":{\"@type\":\"ImageObject\",\"inLanguage\":\"de\",\"@id\":\"https:\\\/\\\/mysa-home.ch\\\/#\\\/schema\\\/logo\\\/image\\\/\",\"url\":\"https:\\\/\\\/mysa-home.ch\\\/wp-content\\\/uploads\\\/sites\\\/8\\\/2023\\\/07\\\/logo-mysahome-negatif.svg\",\"contentUrl\":\"https:\\\/\\\/mysa-home.ch\\\/wp-content\\\/uploads\\\/sites\\\/8\\\/2023\\\/07\\\/logo-mysahome-negatif.svg\",\"width\":288,\"height\":154,\"caption\":\"MYSA Home S\u00e0rl\"},\"image\":{\"@id\":\"https:\\\/\\\/mysa-home.ch\\\/#\\\/schema\\\/logo\\\/image\\\/\"}}]}<\/script>\n<!-- \/ Yoast SEO plugin. -->","yoast_head_json":{"title":"VENDU - Terrain \u00e0 b\u00e2tir au coeur de Conthey - MYSA Home S\u00e0rl","robots":{"index":"index","follow":"follow","max-snippet":"max-snippet:-1","max-image-preview":"max-image-preview:large","max-video-preview":"max-video-preview:-1"},"canonical":"https:\/\/mysa-home.ch\/immobilien\/1713479fr-vendu-terrain-a-batir-au-coeur-de-conthey\/","og_locale":"de_DE","og_type":"article","og_title":"VENDU - Terrain \u00e0 b\u00e2tir au coeur de Conthey - MYSA Home S\u00e0rl","og_description":"Rare opportunit\u00e9 &#8211; Grand terrain constructible au coeur de Conthey Situ\u00e9 dans un quartier r\u00e9sidentiel calme et recherch\u00e9, ce vaste terrain offre un cadre de vie id\u00e9al \u00e0 proximit\u00e9 imm\u00e9diate de toutes les commodit\u00e9s (\u00e9coles, commerces, transports). Son emplacement privil\u00e9gi\u00e9 permet de profiter d&#8217;une magnifique vue d\u00e9gag\u00e9e sur les montagnes tout en b\u00e9n\u00e9ficiant d&#8217;un environnement [&hellip;]","og_url":"https:\/\/mysa-home.ch\/immobilien\/1713479fr-vendu-terrain-a-batir-au-coeur-de-conthey\/","og_site_name":"MYSA Home S\u00e0rl","article_modified_time":"2026-05-01T06:57:02+00:00","twitter_card":"summary_large_image","twitter_misc":{"Gesch\u00e4tzte Lesezeit":"1\u00a0Minute"},"schema":{"@context":"https:\/\/schema.org","@graph":[{"@type":"WebPage","@id":"https:\/\/mysa-home.ch\/immobilien\/1713479fr-vendu-terrain-a-batir-au-coeur-de-conthey\/","url":"https:\/\/mysa-home.ch\/immobilien\/1713479fr-vendu-terrain-a-batir-au-coeur-de-conthey\/","name":"VENDU - Terrain \u00e0 b\u00e2tir au coeur de Conthey - MYSA Home S\u00e0rl","isPartOf":{"@id":"https:\/\/mysa-home.ch\/#website"},"primaryImageOfPage":{"@id":"https:\/\/mysa-home.ch\/immobilien\/1713479fr-vendu-terrain-a-batir-au-coeur-de-conthey\/#primaryimage"},"image":{"@id":"https:\/\/mysa-home.ch\/immobilien\/1713479fr-vendu-terrain-a-batir-au-coeur-de-conthey\/#primaryimage"},"thumbnailUrl":"https:\/\/cdn.casasoft.com\/media\/provider-13587\/property-1713479\/bf3625fd561cf0b2aaeecb4fbb2b5bd5.jpeg?p=xl","datePublished":"2026-02-23T14:14:46+00:00","dateModified":"2026-05-01T06:57:02+00:00","breadcrumb":{"@id":"https:\/\/mysa-home.ch\/immobilien\/1713479fr-vendu-terrain-a-batir-au-coeur-de-conthey\/#breadcrumb"},"inLanguage":"de","potentialAction":[{"@type":"ReadAction","target":["https:\/\/mysa-home.ch\/immobilien\/1713479fr-vendu-terrain-a-batir-au-coeur-de-conthey\/"]}]},{"@type":"ImageObject","inLanguage":"de","@id":"https:\/\/mysa-home.ch\/immobilien\/1713479fr-vendu-terrain-a-batir-au-coeur-de-conthey\/#primaryimage","url":"https:\/\/cdn.casasoft.com\/media\/provider-13587\/property-1713479\/bf3625fd561cf0b2aaeecb4fbb2b5bd5.jpeg?p=xl","contentUrl":"https:\/\/cdn.casasoft.com\/media\/provider-13587\/property-1713479\/bf3625fd561cf0b2aaeecb4fbb2b5bd5.jpeg?p=xl"},{"@type":"BreadcrumbList","@id":"https:\/\/mysa-home.ch\/immobilien\/1713479fr-vendu-terrain-a-batir-au-coeur-de-conthey\/#breadcrumb","itemListElement":[{"@type":"ListItem","position":1,"name":"Startseite","item":"https:\/\/mysa-home.ch\/de\/"},{"@type":"ListItem","position":2,"name":"Immobilien","item":"https:\/\/mysa-home.ch\/immobilien\/"},{"@type":"ListItem","position":3,"name":"VENDU &#8211; Terrain \u00e0 b\u00e2tir au coeur de Conthey"}]},{"@type":"WebSite","@id":"https:\/\/mysa-home.ch\/#website","url":"https:\/\/mysa-home.ch\/","name":"MYSA Home S\u00e0rl","description":"","publisher":{"@id":"https:\/\/mysa-home.ch\/#organization"},"potentialAction":[{"@type":"SearchAction","target":{"@type":"EntryPoint","urlTemplate":"https:\/\/mysa-home.ch\/?s={search_term_string}"},"query-input":{"@type":"PropertyValueSpecification","valueRequired":true,"valueName":"search_term_string"}}],"inLanguage":"de"},{"@type":"Organization","@id":"https:\/\/mysa-home.ch\/#organization","name":"MYSA Home S\u00e0rl","url":"https:\/\/mysa-home.ch\/","logo":{"@type":"ImageObject","inLanguage":"de","@id":"https:\/\/mysa-home.ch\/#\/schema\/logo\/image\/","url":"https:\/\/mysa-home.ch\/wp-content\/uploads\/sites\/8\/2023\/07\/logo-mysahome-negatif.svg","contentUrl":"https:\/\/mysa-home.ch\/wp-content\/uploads\/sites\/8\/2023\/07\/logo-mysahome-negatif.svg","width":288,"height":154,"caption":"MYSA Home S\u00e0rl"},"image":{"@id":"https:\/\/mysa-home.ch\/#\/schema\/logo\/image\/"}}]}},"_links":{"self":[{"href":"https:\/\/mysa-home.ch\/de\/wp-json\/wp\/v2\/casawp_property\/64036","targetHints":{"allow":["GET"]}}],"collection":[{"href":"https:\/\/mysa-home.ch\/de\/wp-json\/wp\/v2\/casawp_property"}],"about":[{"href":"https:\/\/mysa-home.ch\/de\/wp-json\/wp\/v2\/types\/casawp_property"}],"replies":[{"embeddable":true,"href":"https:\/\/mysa-home.ch\/de\/wp-json\/wp\/v2\/comments?post=64036"}],"version-history":[{"count":0,"href":"https:\/\/mysa-home.ch\/de\/wp-json\/wp\/v2\/casawp_property\/64036\/revisions"}],"wp:featuredmedia":[{"embeddable":true,"href":"https:\/\/mysa-home.ch\/de\/wp-json\/wp\/v2\/media\/64037"}],"wp:attachment":[{"href":"https:\/\/mysa-home.ch\/de\/wp-json\/wp\/v2\/media?parent=64036"}],"wp:term":[{"taxonomy":"casawp_category","embeddable":true,"href":"https:\/\/mysa-home.ch\/de\/wp-json\/wp\/v2\/casawp_category?post=64036"},{"taxonomy":"casawp_feature","embeddable":true,"href":"https:\/\/mysa-home.ch\/de\/wp-json\/wp\/v2\/casawp_feature?post=64036"},{"taxonomy":"casawp_utility","embeddable":true,"href":"https:\/\/mysa-home.ch\/de\/wp-json\/wp\/v2\/casawp_utility?post=64036"},{"taxonomy":"casawp_location","embeddable":true,"href":"https:\/\/mysa-home.ch\/de\/wp-json\/wp\/v2\/casawp_location?post=64036"},{"taxonomy":"casawp_salestype","embeddable":true,"href":"https:\/\/mysa-home.ch\/de\/wp-json\/wp\/v2\/casawp_salestype?post=64036"},{"taxonomy":"casawp_availability","embeddable":true,"href":"https:\/\/mysa-home.ch\/de\/wp-json\/wp\/v2\/casawp_availability?post=64036"},{"taxonomy":"casawp_region","embeddable":true,"href":"https:\/\/mysa-home.ch\/de\/wp-json\/wp\/v2\/casawp_region?post=64036"}],"curies":[{"name":"wp","href":"https:\/\/api.w.org\/{rel}","templated":true}]}}