{"id":61335,"date":"2025-10-15T13:30:05","date_gmt":"2025-10-15T11:30:05","guid":{"rendered":"https:\/\/mysa-home.ch\/immobilien\/1660616de-3-pieces-a-crans-montana\/"},"modified":"2026-05-01T07:51:11","modified_gmt":"2026-05-01T05:51:11","slug":"1660616de-3-pieces-a-crans-montana","status":"publish","type":"casawp_property","link":"https:\/\/mysa-home.ch\/de\/immobilien\/1660616de-3-pieces-a-crans-montana\/","title":{"rendered":"VENDU &#8211; 3\u00bd pi\u00e8ces \u00e0 Crans-Montana"},"content":{"rendered":"<h2>Crans-Montana<\/h2>\n<p>3963 Crans VS se situe dans le district de Sierre, dans le Canton du Valais. La population dans la commune politique de Crans-Montana a vari\u00e9 au cours des cinq derni\u00e8res ann\u00e9es de +0,1% en moyenne par an, s&#8217;\u00e9levant \u00e0 10\u00a0488 habitants (Etat\u00a0le\u00a031\u00a0d\u00e9c.\u00a02023). Le taux d&#8217;imposition est de 12,3% (canton:\u00a012,8%). Durant les cinq derni\u00e8res ann\u00e9es, la construction de logements dans la commune s&#8217;est \u00e9lev\u00e9e \u00e0 0,5% en moyenne par an, alors que le taux de logements vacants actuels est de 0,8% (Etat le\u00a01er\u00a0juin\u00a02024). Les prix immobiliers ont vari\u00e9 de +36,1% au cours des cinq derni\u00e8res ann\u00e9es (canton:\u00a0+21,4%).<\/p>\n<hr class=\"property-separator\" \/>\n<h2>3\u00bd pi\u00e8ces au centre de Crans &#8211; Montana &#8211; Au bord de l&#8217;Etang Long<\/h2>\n<p>Pied-\u00e0-terre id\u00e9al \u00e0 proximit\u00e9 de toutes les activit\u00e9s de la station \u00e0 pied !<\/p>\n<p>Quelques activit\u00e9s \u00e0 proximit\u00e9 directe :\u00a0Golfs, activit\u00e9s nautiques, piscine, commerces, restaurants, remont\u00e9es m\u00e9caniques \u00e0 4 minutes, etc&#8230;<\/p>\n<p>Situ\u00e9 dans une r\u00e9sidence de standing, au 2\u00e8me \u00e9tage, cet objet est orient\u00e9 plein sud.\u00a0<\/p>\n<p>Composition :<\/p>\n<ul>\n<li>Hall d&#8217;entr\u00e9e<\/li>\n<li>Cuisine semi-ouverte<\/li>\n<li>S\u00e9jour avec acc\u00e8s balcon<\/li>\n<li>Passage avec armoires int\u00e9gr\u00e9es<\/li>\n<li>Salle de bain<\/li>\n<li>Chambre avec armoires int\u00e9gr\u00e9es et acc\u00e8s balcon<\/li>\n<li>Suite parentale avec armoires int\u00e9gr\u00e9es, dressing, salle de douche privative et acc\u00e8s balcon<\/li>\n<li>Balcon de 23 m2 orient\u00e9 sud<\/li>\n<\/ul>\n<p>Vendu avec une cave et un casier \u00e0 ski.<\/p>\n<p>Place de parc int\u00e9rieure dans le garage collectif en sus.<\/p>\n","protected":false},"excerpt":{"rendered":"<p>Crans-Montana 3963 Crans VS se situe dans le district de Sierre, dans le Canton du Valais. La population dans la commune politique de Crans-Montana a vari\u00e9 au cours des cinq derni\u00e8res ann\u00e9es de +0,1% en moyenne par an, s&#8217;\u00e9levant \u00e0 10\u00a0488 habitants (Etat\u00a0le\u00a031\u00a0d\u00e9c.\u00a02023). Le taux d&#8217;imposition est de 12,3% (canton:\u00a012,8%). Durant les cinq derni\u00e8res ann\u00e9es, [&hellip;]<\/p>\n","protected":false},"author":0,"featured_media":61336,"parent":0,"menu_order":7,"comment_status":"closed","ping_status":"closed","template":"","meta":{"_acf_changed":false,"inline_featured_image":false,"footnotes":""},"casawp_category":[10],"casawp_feature":[13,45,16,19,38,14,15,39],"casawp_utility":[20],"casawp_location":[23,51,24],"casawp_salestype":[21],"casawp_availability":[22],"casawp_region":[],"class_list":["post-61335","casawp_property","type-casawp_property","status-publish","has-post-thumbnail","hentry","casawp_category-apartment","casawp_feature-has-balcony","casawp_feature-has-foreign-quota","casawp_feature-has-garage","casawp_feature-has-mountain-view","casawp_feature-is-allowed-as-secondary-residency","casawp_feature-is-quiet","casawp_feature-is-sunny","casawp_feature-on-a-south-slope","casawp_utility-residential","casawp_location-country_ch","casawp_location-locality_crans-montana","casawp_location-region_vs","casawp_salestype-buy","casawp_availability-reference"],"acf":[],"yoast_head":"<!-- This site is optimized with the Yoast SEO plugin v27.4 - https:\/\/yoast.com\/product\/yoast-seo-wordpress\/ -->\n<title>VENDU - 3\u00bd pi\u00e8ces \u00e0 Crans-Montana - MYSA Home S\u00e0rl<\/title>\n<meta name=\"robots\" content=\"index, follow, max-snippet:-1, max-image-preview:large, max-video-preview:-1\" \/>\n<link rel=\"canonical\" href=\"https:\/\/mysa-home.ch\/immobilien\/1660616fr-3-pieces-a-crans-montana\/\" \/>\n<meta property=\"og:locale\" content=\"de_DE\" \/>\n<meta property=\"og:type\" content=\"article\" \/>\n<meta property=\"og:title\" content=\"VENDU - 3\u00bd pi\u00e8ces \u00e0 Crans-Montana - MYSA Home S\u00e0rl\" \/>\n<meta property=\"og:description\" content=\"Crans-Montana 3963 Crans VS se situe dans le district de Sierre, dans le Canton du Valais. La population dans la commune politique de Crans-Montana a vari\u00e9 au cours des cinq derni\u00e8res ann\u00e9es de +0,1% en moyenne par an, s&#8217;\u00e9levant \u00e0 10\u00a0488 habitants (Etat\u00a0le\u00a031\u00a0d\u00e9c.\u00a02023). Le taux d&#8217;imposition est de 12,3% (canton:\u00a012,8%). Durant les cinq derni\u00e8res ann\u00e9es, [&hellip;]\" \/>\n<meta property=\"og:url\" content=\"https:\/\/mysa-home.ch\/immobilien\/1660616fr-3-pieces-a-crans-montana\/\" \/>\n<meta property=\"og:site_name\" content=\"MYSA Home S\u00e0rl\" \/>\n<meta property=\"article:modified_time\" content=\"2026-05-01T05:51:11+00:00\" \/>\n<meta name=\"twitter:card\" content=\"summary_large_image\" \/>\n<meta name=\"twitter:label1\" content=\"Gesch\u00e4tzte Lesezeit\" \/>\n\t<meta name=\"twitter:data1\" content=\"1\u00a0Minute\" \/>\n<script type=\"application\/ld+json\" class=\"yoast-schema-graph\">{\"@context\":\"https:\\\/\\\/schema.org\",\"@graph\":[{\"@type\":\"WebPage\",\"@id\":\"https:\\\/\\\/mysa-home.ch\\\/immobilien\\\/1660616fr-3-pieces-a-crans-montana\\\/\",\"url\":\"https:\\\/\\\/mysa-home.ch\\\/immobilien\\\/1660616fr-3-pieces-a-crans-montana\\\/\",\"name\":\"VENDU - 3\u00bd pi\u00e8ces \u00e0 Crans-Montana - MYSA Home S\u00e0rl\",\"isPartOf\":{\"@id\":\"https:\\\/\\\/mysa-home.ch\\\/#website\"},\"primaryImageOfPage\":{\"@id\":\"https:\\\/\\\/mysa-home.ch\\\/immobilien\\\/1660616fr-3-pieces-a-crans-montana\\\/#primaryimage\"},\"image\":{\"@id\":\"https:\\\/\\\/mysa-home.ch\\\/immobilien\\\/1660616fr-3-pieces-a-crans-montana\\\/#primaryimage\"},\"thumbnailUrl\":\"https:\\\/\\\/cdn.casasoft.com\\\/media\\\/provider-13587\\\/property-1660616\\\/82fd4e797e02d7aeb7545376e0315060.jpeg?p=xl\",\"datePublished\":\"2025-10-15T11:30:05+00:00\",\"dateModified\":\"2026-05-01T05:51:11+00:00\",\"breadcrumb\":{\"@id\":\"https:\\\/\\\/mysa-home.ch\\\/immobilien\\\/1660616fr-3-pieces-a-crans-montana\\\/#breadcrumb\"},\"inLanguage\":\"de\",\"potentialAction\":[{\"@type\":\"ReadAction\",\"target\":[\"https:\\\/\\\/mysa-home.ch\\\/immobilien\\\/1660616fr-3-pieces-a-crans-montana\\\/\"]}]},{\"@type\":\"ImageObject\",\"inLanguage\":\"de\",\"@id\":\"https:\\\/\\\/mysa-home.ch\\\/immobilien\\\/1660616fr-3-pieces-a-crans-montana\\\/#primaryimage\",\"url\":\"https:\\\/\\\/cdn.casasoft.com\\\/media\\\/provider-13587\\\/property-1660616\\\/82fd4e797e02d7aeb7545376e0315060.jpeg?p=xl\",\"contentUrl\":\"https:\\\/\\\/cdn.casasoft.com\\\/media\\\/provider-13587\\\/property-1660616\\\/82fd4e797e02d7aeb7545376e0315060.jpeg?p=xl\"},{\"@type\":\"BreadcrumbList\",\"@id\":\"https:\\\/\\\/mysa-home.ch\\\/immobilien\\\/1660616fr-3-pieces-a-crans-montana\\\/#breadcrumb\",\"itemListElement\":[{\"@type\":\"ListItem\",\"position\":1,\"name\":\"Startseite\",\"item\":\"https:\\\/\\\/mysa-home.ch\\\/de\\\/\"},{\"@type\":\"ListItem\",\"position\":2,\"name\":\"Immobilien\",\"item\":\"https:\\\/\\\/mysa-home.ch\\\/immobilien\\\/\"},{\"@type\":\"ListItem\",\"position\":3,\"name\":\"VENDU &#8211; 3\u00bd pi\u00e8ces \u00e0 Crans-Montana\"}]},{\"@type\":\"WebSite\",\"@id\":\"https:\\\/\\\/mysa-home.ch\\\/#website\",\"url\":\"https:\\\/\\\/mysa-home.ch\\\/\",\"name\":\"MYSA Home S\u00e0rl\",\"description\":\"\",\"publisher\":{\"@id\":\"https:\\\/\\\/mysa-home.ch\\\/#organization\"},\"potentialAction\":[{\"@type\":\"SearchAction\",\"target\":{\"@type\":\"EntryPoint\",\"urlTemplate\":\"https:\\\/\\\/mysa-home.ch\\\/?s={search_term_string}\"},\"query-input\":{\"@type\":\"PropertyValueSpecification\",\"valueRequired\":true,\"valueName\":\"search_term_string\"}}],\"inLanguage\":\"de\"},{\"@type\":\"Organization\",\"@id\":\"https:\\\/\\\/mysa-home.ch\\\/#organization\",\"name\":\"MYSA Home S\u00e0rl\",\"url\":\"https:\\\/\\\/mysa-home.ch\\\/\",\"logo\":{\"@type\":\"ImageObject\",\"inLanguage\":\"de\",\"@id\":\"https:\\\/\\\/mysa-home.ch\\\/#\\\/schema\\\/logo\\\/image\\\/\",\"url\":\"https:\\\/\\\/mysa-home.ch\\\/wp-content\\\/uploads\\\/sites\\\/8\\\/2023\\\/07\\\/logo-mysahome-negatif.svg\",\"contentUrl\":\"https:\\\/\\\/mysa-home.ch\\\/wp-content\\\/uploads\\\/sites\\\/8\\\/2023\\\/07\\\/logo-mysahome-negatif.svg\",\"width\":288,\"height\":154,\"caption\":\"MYSA Home S\u00e0rl\"},\"image\":{\"@id\":\"https:\\\/\\\/mysa-home.ch\\\/#\\\/schema\\\/logo\\\/image\\\/\"}}]}<\/script>\n<!-- \/ Yoast SEO plugin. -->","yoast_head_json":{"title":"VENDU - 3\u00bd pi\u00e8ces \u00e0 Crans-Montana - MYSA Home S\u00e0rl","robots":{"index":"index","follow":"follow","max-snippet":"max-snippet:-1","max-image-preview":"max-image-preview:large","max-video-preview":"max-video-preview:-1"},"canonical":"https:\/\/mysa-home.ch\/immobilien\/1660616fr-3-pieces-a-crans-montana\/","og_locale":"de_DE","og_type":"article","og_title":"VENDU - 3\u00bd pi\u00e8ces \u00e0 Crans-Montana - MYSA Home S\u00e0rl","og_description":"Crans-Montana 3963 Crans VS se situe dans le district de Sierre, dans le Canton du Valais. La population dans la commune politique de Crans-Montana a vari\u00e9 au cours des cinq derni\u00e8res ann\u00e9es de +0,1% en moyenne par an, s&#8217;\u00e9levant \u00e0 10\u00a0488 habitants (Etat\u00a0le\u00a031\u00a0d\u00e9c.\u00a02023). Le taux d&#8217;imposition est de 12,3% (canton:\u00a012,8%). Durant les cinq derni\u00e8res ann\u00e9es, [&hellip;]","og_url":"https:\/\/mysa-home.ch\/immobilien\/1660616fr-3-pieces-a-crans-montana\/","og_site_name":"MYSA Home S\u00e0rl","article_modified_time":"2026-05-01T05:51:11+00:00","twitter_card":"summary_large_image","twitter_misc":{"Gesch\u00e4tzte Lesezeit":"1\u00a0Minute"},"schema":{"@context":"https:\/\/schema.org","@graph":[{"@type":"WebPage","@id":"https:\/\/mysa-home.ch\/immobilien\/1660616fr-3-pieces-a-crans-montana\/","url":"https:\/\/mysa-home.ch\/immobilien\/1660616fr-3-pieces-a-crans-montana\/","name":"VENDU - 3\u00bd pi\u00e8ces \u00e0 Crans-Montana - MYSA Home S\u00e0rl","isPartOf":{"@id":"https:\/\/mysa-home.ch\/#website"},"primaryImageOfPage":{"@id":"https:\/\/mysa-home.ch\/immobilien\/1660616fr-3-pieces-a-crans-montana\/#primaryimage"},"image":{"@id":"https:\/\/mysa-home.ch\/immobilien\/1660616fr-3-pieces-a-crans-montana\/#primaryimage"},"thumbnailUrl":"https:\/\/cdn.casasoft.com\/media\/provider-13587\/property-1660616\/82fd4e797e02d7aeb7545376e0315060.jpeg?p=xl","datePublished":"2025-10-15T11:30:05+00:00","dateModified":"2026-05-01T05:51:11+00:00","breadcrumb":{"@id":"https:\/\/mysa-home.ch\/immobilien\/1660616fr-3-pieces-a-crans-montana\/#breadcrumb"},"inLanguage":"de","potentialAction":[{"@type":"ReadAction","target":["https:\/\/mysa-home.ch\/immobilien\/1660616fr-3-pieces-a-crans-montana\/"]}]},{"@type":"ImageObject","inLanguage":"de","@id":"https:\/\/mysa-home.ch\/immobilien\/1660616fr-3-pieces-a-crans-montana\/#primaryimage","url":"https:\/\/cdn.casasoft.com\/media\/provider-13587\/property-1660616\/82fd4e797e02d7aeb7545376e0315060.jpeg?p=xl","contentUrl":"https:\/\/cdn.casasoft.com\/media\/provider-13587\/property-1660616\/82fd4e797e02d7aeb7545376e0315060.jpeg?p=xl"},{"@type":"BreadcrumbList","@id":"https:\/\/mysa-home.ch\/immobilien\/1660616fr-3-pieces-a-crans-montana\/#breadcrumb","itemListElement":[{"@type":"ListItem","position":1,"name":"Startseite","item":"https:\/\/mysa-home.ch\/de\/"},{"@type":"ListItem","position":2,"name":"Immobilien","item":"https:\/\/mysa-home.ch\/immobilien\/"},{"@type":"ListItem","position":3,"name":"VENDU &#8211; 3\u00bd pi\u00e8ces \u00e0 Crans-Montana"}]},{"@type":"WebSite","@id":"https:\/\/mysa-home.ch\/#website","url":"https:\/\/mysa-home.ch\/","name":"MYSA Home S\u00e0rl","description":"","publisher":{"@id":"https:\/\/mysa-home.ch\/#organization"},"potentialAction":[{"@type":"SearchAction","target":{"@type":"EntryPoint","urlTemplate":"https:\/\/mysa-home.ch\/?s={search_term_string}"},"query-input":{"@type":"PropertyValueSpecification","valueRequired":true,"valueName":"search_term_string"}}],"inLanguage":"de"},{"@type":"Organization","@id":"https:\/\/mysa-home.ch\/#organization","name":"MYSA Home S\u00e0rl","url":"https:\/\/mysa-home.ch\/","logo":{"@type":"ImageObject","inLanguage":"de","@id":"https:\/\/mysa-home.ch\/#\/schema\/logo\/image\/","url":"https:\/\/mysa-home.ch\/wp-content\/uploads\/sites\/8\/2023\/07\/logo-mysahome-negatif.svg","contentUrl":"https:\/\/mysa-home.ch\/wp-content\/uploads\/sites\/8\/2023\/07\/logo-mysahome-negatif.svg","width":288,"height":154,"caption":"MYSA Home S\u00e0rl"},"image":{"@id":"https:\/\/mysa-home.ch\/#\/schema\/logo\/image\/"}}]}},"_links":{"self":[{"href":"https:\/\/mysa-home.ch\/de\/wp-json\/wp\/v2\/casawp_property\/61335","targetHints":{"allow":["GET"]}}],"collection":[{"href":"https:\/\/mysa-home.ch\/de\/wp-json\/wp\/v2\/casawp_property"}],"about":[{"href":"https:\/\/mysa-home.ch\/de\/wp-json\/wp\/v2\/types\/casawp_property"}],"replies":[{"embeddable":true,"href":"https:\/\/mysa-home.ch\/de\/wp-json\/wp\/v2\/comments?post=61335"}],"version-history":[{"count":0,"href":"https:\/\/mysa-home.ch\/de\/wp-json\/wp\/v2\/casawp_property\/61335\/revisions"}],"wp:featuredmedia":[{"embeddable":true,"href":"https:\/\/mysa-home.ch\/de\/wp-json\/wp\/v2\/media\/61336"}],"wp:attachment":[{"href":"https:\/\/mysa-home.ch\/de\/wp-json\/wp\/v2\/media?parent=61335"}],"wp:term":[{"taxonomy":"casawp_category","embeddable":true,"href":"https:\/\/mysa-home.ch\/de\/wp-json\/wp\/v2\/casawp_category?post=61335"},{"taxonomy":"casawp_feature","embeddable":true,"href":"https:\/\/mysa-home.ch\/de\/wp-json\/wp\/v2\/casawp_feature?post=61335"},{"taxonomy":"casawp_utility","embeddable":true,"href":"https:\/\/mysa-home.ch\/de\/wp-json\/wp\/v2\/casawp_utility?post=61335"},{"taxonomy":"casawp_location","embeddable":true,"href":"https:\/\/mysa-home.ch\/de\/wp-json\/wp\/v2\/casawp_location?post=61335"},{"taxonomy":"casawp_salestype","embeddable":true,"href":"https:\/\/mysa-home.ch\/de\/wp-json\/wp\/v2\/casawp_salestype?post=61335"},{"taxonomy":"casawp_availability","embeddable":true,"href":"https:\/\/mysa-home.ch\/de\/wp-json\/wp\/v2\/casawp_availability?post=61335"},{"taxonomy":"casawp_region","embeddable":true,"href":"https:\/\/mysa-home.ch\/de\/wp-json\/wp\/v2\/casawp_region?post=61335"}],"curies":[{"name":"wp","href":"https:\/\/api.w.org\/{rel}","templated":true}]}}