{"id":60593,"date":"2024-03-22T11:04:58","date_gmt":"2024-03-22T10:04:58","guid":{"rendered":"https:\/\/mysa-home.ch\/immobilien\/1394980de-vendu-sion-centre-appartement-de-3-pieces\/"},"modified":"2026-05-01T08:44:06","modified_gmt":"2026-05-01T06:44:06","slug":"1394980de-vendu-sion-centre-appartement-de-3-pieces","status":"publish","type":"casawp_property","link":"https:\/\/mysa-home.ch\/de\/immobilien\/1394980de-vendu-sion-centre-appartement-de-3-pieces\/","title":{"rendered":"VENDU &#8211; Sion-centre &#8211; appartement de 3\u00bd pi\u00e8ces"},"content":{"rendered":"<h2>Sion-centre, charmant appartement de 3 pi\u00e8ces enti\u00e8rement r\u00e9nov\u00e9<\/h2>\n<p>Charmant appartement de 3 pi\u00e8ces enti\u00e8rement r\u00e9nov\u00e9, actuellement lou\u00e9 (au prix de CHF 1&#8217;000.- + 100.- de charges) situ\u00e9 dans un petit immeuble de 4 logements et une surface commerciale est sis au coeur de la ville de Sion. Sa situation centrale (\u00e0 quelques m\u00e8tres de toutes les commodit\u00e9s telles que commerces, poste, \u00e9coles, arr\u00eat de bus,&#8230;) ainsi que l&#8217;acc\u00e8s \u00e0 quelques pas de la vieille ville de Sion offrent \u00e0 cet appartement un atout ind\u00e9niable.<\/p>\n<p>Disposition :\u00a0<\/p>\n<ul>\n<li>Hall d&#8217;entr\u00e9e<\/li>\n<li>S\u00e9jour<\/li>\n<li>Cuisine habitable<\/li>\n<li>2 grandes chambres<\/li>\n<li>Salle d&#8217;eau avec baignoire, lavabo, W.-C. et possibilit\u00e9 de brancher une machine \u00e0 laver le linge<\/li>\n<\/ul>\n<p>Annexes :\u00a0<\/p>\n<ul>\n<li>cave<\/li>\n<\/ul>\n","protected":false},"excerpt":{"rendered":"<p>Charmant appartement de 3\u00bd pi\u00e8ces avec cachet<\/p>\n","protected":false},"author":0,"featured_media":60594,"parent":0,"menu_order":47,"comment_status":"closed","ping_status":"closed","template":"","meta":{"_acf_changed":false,"inline_featured_image":false,"footnotes":""},"casawp_category":[10],"casawp_feature":[92,30,19,31,15],"casawp_utility":[20],"casawp_location":[23,25,24],"casawp_salestype":[21],"casawp_availability":[22],"casawp_region":[],"class_list":["post-60593","casawp_property","type-casawp_property","status-publish","has-post-thumbnail","hentry","casawp_category-apartment","casawp_feature-has-cabletv","casawp_feature-has-gas-supply","casawp_feature-has-mountain-view","casawp_feature-is-only-allowed-as-primary-residency","casawp_feature-is-sunny","casawp_utility-residential","casawp_location-country_ch","casawp_location-locality_sion","casawp_location-region_vs","casawp_salestype-buy","casawp_availability-reference"],"acf":[],"yoast_head":"<!-- This site is optimized with the Yoast SEO plugin v27.4 - https:\/\/yoast.com\/product\/yoast-seo-wordpress\/ -->\n<title>VENDU - Sion-centre - appartement de 3\u00bd pi\u00e8ces - MYSA Home S\u00e0rl<\/title>\n<meta name=\"robots\" content=\"index, follow, max-snippet:-1, max-image-preview:large, max-video-preview:-1\" \/>\n<link rel=\"canonical\" href=\"https:\/\/mysa-home.ch\/immobilien\/1394980fr-vendu-sion-centre-appartement-de-3-pieces\/\" \/>\n<meta property=\"og:locale\" content=\"de_DE\" \/>\n<meta property=\"og:type\" content=\"article\" \/>\n<meta property=\"og:title\" content=\"VENDU - Sion-centre - appartement de 3\u00bd pi\u00e8ces - MYSA Home S\u00e0rl\" \/>\n<meta property=\"og:description\" content=\"Charmant appartement de 3\u00bd pi\u00e8ces avec cachet\" \/>\n<meta property=\"og:url\" content=\"https:\/\/mysa-home.ch\/immobilien\/1394980fr-vendu-sion-centre-appartement-de-3-pieces\/\" \/>\n<meta property=\"og:site_name\" content=\"MYSA Home S\u00e0rl\" \/>\n<meta property=\"article:modified_time\" content=\"2026-05-01T06:44:06+00:00\" \/>\n<meta name=\"twitter:card\" content=\"summary_large_image\" \/>\n<meta name=\"twitter:label1\" content=\"Gesch\u00e4tzte Lesezeit\" \/>\n\t<meta name=\"twitter:data1\" content=\"1\u00a0Minute\" \/>\n<script type=\"application\/ld+json\" class=\"yoast-schema-graph\">{\"@context\":\"https:\\\/\\\/schema.org\",\"@graph\":[{\"@type\":\"WebPage\",\"@id\":\"https:\\\/\\\/mysa-home.ch\\\/immobilien\\\/1394980fr-vendu-sion-centre-appartement-de-3-pieces\\\/\",\"url\":\"https:\\\/\\\/mysa-home.ch\\\/immobilien\\\/1394980fr-vendu-sion-centre-appartement-de-3-pieces\\\/\",\"name\":\"VENDU - Sion-centre - appartement de 3\u00bd pi\u00e8ces - MYSA Home S\u00e0rl\",\"isPartOf\":{\"@id\":\"https:\\\/\\\/mysa-home.ch\\\/#website\"},\"primaryImageOfPage\":{\"@id\":\"https:\\\/\\\/mysa-home.ch\\\/immobilien\\\/1394980fr-vendu-sion-centre-appartement-de-3-pieces\\\/#primaryimage\"},\"image\":{\"@id\":\"https:\\\/\\\/mysa-home.ch\\\/immobilien\\\/1394980fr-vendu-sion-centre-appartement-de-3-pieces\\\/#primaryimage\"},\"thumbnailUrl\":\"https:\\\/\\\/cdn.casasoft.com\\\/media\\\/provider-13587\\\/property-1394980\\\/002ce839649dc8ff4e837eb15d0033c0.jpeg?p=xl\",\"datePublished\":\"2024-03-22T10:04:58+00:00\",\"dateModified\":\"2026-05-01T06:44:06+00:00\",\"breadcrumb\":{\"@id\":\"https:\\\/\\\/mysa-home.ch\\\/immobilien\\\/1394980fr-vendu-sion-centre-appartement-de-3-pieces\\\/#breadcrumb\"},\"inLanguage\":\"de\",\"potentialAction\":[{\"@type\":\"ReadAction\",\"target\":[\"https:\\\/\\\/mysa-home.ch\\\/immobilien\\\/1394980fr-vendu-sion-centre-appartement-de-3-pieces\\\/\"]}]},{\"@type\":\"ImageObject\",\"inLanguage\":\"de\",\"@id\":\"https:\\\/\\\/mysa-home.ch\\\/immobilien\\\/1394980fr-vendu-sion-centre-appartement-de-3-pieces\\\/#primaryimage\",\"url\":\"https:\\\/\\\/cdn.casasoft.com\\\/media\\\/provider-13587\\\/property-1394980\\\/002ce839649dc8ff4e837eb15d0033c0.jpeg?p=xl\",\"contentUrl\":\"https:\\\/\\\/cdn.casasoft.com\\\/media\\\/provider-13587\\\/property-1394980\\\/002ce839649dc8ff4e837eb15d0033c0.jpeg?p=xl\",\"caption\":\"Hall d'entr\u00e9e\"},{\"@type\":\"BreadcrumbList\",\"@id\":\"https:\\\/\\\/mysa-home.ch\\\/immobilien\\\/1394980fr-vendu-sion-centre-appartement-de-3-pieces\\\/#breadcrumb\",\"itemListElement\":[{\"@type\":\"ListItem\",\"position\":1,\"name\":\"Startseite\",\"item\":\"https:\\\/\\\/mysa-home.ch\\\/de\\\/\"},{\"@type\":\"ListItem\",\"position\":2,\"name\":\"Immobilien\",\"item\":\"https:\\\/\\\/mysa-home.ch\\\/immobilien\\\/\"},{\"@type\":\"ListItem\",\"position\":3,\"name\":\"VENDU &#8211; Sion-centre &#8211; appartement de 3\u00bd pi\u00e8ces\"}]},{\"@type\":\"WebSite\",\"@id\":\"https:\\\/\\\/mysa-home.ch\\\/#website\",\"url\":\"https:\\\/\\\/mysa-home.ch\\\/\",\"name\":\"MYSA Home S\u00e0rl\",\"description\":\"\",\"publisher\":{\"@id\":\"https:\\\/\\\/mysa-home.ch\\\/#organization\"},\"potentialAction\":[{\"@type\":\"SearchAction\",\"target\":{\"@type\":\"EntryPoint\",\"urlTemplate\":\"https:\\\/\\\/mysa-home.ch\\\/?s={search_term_string}\"},\"query-input\":{\"@type\":\"PropertyValueSpecification\",\"valueRequired\":true,\"valueName\":\"search_term_string\"}}],\"inLanguage\":\"de\"},{\"@type\":\"Organization\",\"@id\":\"https:\\\/\\\/mysa-home.ch\\\/#organization\",\"name\":\"MYSA Home S\u00e0rl\",\"url\":\"https:\\\/\\\/mysa-home.ch\\\/\",\"logo\":{\"@type\":\"ImageObject\",\"inLanguage\":\"de\",\"@id\":\"https:\\\/\\\/mysa-home.ch\\\/#\\\/schema\\\/logo\\\/image\\\/\",\"url\":\"https:\\\/\\\/mysa-home.ch\\\/wp-content\\\/uploads\\\/sites\\\/8\\\/2023\\\/07\\\/logo-mysahome-negatif.svg\",\"contentUrl\":\"https:\\\/\\\/mysa-home.ch\\\/wp-content\\\/uploads\\\/sites\\\/8\\\/2023\\\/07\\\/logo-mysahome-negatif.svg\",\"width\":288,\"height\":154,\"caption\":\"MYSA Home S\u00e0rl\"},\"image\":{\"@id\":\"https:\\\/\\\/mysa-home.ch\\\/#\\\/schema\\\/logo\\\/image\\\/\"}}]}<\/script>\n<!-- \/ Yoast SEO plugin. -->","yoast_head_json":{"title":"VENDU - Sion-centre - appartement de 3\u00bd pi\u00e8ces - MYSA Home S\u00e0rl","robots":{"index":"index","follow":"follow","max-snippet":"max-snippet:-1","max-image-preview":"max-image-preview:large","max-video-preview":"max-video-preview:-1"},"canonical":"https:\/\/mysa-home.ch\/immobilien\/1394980fr-vendu-sion-centre-appartement-de-3-pieces\/","og_locale":"de_DE","og_type":"article","og_title":"VENDU - Sion-centre - appartement de 3\u00bd pi\u00e8ces - MYSA Home S\u00e0rl","og_description":"Charmant appartement de 3\u00bd pi\u00e8ces avec cachet","og_url":"https:\/\/mysa-home.ch\/immobilien\/1394980fr-vendu-sion-centre-appartement-de-3-pieces\/","og_site_name":"MYSA Home S\u00e0rl","article_modified_time":"2026-05-01T06:44:06+00:00","twitter_card":"summary_large_image","twitter_misc":{"Gesch\u00e4tzte Lesezeit":"1\u00a0Minute"},"schema":{"@context":"https:\/\/schema.org","@graph":[{"@type":"WebPage","@id":"https:\/\/mysa-home.ch\/immobilien\/1394980fr-vendu-sion-centre-appartement-de-3-pieces\/","url":"https:\/\/mysa-home.ch\/immobilien\/1394980fr-vendu-sion-centre-appartement-de-3-pieces\/","name":"VENDU - Sion-centre - appartement de 3\u00bd pi\u00e8ces - MYSA Home S\u00e0rl","isPartOf":{"@id":"https:\/\/mysa-home.ch\/#website"},"primaryImageOfPage":{"@id":"https:\/\/mysa-home.ch\/immobilien\/1394980fr-vendu-sion-centre-appartement-de-3-pieces\/#primaryimage"},"image":{"@id":"https:\/\/mysa-home.ch\/immobilien\/1394980fr-vendu-sion-centre-appartement-de-3-pieces\/#primaryimage"},"thumbnailUrl":"https:\/\/cdn.casasoft.com\/media\/provider-13587\/property-1394980\/002ce839649dc8ff4e837eb15d0033c0.jpeg?p=xl","datePublished":"2024-03-22T10:04:58+00:00","dateModified":"2026-05-01T06:44:06+00:00","breadcrumb":{"@id":"https:\/\/mysa-home.ch\/immobilien\/1394980fr-vendu-sion-centre-appartement-de-3-pieces\/#breadcrumb"},"inLanguage":"de","potentialAction":[{"@type":"ReadAction","target":["https:\/\/mysa-home.ch\/immobilien\/1394980fr-vendu-sion-centre-appartement-de-3-pieces\/"]}]},{"@type":"ImageObject","inLanguage":"de","@id":"https:\/\/mysa-home.ch\/immobilien\/1394980fr-vendu-sion-centre-appartement-de-3-pieces\/#primaryimage","url":"https:\/\/cdn.casasoft.com\/media\/provider-13587\/property-1394980\/002ce839649dc8ff4e837eb15d0033c0.jpeg?p=xl","contentUrl":"https:\/\/cdn.casasoft.com\/media\/provider-13587\/property-1394980\/002ce839649dc8ff4e837eb15d0033c0.jpeg?p=xl","caption":"Hall d'entr\u00e9e"},{"@type":"BreadcrumbList","@id":"https:\/\/mysa-home.ch\/immobilien\/1394980fr-vendu-sion-centre-appartement-de-3-pieces\/#breadcrumb","itemListElement":[{"@type":"ListItem","position":1,"name":"Startseite","item":"https:\/\/mysa-home.ch\/de\/"},{"@type":"ListItem","position":2,"name":"Immobilien","item":"https:\/\/mysa-home.ch\/immobilien\/"},{"@type":"ListItem","position":3,"name":"VENDU &#8211; Sion-centre &#8211; appartement de 3\u00bd pi\u00e8ces"}]},{"@type":"WebSite","@id":"https:\/\/mysa-home.ch\/#website","url":"https:\/\/mysa-home.ch\/","name":"MYSA Home S\u00e0rl","description":"","publisher":{"@id":"https:\/\/mysa-home.ch\/#organization"},"potentialAction":[{"@type":"SearchAction","target":{"@type":"EntryPoint","urlTemplate":"https:\/\/mysa-home.ch\/?s={search_term_string}"},"query-input":{"@type":"PropertyValueSpecification","valueRequired":true,"valueName":"search_term_string"}}],"inLanguage":"de"},{"@type":"Organization","@id":"https:\/\/mysa-home.ch\/#organization","name":"MYSA Home S\u00e0rl","url":"https:\/\/mysa-home.ch\/","logo":{"@type":"ImageObject","inLanguage":"de","@id":"https:\/\/mysa-home.ch\/#\/schema\/logo\/image\/","url":"https:\/\/mysa-home.ch\/wp-content\/uploads\/sites\/8\/2023\/07\/logo-mysahome-negatif.svg","contentUrl":"https:\/\/mysa-home.ch\/wp-content\/uploads\/sites\/8\/2023\/07\/logo-mysahome-negatif.svg","width":288,"height":154,"caption":"MYSA Home S\u00e0rl"},"image":{"@id":"https:\/\/mysa-home.ch\/#\/schema\/logo\/image\/"}}]}},"_links":{"self":[{"href":"https:\/\/mysa-home.ch\/de\/wp-json\/wp\/v2\/casawp_property\/60593","targetHints":{"allow":["GET"]}}],"collection":[{"href":"https:\/\/mysa-home.ch\/de\/wp-json\/wp\/v2\/casawp_property"}],"about":[{"href":"https:\/\/mysa-home.ch\/de\/wp-json\/wp\/v2\/types\/casawp_property"}],"replies":[{"embeddable":true,"href":"https:\/\/mysa-home.ch\/de\/wp-json\/wp\/v2\/comments?post=60593"}],"version-history":[{"count":0,"href":"https:\/\/mysa-home.ch\/de\/wp-json\/wp\/v2\/casawp_property\/60593\/revisions"}],"wp:featuredmedia":[{"embeddable":true,"href":"https:\/\/mysa-home.ch\/de\/wp-json\/wp\/v2\/media\/60594"}],"wp:attachment":[{"href":"https:\/\/mysa-home.ch\/de\/wp-json\/wp\/v2\/media?parent=60593"}],"wp:term":[{"taxonomy":"casawp_category","embeddable":true,"href":"https:\/\/mysa-home.ch\/de\/wp-json\/wp\/v2\/casawp_category?post=60593"},{"taxonomy":"casawp_feature","embeddable":true,"href":"https:\/\/mysa-home.ch\/de\/wp-json\/wp\/v2\/casawp_feature?post=60593"},{"taxonomy":"casawp_utility","embeddable":true,"href":"https:\/\/mysa-home.ch\/de\/wp-json\/wp\/v2\/casawp_utility?post=60593"},{"taxonomy":"casawp_location","embeddable":true,"href":"https:\/\/mysa-home.ch\/de\/wp-json\/wp\/v2\/casawp_location?post=60593"},{"taxonomy":"casawp_salestype","embeddable":true,"href":"https:\/\/mysa-home.ch\/de\/wp-json\/wp\/v2\/casawp_salestype?post=60593"},{"taxonomy":"casawp_availability","embeddable":true,"href":"https:\/\/mysa-home.ch\/de\/wp-json\/wp\/v2\/casawp_availability?post=60593"},{"taxonomy":"casawp_region","embeddable":true,"href":"https:\/\/mysa-home.ch\/de\/wp-json\/wp\/v2\/casawp_region?post=60593"}],"curies":[{"name":"wp","href":"https:\/\/api.w.org\/{rel}","templated":true}]}}