{"id":60581,"date":"2023-09-15T15:28:05","date_gmt":"2023-09-15T13:28:05","guid":{"rendered":"https:\/\/mysa-home.ch\/immobilien\/1304283de-vendu-villa-familiale-233-m2\/"},"modified":"2026-05-01T08:44:05","modified_gmt":"2026-05-01T06:44:05","slug":"1304283de-vendu-villa-familiale-233-m2","status":"publish","type":"casawp_property","link":"https:\/\/mysa-home.ch\/de\/immobilien\/1304283de-vendu-villa-familiale-233-m2\/","title":{"rendered":"VENDU &#8211; Villa familiale &#8211; 233 m2"},"content":{"rendered":"<h2>Arbaz<\/h2>\n<p>1974 Arbaz se situe dans le District de Sion, dans le Canton du Valais. La population dans la commune politique de Arbaz a vari\u00e9 au cours des cinq derni\u00e8res ann\u00e9es de +2,5% en moyenne par an, s&#8217;\u00e9levant \u00e0 1\u00a0382 habitants (Etat\u00a0le\u00a031\u00a0d\u00e9c.\u00a02021). Le taux d&#8217;imposition est de 13,9% (canton:\u00a013,5%). Durant les cinq derni\u00e8res ann\u00e9es, la construction de logements dans la commune s&#8217;est \u00e9lev\u00e9e \u00e0 1,0% en moyenne par an, alors que le taux de logements vacants actuels est de 1,9% (Etat le\u00a01er\u00a0juin\u00a02022). Les prix immobiliers ont vari\u00e9 de +20,5% au cours des cinq derni\u00e8res ann\u00e9es (canton:\u00a0+12,3%).<\/p>\n<hr class=\"property-separator\" \/>\n<h2>Villa familiale avec studio ind\u00e9pendant<\/h2>\n<p>Cette spacieuse villa se situe dans un quartier calme, en bordure\u00a0d&#8217;une zone agricole. La vue ouest d\u00e9gag\u00e9e est donc garantie.<\/p>\n<p>Sa situation optimale est \u00e0 mi-chemin entre ville et station.<\/p>\n<p>Le centre de village et toutes ses commodit\u00e9s sont \u00e0 400 m\u00e8tres. La station Anz\u00e8re et toutes ses activit\u00e9s alpines \u00e0 8 minutes. Sion et tous ses commerces \u00e0 12 minutes.<\/p>\n<p>Les panneaux photovolta\u00efques pos\u00e9s en 2023 permettent de b\u00e9n\u00e9ficier d&#8217;une faible consommation \u00e9lectrique.\u00a0<\/p>\n<p>Son studio peut \u00eatre utilis\u00e9 ais\u00e9ment pour une activit\u00e9 professionnelle ou \u00eatre mis en location pour un revenu compl\u00e9mentaire.<\/p>\n<p><strong>Sa distribution<\/strong><\/p>\n<p>Rez inf\u00e9rieur :<\/p>\n<ul>\n<li>Grand garage pour 2 v\u00e9hicules avec espace de rangement<\/li>\n<li>Studio avec une entr\u00e9e ind\u00e9pendante : Cuisine, po\u00eale \u00e0 bois, salle de douche, s\u00e9jour, espace nuit et terrasse<\/li>\n<li>Buanderie<\/li>\n<li>Carnotzet<\/li>\n<li>Cave<\/li>\n<li>Local technique<\/li>\n<\/ul>\n<p>Rez sup\u00e9rieur :<\/p>\n<ul>\n<li>Hall d&#8217;entr\u00e9e avec penderie<\/li>\n<li>Corridor de distribution avec armoires encastr\u00e9es<\/li>\n<li>Toilette visiteurs<\/li>\n<li>Cuisine \u00e9quip\u00e9e<\/li>\n<li>Salle \u00e0 manger\u00a0<\/li>\n<li>S\u00e9jour avec chemin\u00e9e et acc\u00e8s terrasse \/ pelouse<\/li>\n<li>V\u00e9randa<\/li>\n<\/ul>\n<p>Etage :<\/p>\n<ul>\n<li>Hall avec nombreuses armoires int\u00e9gr\u00e9es<\/li>\n<li>Chambre parentale avec salle d&#8217;eau privative<\/li>\n<li>Chambre avec mezzanine et acc\u00e8s balcon<\/li>\n<li>Chambre avec acc\u00e8s balcon<\/li>\n<li>Salle de bain<\/li>\n<\/ul>\n<p>L&#8217;ext\u00e9rieur est arboris\u00e9 est b\u00e9n\u00e9fice d&#8217;une vaste terrasse, d&#8217;une pelouse, d&#8217;un cabanon de jardin et d&#8217;un b\u00fbcher.<\/p>\n<p>Possibilit\u00e9 de parquer 3 \u00e0 4 v\u00e9hicules devant la villa.<\/p>\n","protected":false},"excerpt":{"rendered":"<p>Spacieuse villa avec studio ind\u00e9pendant<\/p>\n","protected":false},"author":0,"featured_media":60582,"parent":0,"menu_order":46,"comment_status":"closed","ping_status":"closed","template":"","meta":{"_acf_changed":false,"inline_featured_image":false,"footnotes":""},"casawp_category":[72],"casawp_feature":[13,36,55,27,37,19,38,28,35,31,14,15],"casawp_utility":[20],"casawp_location":[46,23,24],"casawp_salestype":[21],"casawp_availability":[22],"casawp_region":[],"class_list":["post-60581","casawp_property","type-casawp_property","status-publish","has-post-thumbnail","hentry","casawp_category-house","casawp_feature-has-balcony","casawp_feature-has-double-garage","casawp_feature-has-fireplace","casawp_feature-has-gardenhouse","casawp_feature-has-kachelofen","casawp_feature-has-mountain-view","casawp_feature-is-allowed-as-secondary-residency","casawp_feature-is-animal-friendly","casawp_feature-is-child-friendly","casawp_feature-is-only-allowed-as-primary-residency","casawp_feature-is-quiet","casawp_feature-is-sunny","casawp_utility-residential","casawp_location-locality_arbaz","casawp_location-country_ch","casawp_location-region_vs","casawp_salestype-buy","casawp_availability-reference"],"acf":[],"yoast_head":"<!-- This site is optimized with the Yoast SEO plugin v27.4 - https:\/\/yoast.com\/product\/yoast-seo-wordpress\/ -->\n<title>VENDU - Villa familiale - 233 m2 - MYSA Home S\u00e0rl<\/title>\n<meta name=\"robots\" content=\"index, follow, max-snippet:-1, max-image-preview:large, max-video-preview:-1\" \/>\n<link rel=\"canonical\" href=\"https:\/\/mysa-home.ch\/immobilien\/1304283fr-vendu-villa-familiale-233-m2\/\" \/>\n<meta property=\"og:locale\" content=\"de_DE\" \/>\n<meta property=\"og:type\" content=\"article\" \/>\n<meta property=\"og:title\" content=\"VENDU - Villa familiale - 233 m2 - MYSA Home S\u00e0rl\" \/>\n<meta property=\"og:description\" content=\"Spacieuse villa avec studio ind\u00e9pendant\" \/>\n<meta property=\"og:url\" content=\"https:\/\/mysa-home.ch\/immobilien\/1304283fr-vendu-villa-familiale-233-m2\/\" \/>\n<meta property=\"og:site_name\" content=\"MYSA Home S\u00e0rl\" \/>\n<meta property=\"article:modified_time\" content=\"2026-05-01T06:44:05+00:00\" \/>\n<meta name=\"twitter:card\" content=\"summary_large_image\" \/>\n<meta name=\"twitter:label1\" content=\"Gesch\u00e4tzte Lesezeit\" \/>\n\t<meta name=\"twitter:data1\" content=\"2\u00a0Minuten\" \/>\n<script type=\"application\/ld+json\" class=\"yoast-schema-graph\">{\"@context\":\"https:\\\/\\\/schema.org\",\"@graph\":[{\"@type\":\"WebPage\",\"@id\":\"https:\\\/\\\/mysa-home.ch\\\/immobilien\\\/1304283fr-vendu-villa-familiale-233-m2\\\/\",\"url\":\"https:\\\/\\\/mysa-home.ch\\\/immobilien\\\/1304283fr-vendu-villa-familiale-233-m2\\\/\",\"name\":\"VENDU - Villa familiale - 233 m2 - MYSA Home S\u00e0rl\",\"isPartOf\":{\"@id\":\"https:\\\/\\\/mysa-home.ch\\\/#website\"},\"primaryImageOfPage\":{\"@id\":\"https:\\\/\\\/mysa-home.ch\\\/immobilien\\\/1304283fr-vendu-villa-familiale-233-m2\\\/#primaryimage\"},\"image\":{\"@id\":\"https:\\\/\\\/mysa-home.ch\\\/immobilien\\\/1304283fr-vendu-villa-familiale-233-m2\\\/#primaryimage\"},\"thumbnailUrl\":\"https:\\\/\\\/cdn.casasoft.com\\\/media\\\/provider-13587\\\/property-1304283\\\/f9e45ee160081e2df75ec35a3d114a18.jpeg?p=xl\",\"datePublished\":\"2023-09-15T13:28:05+00:00\",\"dateModified\":\"2026-05-01T06:44:05+00:00\",\"breadcrumb\":{\"@id\":\"https:\\\/\\\/mysa-home.ch\\\/immobilien\\\/1304283fr-vendu-villa-familiale-233-m2\\\/#breadcrumb\"},\"inLanguage\":\"de\",\"potentialAction\":[{\"@type\":\"ReadAction\",\"target\":[\"https:\\\/\\\/mysa-home.ch\\\/immobilien\\\/1304283fr-vendu-villa-familiale-233-m2\\\/\"]}]},{\"@type\":\"ImageObject\",\"inLanguage\":\"de\",\"@id\":\"https:\\\/\\\/mysa-home.ch\\\/immobilien\\\/1304283fr-vendu-villa-familiale-233-m2\\\/#primaryimage\",\"url\":\"https:\\\/\\\/cdn.casasoft.com\\\/media\\\/provider-13587\\\/property-1304283\\\/f9e45ee160081e2df75ec35a3d114a18.jpeg?p=xl\",\"contentUrl\":\"https:\\\/\\\/cdn.casasoft.com\\\/media\\\/provider-13587\\\/property-1304283\\\/f9e45ee160081e2df75ec35a3d114a18.jpeg?p=xl\"},{\"@type\":\"BreadcrumbList\",\"@id\":\"https:\\\/\\\/mysa-home.ch\\\/immobilien\\\/1304283fr-vendu-villa-familiale-233-m2\\\/#breadcrumb\",\"itemListElement\":[{\"@type\":\"ListItem\",\"position\":1,\"name\":\"Startseite\",\"item\":\"https:\\\/\\\/mysa-home.ch\\\/de\\\/\"},{\"@type\":\"ListItem\",\"position\":2,\"name\":\"Immobilien\",\"item\":\"https:\\\/\\\/mysa-home.ch\\\/immobilien\\\/\"},{\"@type\":\"ListItem\",\"position\":3,\"name\":\"VENDU &#8211; Villa familiale &#8211; 233 m2\"}]},{\"@type\":\"WebSite\",\"@id\":\"https:\\\/\\\/mysa-home.ch\\\/#website\",\"url\":\"https:\\\/\\\/mysa-home.ch\\\/\",\"name\":\"MYSA Home S\u00e0rl\",\"description\":\"\",\"publisher\":{\"@id\":\"https:\\\/\\\/mysa-home.ch\\\/#organization\"},\"potentialAction\":[{\"@type\":\"SearchAction\",\"target\":{\"@type\":\"EntryPoint\",\"urlTemplate\":\"https:\\\/\\\/mysa-home.ch\\\/?s={search_term_string}\"},\"query-input\":{\"@type\":\"PropertyValueSpecification\",\"valueRequired\":true,\"valueName\":\"search_term_string\"}}],\"inLanguage\":\"de\"},{\"@type\":\"Organization\",\"@id\":\"https:\\\/\\\/mysa-home.ch\\\/#organization\",\"name\":\"MYSA Home S\u00e0rl\",\"url\":\"https:\\\/\\\/mysa-home.ch\\\/\",\"logo\":{\"@type\":\"ImageObject\",\"inLanguage\":\"de\",\"@id\":\"https:\\\/\\\/mysa-home.ch\\\/#\\\/schema\\\/logo\\\/image\\\/\",\"url\":\"https:\\\/\\\/mysa-home.ch\\\/wp-content\\\/uploads\\\/sites\\\/8\\\/2023\\\/07\\\/logo-mysahome-negatif.svg\",\"contentUrl\":\"https:\\\/\\\/mysa-home.ch\\\/wp-content\\\/uploads\\\/sites\\\/8\\\/2023\\\/07\\\/logo-mysahome-negatif.svg\",\"width\":288,\"height\":154,\"caption\":\"MYSA Home S\u00e0rl\"},\"image\":{\"@id\":\"https:\\\/\\\/mysa-home.ch\\\/#\\\/schema\\\/logo\\\/image\\\/\"}}]}<\/script>\n<!-- \/ Yoast SEO plugin. -->","yoast_head_json":{"title":"VENDU - Villa familiale - 233 m2 - MYSA Home S\u00e0rl","robots":{"index":"index","follow":"follow","max-snippet":"max-snippet:-1","max-image-preview":"max-image-preview:large","max-video-preview":"max-video-preview:-1"},"canonical":"https:\/\/mysa-home.ch\/immobilien\/1304283fr-vendu-villa-familiale-233-m2\/","og_locale":"de_DE","og_type":"article","og_title":"VENDU - Villa familiale - 233 m2 - MYSA Home S\u00e0rl","og_description":"Spacieuse villa avec studio ind\u00e9pendant","og_url":"https:\/\/mysa-home.ch\/immobilien\/1304283fr-vendu-villa-familiale-233-m2\/","og_site_name":"MYSA Home S\u00e0rl","article_modified_time":"2026-05-01T06:44:05+00:00","twitter_card":"summary_large_image","twitter_misc":{"Gesch\u00e4tzte Lesezeit":"2\u00a0Minuten"},"schema":{"@context":"https:\/\/schema.org","@graph":[{"@type":"WebPage","@id":"https:\/\/mysa-home.ch\/immobilien\/1304283fr-vendu-villa-familiale-233-m2\/","url":"https:\/\/mysa-home.ch\/immobilien\/1304283fr-vendu-villa-familiale-233-m2\/","name":"VENDU - Villa familiale - 233 m2 - MYSA Home S\u00e0rl","isPartOf":{"@id":"https:\/\/mysa-home.ch\/#website"},"primaryImageOfPage":{"@id":"https:\/\/mysa-home.ch\/immobilien\/1304283fr-vendu-villa-familiale-233-m2\/#primaryimage"},"image":{"@id":"https:\/\/mysa-home.ch\/immobilien\/1304283fr-vendu-villa-familiale-233-m2\/#primaryimage"},"thumbnailUrl":"https:\/\/cdn.casasoft.com\/media\/provider-13587\/property-1304283\/f9e45ee160081e2df75ec35a3d114a18.jpeg?p=xl","datePublished":"2023-09-15T13:28:05+00:00","dateModified":"2026-05-01T06:44:05+00:00","breadcrumb":{"@id":"https:\/\/mysa-home.ch\/immobilien\/1304283fr-vendu-villa-familiale-233-m2\/#breadcrumb"},"inLanguage":"de","potentialAction":[{"@type":"ReadAction","target":["https:\/\/mysa-home.ch\/immobilien\/1304283fr-vendu-villa-familiale-233-m2\/"]}]},{"@type":"ImageObject","inLanguage":"de","@id":"https:\/\/mysa-home.ch\/immobilien\/1304283fr-vendu-villa-familiale-233-m2\/#primaryimage","url":"https:\/\/cdn.casasoft.com\/media\/provider-13587\/property-1304283\/f9e45ee160081e2df75ec35a3d114a18.jpeg?p=xl","contentUrl":"https:\/\/cdn.casasoft.com\/media\/provider-13587\/property-1304283\/f9e45ee160081e2df75ec35a3d114a18.jpeg?p=xl"},{"@type":"BreadcrumbList","@id":"https:\/\/mysa-home.ch\/immobilien\/1304283fr-vendu-villa-familiale-233-m2\/#breadcrumb","itemListElement":[{"@type":"ListItem","position":1,"name":"Startseite","item":"https:\/\/mysa-home.ch\/de\/"},{"@type":"ListItem","position":2,"name":"Immobilien","item":"https:\/\/mysa-home.ch\/immobilien\/"},{"@type":"ListItem","position":3,"name":"VENDU &#8211; Villa familiale &#8211; 233 m2"}]},{"@type":"WebSite","@id":"https:\/\/mysa-home.ch\/#website","url":"https:\/\/mysa-home.ch\/","name":"MYSA Home S\u00e0rl","description":"","publisher":{"@id":"https:\/\/mysa-home.ch\/#organization"},"potentialAction":[{"@type":"SearchAction","target":{"@type":"EntryPoint","urlTemplate":"https:\/\/mysa-home.ch\/?s={search_term_string}"},"query-input":{"@type":"PropertyValueSpecification","valueRequired":true,"valueName":"search_term_string"}}],"inLanguage":"de"},{"@type":"Organization","@id":"https:\/\/mysa-home.ch\/#organization","name":"MYSA Home S\u00e0rl","url":"https:\/\/mysa-home.ch\/","logo":{"@type":"ImageObject","inLanguage":"de","@id":"https:\/\/mysa-home.ch\/#\/schema\/logo\/image\/","url":"https:\/\/mysa-home.ch\/wp-content\/uploads\/sites\/8\/2023\/07\/logo-mysahome-negatif.svg","contentUrl":"https:\/\/mysa-home.ch\/wp-content\/uploads\/sites\/8\/2023\/07\/logo-mysahome-negatif.svg","width":288,"height":154,"caption":"MYSA Home S\u00e0rl"},"image":{"@id":"https:\/\/mysa-home.ch\/#\/schema\/logo\/image\/"}}]}},"_links":{"self":[{"href":"https:\/\/mysa-home.ch\/de\/wp-json\/wp\/v2\/casawp_property\/60581","targetHints":{"allow":["GET"]}}],"collection":[{"href":"https:\/\/mysa-home.ch\/de\/wp-json\/wp\/v2\/casawp_property"}],"about":[{"href":"https:\/\/mysa-home.ch\/de\/wp-json\/wp\/v2\/types\/casawp_property"}],"replies":[{"embeddable":true,"href":"https:\/\/mysa-home.ch\/de\/wp-json\/wp\/v2\/comments?post=60581"}],"version-history":[{"count":0,"href":"https:\/\/mysa-home.ch\/de\/wp-json\/wp\/v2\/casawp_property\/60581\/revisions"}],"wp:featuredmedia":[{"embeddable":true,"href":"https:\/\/mysa-home.ch\/de\/wp-json\/wp\/v2\/media\/60582"}],"wp:attachment":[{"href":"https:\/\/mysa-home.ch\/de\/wp-json\/wp\/v2\/media?parent=60581"}],"wp:term":[{"taxonomy":"casawp_category","embeddable":true,"href":"https:\/\/mysa-home.ch\/de\/wp-json\/wp\/v2\/casawp_category?post=60581"},{"taxonomy":"casawp_feature","embeddable":true,"href":"https:\/\/mysa-home.ch\/de\/wp-json\/wp\/v2\/casawp_feature?post=60581"},{"taxonomy":"casawp_utility","embeddable":true,"href":"https:\/\/mysa-home.ch\/de\/wp-json\/wp\/v2\/casawp_utility?post=60581"},{"taxonomy":"casawp_location","embeddable":true,"href":"https:\/\/mysa-home.ch\/de\/wp-json\/wp\/v2\/casawp_location?post=60581"},{"taxonomy":"casawp_salestype","embeddable":true,"href":"https:\/\/mysa-home.ch\/de\/wp-json\/wp\/v2\/casawp_salestype?post=60581"},{"taxonomy":"casawp_availability","embeddable":true,"href":"https:\/\/mysa-home.ch\/de\/wp-json\/wp\/v2\/casawp_availability?post=60581"},{"taxonomy":"casawp_region","embeddable":true,"href":"https:\/\/mysa-home.ch\/de\/wp-json\/wp\/v2\/casawp_region?post=60581"}],"curies":[{"name":"wp","href":"https:\/\/api.w.org\/{rel}","templated":true}]}}