{"id":60440,"date":"2024-01-27T14:39:38","date_gmt":"2024-01-27T13:39:38","guid":{"rendered":"https:\/\/mysa-home.ch\/immobilien\/1366011de-vendu-sion-centre-appartement-de-5-pieces\/"},"modified":"2026-05-01T08:34:35","modified_gmt":"2026-05-01T06:34:35","slug":"1366011de-vendu-sion-centre-appartement-de-5-pieces","status":"publish","type":"casawp_property","link":"https:\/\/mysa-home.ch\/de\/immobilien\/1366011de-vendu-sion-centre-appartement-de-5-pieces\/","title":{"rendered":"VENDU Sion-centre &#8211; appartement de 5\u00bd pi\u00e8ces"},"content":{"rendered":"<h2>Sion-centre, magnifique appartement de 5 pi\u00e8ces avec cachet \u00e0 vendre<\/h2>\n<p>Ce lumineux et vaste appartement\u00a0 (155 m2) situ\u00e9 dans un petit immeuble de 4 logements et une surface commerciale est sis au coeur de la ville de Sion. Sa situation centrale (\u00e0 quelques m\u00e8tres de toutes les commodit\u00e9s telles que commerces, poste, \u00e9coles, arr\u00eat de bus,&#8230;) ainsi que l&#8217;acc\u00e8s \u00e0 quelques pas de la vieille ville de Sion offrent \u00e0 cet objet exceptionnel un atout ind\u00e9niable.<br \/>Disposition :\u00a0<\/p>\n<ul>\n<li>Hall d&#8217;entr\u00e9e<\/li>\n<li>Lumineux s\u00e9jour avec parquet foug\u00e8re<\/li>\n<li>Salle \u00e0 manger avec balcon Sud et vue enti\u00e8rement d\u00e9gag\u00e9e sur la vieille ville<\/li>\n<li>Cuisine habitable avec balcon Nord<\/li>\n<li>Salle d&#8217;eau\u00a0<\/li>\n<li>2 grandes chambres<\/li>\n<li>1 chambre avec balcon<\/li>\n<li>W.-C. s\u00e9par\u00e9<\/li>\n<\/ul>\n<p>Annexes :\u00a0<\/p>\n<ul>\n<li>cave<\/li>\n<li>possibilit\u00e9 d&#8217;acqu\u00e9rir un garage box (en sus)<\/li>\n<\/ul>\n<p>L&#8217;appartement est situ\u00e9 au 2\u00e8me \u00e9tage et il est actuellement lou\u00e9.<\/p>\n","protected":false},"excerpt":{"rendered":"<p>Magnifique appartement de 5\u00bd pi\u00e8ces avec cachet<\/p>\n","protected":false},"author":0,"featured_media":60441,"parent":0,"menu_order":40,"comment_status":"closed","ping_status":"closed","template":"","meta":{"_acf_changed":false,"inline_featured_image":false,"footnotes":""},"casawp_category":[10],"casawp_feature":[13,92,16,30,19,35,31,15],"casawp_utility":[20],"casawp_location":[23,25,24],"casawp_salestype":[21],"casawp_availability":[22],"casawp_region":[],"class_list":["post-60440","casawp_property","type-casawp_property","status-publish","has-post-thumbnail","hentry","casawp_category-apartment","casawp_feature-has-balcony","casawp_feature-has-cabletv","casawp_feature-has-garage","casawp_feature-has-gas-supply","casawp_feature-has-mountain-view","casawp_feature-is-child-friendly","casawp_feature-is-only-allowed-as-primary-residency","casawp_feature-is-sunny","casawp_utility-residential","casawp_location-country_ch","casawp_location-locality_sion","casawp_location-region_vs","casawp_salestype-buy","casawp_availability-reference"],"acf":[],"yoast_head":"<!-- This site is optimized with the Yoast SEO plugin v27.4 - https:\/\/yoast.com\/product\/yoast-seo-wordpress\/ -->\n<title>VENDU Sion-centre - appartement de 5\u00bd pi\u00e8ces - MYSA Home S\u00e0rl<\/title>\n<meta name=\"robots\" content=\"index, follow, max-snippet:-1, max-image-preview:large, max-video-preview:-1\" \/>\n<link rel=\"canonical\" href=\"https:\/\/mysa-home.ch\/immobilien\/1366011fr-vendu-sion-centre-appartement-de-5-pieces\/\" \/>\n<meta property=\"og:locale\" content=\"de_DE\" \/>\n<meta property=\"og:type\" content=\"article\" \/>\n<meta property=\"og:title\" content=\"VENDU Sion-centre - appartement de 5\u00bd pi\u00e8ces - MYSA Home S\u00e0rl\" \/>\n<meta property=\"og:description\" content=\"Magnifique appartement de 5\u00bd pi\u00e8ces avec cachet\" \/>\n<meta property=\"og:url\" content=\"https:\/\/mysa-home.ch\/immobilien\/1366011fr-vendu-sion-centre-appartement-de-5-pieces\/\" \/>\n<meta property=\"og:site_name\" content=\"MYSA Home S\u00e0rl\" \/>\n<meta property=\"article:modified_time\" content=\"2026-05-01T06:34:35+00:00\" \/>\n<meta name=\"twitter:card\" content=\"summary_large_image\" \/>\n<meta name=\"twitter:label1\" content=\"Gesch\u00e4tzte Lesezeit\" \/>\n\t<meta name=\"twitter:data1\" content=\"1\u00a0Minute\" \/>\n<script type=\"application\/ld+json\" class=\"yoast-schema-graph\">{\"@context\":\"https:\\\/\\\/schema.org\",\"@graph\":[{\"@type\":\"WebPage\",\"@id\":\"https:\\\/\\\/mysa-home.ch\\\/immobilien\\\/1366011fr-vendu-sion-centre-appartement-de-5-pieces\\\/\",\"url\":\"https:\\\/\\\/mysa-home.ch\\\/immobilien\\\/1366011fr-vendu-sion-centre-appartement-de-5-pieces\\\/\",\"name\":\"VENDU Sion-centre - appartement de 5\u00bd pi\u00e8ces - MYSA Home S\u00e0rl\",\"isPartOf\":{\"@id\":\"https:\\\/\\\/mysa-home.ch\\\/#website\"},\"primaryImageOfPage\":{\"@id\":\"https:\\\/\\\/mysa-home.ch\\\/immobilien\\\/1366011fr-vendu-sion-centre-appartement-de-5-pieces\\\/#primaryimage\"},\"image\":{\"@id\":\"https:\\\/\\\/mysa-home.ch\\\/immobilien\\\/1366011fr-vendu-sion-centre-appartement-de-5-pieces\\\/#primaryimage\"},\"thumbnailUrl\":\"https:\\\/\\\/cdn.casasoft.com\\\/media\\\/provider-13587\\\/property-1366011\\\/56fae0f8d7aa11caf46da4ae2d995436.jpeg?p=xl\",\"datePublished\":\"2024-01-27T13:39:38+00:00\",\"dateModified\":\"2026-05-01T06:34:35+00:00\",\"breadcrumb\":{\"@id\":\"https:\\\/\\\/mysa-home.ch\\\/immobilien\\\/1366011fr-vendu-sion-centre-appartement-de-5-pieces\\\/#breadcrumb\"},\"inLanguage\":\"de\",\"potentialAction\":[{\"@type\":\"ReadAction\",\"target\":[\"https:\\\/\\\/mysa-home.ch\\\/immobilien\\\/1366011fr-vendu-sion-centre-appartement-de-5-pieces\\\/\"]}]},{\"@type\":\"ImageObject\",\"inLanguage\":\"de\",\"@id\":\"https:\\\/\\\/mysa-home.ch\\\/immobilien\\\/1366011fr-vendu-sion-centre-appartement-de-5-pieces\\\/#primaryimage\",\"url\":\"https:\\\/\\\/cdn.casasoft.com\\\/media\\\/provider-13587\\\/property-1366011\\\/56fae0f8d7aa11caf46da4ae2d995436.jpeg?p=xl\",\"contentUrl\":\"https:\\\/\\\/cdn.casasoft.com\\\/media\\\/provider-13587\\\/property-1366011\\\/56fae0f8d7aa11caf46da4ae2d995436.jpeg?p=xl\"},{\"@type\":\"BreadcrumbList\",\"@id\":\"https:\\\/\\\/mysa-home.ch\\\/immobilien\\\/1366011fr-vendu-sion-centre-appartement-de-5-pieces\\\/#breadcrumb\",\"itemListElement\":[{\"@type\":\"ListItem\",\"position\":1,\"name\":\"Startseite\",\"item\":\"https:\\\/\\\/mysa-home.ch\\\/de\\\/\"},{\"@type\":\"ListItem\",\"position\":2,\"name\":\"Immobilien\",\"item\":\"https:\\\/\\\/mysa-home.ch\\\/immobilien\\\/\"},{\"@type\":\"ListItem\",\"position\":3,\"name\":\"VENDU Sion-centre &#8211; appartement de 5\u00bd pi\u00e8ces\"}]},{\"@type\":\"WebSite\",\"@id\":\"https:\\\/\\\/mysa-home.ch\\\/#website\",\"url\":\"https:\\\/\\\/mysa-home.ch\\\/\",\"name\":\"MYSA Home S\u00e0rl\",\"description\":\"\",\"publisher\":{\"@id\":\"https:\\\/\\\/mysa-home.ch\\\/#organization\"},\"potentialAction\":[{\"@type\":\"SearchAction\",\"target\":{\"@type\":\"EntryPoint\",\"urlTemplate\":\"https:\\\/\\\/mysa-home.ch\\\/?s={search_term_string}\"},\"query-input\":{\"@type\":\"PropertyValueSpecification\",\"valueRequired\":true,\"valueName\":\"search_term_string\"}}],\"inLanguage\":\"de\"},{\"@type\":\"Organization\",\"@id\":\"https:\\\/\\\/mysa-home.ch\\\/#organization\",\"name\":\"MYSA Home S\u00e0rl\",\"url\":\"https:\\\/\\\/mysa-home.ch\\\/\",\"logo\":{\"@type\":\"ImageObject\",\"inLanguage\":\"de\",\"@id\":\"https:\\\/\\\/mysa-home.ch\\\/#\\\/schema\\\/logo\\\/image\\\/\",\"url\":\"https:\\\/\\\/mysa-home.ch\\\/wp-content\\\/uploads\\\/sites\\\/8\\\/2023\\\/07\\\/logo-mysahome-negatif.svg\",\"contentUrl\":\"https:\\\/\\\/mysa-home.ch\\\/wp-content\\\/uploads\\\/sites\\\/8\\\/2023\\\/07\\\/logo-mysahome-negatif.svg\",\"width\":288,\"height\":154,\"caption\":\"MYSA Home S\u00e0rl\"},\"image\":{\"@id\":\"https:\\\/\\\/mysa-home.ch\\\/#\\\/schema\\\/logo\\\/image\\\/\"}}]}<\/script>\n<!-- \/ Yoast SEO plugin. -->","yoast_head_json":{"title":"VENDU Sion-centre - appartement de 5\u00bd pi\u00e8ces - MYSA Home S\u00e0rl","robots":{"index":"index","follow":"follow","max-snippet":"max-snippet:-1","max-image-preview":"max-image-preview:large","max-video-preview":"max-video-preview:-1"},"canonical":"https:\/\/mysa-home.ch\/immobilien\/1366011fr-vendu-sion-centre-appartement-de-5-pieces\/","og_locale":"de_DE","og_type":"article","og_title":"VENDU Sion-centre - appartement de 5\u00bd pi\u00e8ces - MYSA Home S\u00e0rl","og_description":"Magnifique appartement de 5\u00bd pi\u00e8ces avec cachet","og_url":"https:\/\/mysa-home.ch\/immobilien\/1366011fr-vendu-sion-centre-appartement-de-5-pieces\/","og_site_name":"MYSA Home S\u00e0rl","article_modified_time":"2026-05-01T06:34:35+00:00","twitter_card":"summary_large_image","twitter_misc":{"Gesch\u00e4tzte Lesezeit":"1\u00a0Minute"},"schema":{"@context":"https:\/\/schema.org","@graph":[{"@type":"WebPage","@id":"https:\/\/mysa-home.ch\/immobilien\/1366011fr-vendu-sion-centre-appartement-de-5-pieces\/","url":"https:\/\/mysa-home.ch\/immobilien\/1366011fr-vendu-sion-centre-appartement-de-5-pieces\/","name":"VENDU Sion-centre - appartement de 5\u00bd pi\u00e8ces - MYSA Home S\u00e0rl","isPartOf":{"@id":"https:\/\/mysa-home.ch\/#website"},"primaryImageOfPage":{"@id":"https:\/\/mysa-home.ch\/immobilien\/1366011fr-vendu-sion-centre-appartement-de-5-pieces\/#primaryimage"},"image":{"@id":"https:\/\/mysa-home.ch\/immobilien\/1366011fr-vendu-sion-centre-appartement-de-5-pieces\/#primaryimage"},"thumbnailUrl":"https:\/\/cdn.casasoft.com\/media\/provider-13587\/property-1366011\/56fae0f8d7aa11caf46da4ae2d995436.jpeg?p=xl","datePublished":"2024-01-27T13:39:38+00:00","dateModified":"2026-05-01T06:34:35+00:00","breadcrumb":{"@id":"https:\/\/mysa-home.ch\/immobilien\/1366011fr-vendu-sion-centre-appartement-de-5-pieces\/#breadcrumb"},"inLanguage":"de","potentialAction":[{"@type":"ReadAction","target":["https:\/\/mysa-home.ch\/immobilien\/1366011fr-vendu-sion-centre-appartement-de-5-pieces\/"]}]},{"@type":"ImageObject","inLanguage":"de","@id":"https:\/\/mysa-home.ch\/immobilien\/1366011fr-vendu-sion-centre-appartement-de-5-pieces\/#primaryimage","url":"https:\/\/cdn.casasoft.com\/media\/provider-13587\/property-1366011\/56fae0f8d7aa11caf46da4ae2d995436.jpeg?p=xl","contentUrl":"https:\/\/cdn.casasoft.com\/media\/provider-13587\/property-1366011\/56fae0f8d7aa11caf46da4ae2d995436.jpeg?p=xl"},{"@type":"BreadcrumbList","@id":"https:\/\/mysa-home.ch\/immobilien\/1366011fr-vendu-sion-centre-appartement-de-5-pieces\/#breadcrumb","itemListElement":[{"@type":"ListItem","position":1,"name":"Startseite","item":"https:\/\/mysa-home.ch\/de\/"},{"@type":"ListItem","position":2,"name":"Immobilien","item":"https:\/\/mysa-home.ch\/immobilien\/"},{"@type":"ListItem","position":3,"name":"VENDU Sion-centre &#8211; appartement de 5\u00bd pi\u00e8ces"}]},{"@type":"WebSite","@id":"https:\/\/mysa-home.ch\/#website","url":"https:\/\/mysa-home.ch\/","name":"MYSA Home S\u00e0rl","description":"","publisher":{"@id":"https:\/\/mysa-home.ch\/#organization"},"potentialAction":[{"@type":"SearchAction","target":{"@type":"EntryPoint","urlTemplate":"https:\/\/mysa-home.ch\/?s={search_term_string}"},"query-input":{"@type":"PropertyValueSpecification","valueRequired":true,"valueName":"search_term_string"}}],"inLanguage":"de"},{"@type":"Organization","@id":"https:\/\/mysa-home.ch\/#organization","name":"MYSA Home S\u00e0rl","url":"https:\/\/mysa-home.ch\/","logo":{"@type":"ImageObject","inLanguage":"de","@id":"https:\/\/mysa-home.ch\/#\/schema\/logo\/image\/","url":"https:\/\/mysa-home.ch\/wp-content\/uploads\/sites\/8\/2023\/07\/logo-mysahome-negatif.svg","contentUrl":"https:\/\/mysa-home.ch\/wp-content\/uploads\/sites\/8\/2023\/07\/logo-mysahome-negatif.svg","width":288,"height":154,"caption":"MYSA Home S\u00e0rl"},"image":{"@id":"https:\/\/mysa-home.ch\/#\/schema\/logo\/image\/"}}]}},"_links":{"self":[{"href":"https:\/\/mysa-home.ch\/de\/wp-json\/wp\/v2\/casawp_property\/60440","targetHints":{"allow":["GET"]}}],"collection":[{"href":"https:\/\/mysa-home.ch\/de\/wp-json\/wp\/v2\/casawp_property"}],"about":[{"href":"https:\/\/mysa-home.ch\/de\/wp-json\/wp\/v2\/types\/casawp_property"}],"replies":[{"embeddable":true,"href":"https:\/\/mysa-home.ch\/de\/wp-json\/wp\/v2\/comments?post=60440"}],"version-history":[{"count":0,"href":"https:\/\/mysa-home.ch\/de\/wp-json\/wp\/v2\/casawp_property\/60440\/revisions"}],"wp:featuredmedia":[{"embeddable":true,"href":"https:\/\/mysa-home.ch\/de\/wp-json\/wp\/v2\/media\/60441"}],"wp:attachment":[{"href":"https:\/\/mysa-home.ch\/de\/wp-json\/wp\/v2\/media?parent=60440"}],"wp:term":[{"taxonomy":"casawp_category","embeddable":true,"href":"https:\/\/mysa-home.ch\/de\/wp-json\/wp\/v2\/casawp_category?post=60440"},{"taxonomy":"casawp_feature","embeddable":true,"href":"https:\/\/mysa-home.ch\/de\/wp-json\/wp\/v2\/casawp_feature?post=60440"},{"taxonomy":"casawp_utility","embeddable":true,"href":"https:\/\/mysa-home.ch\/de\/wp-json\/wp\/v2\/casawp_utility?post=60440"},{"taxonomy":"casawp_location","embeddable":true,"href":"https:\/\/mysa-home.ch\/de\/wp-json\/wp\/v2\/casawp_location?post=60440"},{"taxonomy":"casawp_salestype","embeddable":true,"href":"https:\/\/mysa-home.ch\/de\/wp-json\/wp\/v2\/casawp_salestype?post=60440"},{"taxonomy":"casawp_availability","embeddable":true,"href":"https:\/\/mysa-home.ch\/de\/wp-json\/wp\/v2\/casawp_availability?post=60440"},{"taxonomy":"casawp_region","embeddable":true,"href":"https:\/\/mysa-home.ch\/de\/wp-json\/wp\/v2\/casawp_region?post=60440"}],"curies":[{"name":"wp","href":"https:\/\/api.w.org\/{rel}","templated":true}]}}