{"id":59999,"date":"2024-10-11T16:26:38","date_gmt":"2024-10-11T14:26:38","guid":{"rendered":"https:\/\/mysa-home.ch\/immobilien\/1492120de-vendu-appartement-de-3-pieces-a-volleges\/"},"modified":"2026-05-01T08:57:01","modified_gmt":"2026-05-01T06:57:01","slug":"1492120de-vendu-appartement-de-3-pieces-a-volleges","status":"publish","type":"casawp_property","link":"https:\/\/mysa-home.ch\/de\/immobilien\/1492120de-vendu-appartement-de-3-pieces-a-volleges\/","title":{"rendered":"VENDU &#8211; Appartement de 3\u00bd pi\u00e8ces \u00e0 Voll\u00e8ges"},"content":{"rendered":"<h2>Charmant appartement de 3\u00bd pi\u00e8ces avec cachet \u00e0 Voll\u00e8ges<\/h2>\n<p>Situ\u00e9 dans le coeur du village pittoresque de Voll\u00e8ges (\u00e0 20 minutes de Verbier et de Martigny), charmant appartement de 3\u00bd pi\u00e8ces situ\u00e9 dans une b\u00e2tisse historique de 1800.<\/p>\n<p>Cet appartement am\u00e9nag\u00e9 et r\u00e9nov\u00e9 avec soins en 1990 b\u00e9n\u00e9ficie d&#8217;une vue compl\u00e8tement d\u00e9gag\u00e9e sur le cirque alpin italo-suisse.<\/p>\n<p>Distribution :\u00a0<\/p>\n<ul>\n<li>Hall d&#8217;entr\u00e9e<\/li>\n<li>Cuisine \u00e9quip\u00e9e<\/li>\n<li>2 chambres<\/li>\n<li>Salle d&#8217;eau avec douche, W.-C., lavabo et possibilit\u00e9 de brancher une colonne de lavage<\/li>\n<li>Vaste et lumineux s\u00e9jour<\/li>\n<li>Mezzanine \/ dortoir<\/li>\n<\/ul>\n<p>Annexe :\u00a0<\/p>\n<ul>\n<li>Cave<\/li>\n<\/ul>\n<p>Libre rapidement<\/p>\n","protected":false},"excerpt":{"rendered":"<p>Charmant appartement de 3\u00bd pi\u00e8ces avec cachet \u00e0 Voll\u00e8ges Situ\u00e9 dans le coeur du village pittoresque de Voll\u00e8ges (\u00e0 20 minutes de Verbier et de Martigny), charmant appartement de 3\u00bd pi\u00e8ces situ\u00e9 dans une b\u00e2tisse historique de 1800. Cet appartement am\u00e9nag\u00e9 et r\u00e9nov\u00e9 avec soins en 1990 b\u00e9n\u00e9ficie d&#8217;une vue compl\u00e8tement d\u00e9gag\u00e9e sur le cirque [&hellip;]<\/p>\n","protected":false},"author":0,"featured_media":60000,"parent":0,"menu_order":67,"comment_status":"closed","ping_status":"closed","template":"","meta":{"_acf_changed":false,"inline_featured_image":false,"footnotes":""},"casawp_category":[131],"casawp_feature":[13,19,14,15,54],"casawp_utility":[20],"casawp_location":[23,132,24],"casawp_salestype":[21],"casawp_availability":[22],"casawp_region":[],"class_list":["post-59999","casawp_property","type-casawp_property","status-publish","has-post-thumbnail","hentry","casawp_category-roof-flat","casawp_feature-has-balcony","casawp_feature-has-mountain-view","casawp_feature-is-quiet","casawp_feature-is-sunny","casawp_feature-is-well-tended","casawp_utility-residential","casawp_location-country_ch","casawp_location-locality_volleges","casawp_location-region_vs","casawp_salestype-buy","casawp_availability-reference"],"acf":[],"yoast_head":"<!-- This site is optimized with the Yoast SEO plugin v27.4 - https:\/\/yoast.com\/product\/yoast-seo-wordpress\/ -->\n<title>VENDU - Appartement de 3\u00bd pi\u00e8ces \u00e0 Voll\u00e8ges - MYSA Home S\u00e0rl<\/title>\n<meta name=\"robots\" content=\"index, follow, max-snippet:-1, max-image-preview:large, max-video-preview:-1\" \/>\n<link rel=\"canonical\" href=\"https:\/\/mysa-home.ch\/immobilien\/1492120fr-vendu-appartement-de-3-pieces-a-volleges\/\" \/>\n<meta property=\"og:locale\" content=\"de_DE\" \/>\n<meta property=\"og:type\" content=\"article\" \/>\n<meta property=\"og:title\" content=\"VENDU - Appartement de 3\u00bd pi\u00e8ces \u00e0 Voll\u00e8ges - MYSA Home S\u00e0rl\" \/>\n<meta property=\"og:description\" content=\"Charmant appartement de 3\u00bd pi\u00e8ces avec cachet \u00e0 Voll\u00e8ges Situ\u00e9 dans le coeur du village pittoresque de Voll\u00e8ges (\u00e0 20 minutes de Verbier et de Martigny), charmant appartement de 3\u00bd pi\u00e8ces situ\u00e9 dans une b\u00e2tisse historique de 1800. Cet appartement am\u00e9nag\u00e9 et r\u00e9nov\u00e9 avec soins en 1990 b\u00e9n\u00e9ficie d&#8217;une vue compl\u00e8tement d\u00e9gag\u00e9e sur le cirque [&hellip;]\" \/>\n<meta property=\"og:url\" content=\"https:\/\/mysa-home.ch\/immobilien\/1492120fr-vendu-appartement-de-3-pieces-a-volleges\/\" \/>\n<meta property=\"og:site_name\" content=\"MYSA Home S\u00e0rl\" \/>\n<meta property=\"article:modified_time\" content=\"2026-05-01T06:57:01+00:00\" \/>\n<meta name=\"twitter:card\" content=\"summary_large_image\" \/>\n<script type=\"application\/ld+json\" class=\"yoast-schema-graph\">{\"@context\":\"https:\\\/\\\/schema.org\",\"@graph\":[{\"@type\":\"WebPage\",\"@id\":\"https:\\\/\\\/mysa-home.ch\\\/immobilien\\\/1492120fr-vendu-appartement-de-3-pieces-a-volleges\\\/\",\"url\":\"https:\\\/\\\/mysa-home.ch\\\/immobilien\\\/1492120fr-vendu-appartement-de-3-pieces-a-volleges\\\/\",\"name\":\"VENDU - Appartement de 3\u00bd pi\u00e8ces \u00e0 Voll\u00e8ges - MYSA Home S\u00e0rl\",\"isPartOf\":{\"@id\":\"https:\\\/\\\/mysa-home.ch\\\/#website\"},\"primaryImageOfPage\":{\"@id\":\"https:\\\/\\\/mysa-home.ch\\\/immobilien\\\/1492120fr-vendu-appartement-de-3-pieces-a-volleges\\\/#primaryimage\"},\"image\":{\"@id\":\"https:\\\/\\\/mysa-home.ch\\\/immobilien\\\/1492120fr-vendu-appartement-de-3-pieces-a-volleges\\\/#primaryimage\"},\"thumbnailUrl\":\"https:\\\/\\\/cdn.casasoft.com\\\/media\\\/provider-13587\\\/property-1492120\\\/81dabb414f414a5e63e4c97156099773.jpeg?p=xl\",\"datePublished\":\"2024-10-11T14:26:38+00:00\",\"dateModified\":\"2026-05-01T06:57:01+00:00\",\"breadcrumb\":{\"@id\":\"https:\\\/\\\/mysa-home.ch\\\/immobilien\\\/1492120fr-vendu-appartement-de-3-pieces-a-volleges\\\/#breadcrumb\"},\"inLanguage\":\"de\",\"potentialAction\":[{\"@type\":\"ReadAction\",\"target\":[\"https:\\\/\\\/mysa-home.ch\\\/immobilien\\\/1492120fr-vendu-appartement-de-3-pieces-a-volleges\\\/\"]}]},{\"@type\":\"ImageObject\",\"inLanguage\":\"de\",\"@id\":\"https:\\\/\\\/mysa-home.ch\\\/immobilien\\\/1492120fr-vendu-appartement-de-3-pieces-a-volleges\\\/#primaryimage\",\"url\":\"https:\\\/\\\/cdn.casasoft.com\\\/media\\\/provider-13587\\\/property-1492120\\\/81dabb414f414a5e63e4c97156099773.jpeg?p=xl\",\"contentUrl\":\"https:\\\/\\\/cdn.casasoft.com\\\/media\\\/provider-13587\\\/property-1492120\\\/81dabb414f414a5e63e4c97156099773.jpeg?p=xl\"},{\"@type\":\"BreadcrumbList\",\"@id\":\"https:\\\/\\\/mysa-home.ch\\\/immobilien\\\/1492120fr-vendu-appartement-de-3-pieces-a-volleges\\\/#breadcrumb\",\"itemListElement\":[{\"@type\":\"ListItem\",\"position\":1,\"name\":\"Startseite\",\"item\":\"https:\\\/\\\/mysa-home.ch\\\/de\\\/\"},{\"@type\":\"ListItem\",\"position\":2,\"name\":\"Immobilien\",\"item\":\"https:\\\/\\\/mysa-home.ch\\\/immobilien\\\/\"},{\"@type\":\"ListItem\",\"position\":3,\"name\":\"VENDU &#8211; Appartement de 3\u00bd pi\u00e8ces \u00e0 Voll\u00e8ges\"}]},{\"@type\":\"WebSite\",\"@id\":\"https:\\\/\\\/mysa-home.ch\\\/#website\",\"url\":\"https:\\\/\\\/mysa-home.ch\\\/\",\"name\":\"MYSA Home S\u00e0rl\",\"description\":\"\",\"publisher\":{\"@id\":\"https:\\\/\\\/mysa-home.ch\\\/#organization\"},\"potentialAction\":[{\"@type\":\"SearchAction\",\"target\":{\"@type\":\"EntryPoint\",\"urlTemplate\":\"https:\\\/\\\/mysa-home.ch\\\/?s={search_term_string}\"},\"query-input\":{\"@type\":\"PropertyValueSpecification\",\"valueRequired\":true,\"valueName\":\"search_term_string\"}}],\"inLanguage\":\"de\"},{\"@type\":\"Organization\",\"@id\":\"https:\\\/\\\/mysa-home.ch\\\/#organization\",\"name\":\"MYSA Home S\u00e0rl\",\"url\":\"https:\\\/\\\/mysa-home.ch\\\/\",\"logo\":{\"@type\":\"ImageObject\",\"inLanguage\":\"de\",\"@id\":\"https:\\\/\\\/mysa-home.ch\\\/#\\\/schema\\\/logo\\\/image\\\/\",\"url\":\"https:\\\/\\\/mysa-home.ch\\\/wp-content\\\/uploads\\\/sites\\\/8\\\/2023\\\/07\\\/logo-mysahome-negatif.svg\",\"contentUrl\":\"https:\\\/\\\/mysa-home.ch\\\/wp-content\\\/uploads\\\/sites\\\/8\\\/2023\\\/07\\\/logo-mysahome-negatif.svg\",\"width\":288,\"height\":154,\"caption\":\"MYSA Home S\u00e0rl\"},\"image\":{\"@id\":\"https:\\\/\\\/mysa-home.ch\\\/#\\\/schema\\\/logo\\\/image\\\/\"}}]}<\/script>\n<!-- \/ Yoast SEO plugin. -->","yoast_head_json":{"title":"VENDU - Appartement de 3\u00bd pi\u00e8ces \u00e0 Voll\u00e8ges - MYSA Home S\u00e0rl","robots":{"index":"index","follow":"follow","max-snippet":"max-snippet:-1","max-image-preview":"max-image-preview:large","max-video-preview":"max-video-preview:-1"},"canonical":"https:\/\/mysa-home.ch\/immobilien\/1492120fr-vendu-appartement-de-3-pieces-a-volleges\/","og_locale":"de_DE","og_type":"article","og_title":"VENDU - Appartement de 3\u00bd pi\u00e8ces \u00e0 Voll\u00e8ges - MYSA Home S\u00e0rl","og_description":"Charmant appartement de 3\u00bd pi\u00e8ces avec cachet \u00e0 Voll\u00e8ges Situ\u00e9 dans le coeur du village pittoresque de Voll\u00e8ges (\u00e0 20 minutes de Verbier et de Martigny), charmant appartement de 3\u00bd pi\u00e8ces situ\u00e9 dans une b\u00e2tisse historique de 1800. Cet appartement am\u00e9nag\u00e9 et r\u00e9nov\u00e9 avec soins en 1990 b\u00e9n\u00e9ficie d&#8217;une vue compl\u00e8tement d\u00e9gag\u00e9e sur le cirque [&hellip;]","og_url":"https:\/\/mysa-home.ch\/immobilien\/1492120fr-vendu-appartement-de-3-pieces-a-volleges\/","og_site_name":"MYSA Home S\u00e0rl","article_modified_time":"2026-05-01T06:57:01+00:00","twitter_card":"summary_large_image","schema":{"@context":"https:\/\/schema.org","@graph":[{"@type":"WebPage","@id":"https:\/\/mysa-home.ch\/immobilien\/1492120fr-vendu-appartement-de-3-pieces-a-volleges\/","url":"https:\/\/mysa-home.ch\/immobilien\/1492120fr-vendu-appartement-de-3-pieces-a-volleges\/","name":"VENDU - Appartement de 3\u00bd pi\u00e8ces \u00e0 Voll\u00e8ges - MYSA Home S\u00e0rl","isPartOf":{"@id":"https:\/\/mysa-home.ch\/#website"},"primaryImageOfPage":{"@id":"https:\/\/mysa-home.ch\/immobilien\/1492120fr-vendu-appartement-de-3-pieces-a-volleges\/#primaryimage"},"image":{"@id":"https:\/\/mysa-home.ch\/immobilien\/1492120fr-vendu-appartement-de-3-pieces-a-volleges\/#primaryimage"},"thumbnailUrl":"https:\/\/cdn.casasoft.com\/media\/provider-13587\/property-1492120\/81dabb414f414a5e63e4c97156099773.jpeg?p=xl","datePublished":"2024-10-11T14:26:38+00:00","dateModified":"2026-05-01T06:57:01+00:00","breadcrumb":{"@id":"https:\/\/mysa-home.ch\/immobilien\/1492120fr-vendu-appartement-de-3-pieces-a-volleges\/#breadcrumb"},"inLanguage":"de","potentialAction":[{"@type":"ReadAction","target":["https:\/\/mysa-home.ch\/immobilien\/1492120fr-vendu-appartement-de-3-pieces-a-volleges\/"]}]},{"@type":"ImageObject","inLanguage":"de","@id":"https:\/\/mysa-home.ch\/immobilien\/1492120fr-vendu-appartement-de-3-pieces-a-volleges\/#primaryimage","url":"https:\/\/cdn.casasoft.com\/media\/provider-13587\/property-1492120\/81dabb414f414a5e63e4c97156099773.jpeg?p=xl","contentUrl":"https:\/\/cdn.casasoft.com\/media\/provider-13587\/property-1492120\/81dabb414f414a5e63e4c97156099773.jpeg?p=xl"},{"@type":"BreadcrumbList","@id":"https:\/\/mysa-home.ch\/immobilien\/1492120fr-vendu-appartement-de-3-pieces-a-volleges\/#breadcrumb","itemListElement":[{"@type":"ListItem","position":1,"name":"Startseite","item":"https:\/\/mysa-home.ch\/de\/"},{"@type":"ListItem","position":2,"name":"Immobilien","item":"https:\/\/mysa-home.ch\/immobilien\/"},{"@type":"ListItem","position":3,"name":"VENDU &#8211; Appartement de 3\u00bd pi\u00e8ces \u00e0 Voll\u00e8ges"}]},{"@type":"WebSite","@id":"https:\/\/mysa-home.ch\/#website","url":"https:\/\/mysa-home.ch\/","name":"MYSA Home S\u00e0rl","description":"","publisher":{"@id":"https:\/\/mysa-home.ch\/#organization"},"potentialAction":[{"@type":"SearchAction","target":{"@type":"EntryPoint","urlTemplate":"https:\/\/mysa-home.ch\/?s={search_term_string}"},"query-input":{"@type":"PropertyValueSpecification","valueRequired":true,"valueName":"search_term_string"}}],"inLanguage":"de"},{"@type":"Organization","@id":"https:\/\/mysa-home.ch\/#organization","name":"MYSA Home S\u00e0rl","url":"https:\/\/mysa-home.ch\/","logo":{"@type":"ImageObject","inLanguage":"de","@id":"https:\/\/mysa-home.ch\/#\/schema\/logo\/image\/","url":"https:\/\/mysa-home.ch\/wp-content\/uploads\/sites\/8\/2023\/07\/logo-mysahome-negatif.svg","contentUrl":"https:\/\/mysa-home.ch\/wp-content\/uploads\/sites\/8\/2023\/07\/logo-mysahome-negatif.svg","width":288,"height":154,"caption":"MYSA Home S\u00e0rl"},"image":{"@id":"https:\/\/mysa-home.ch\/#\/schema\/logo\/image\/"}}]}},"_links":{"self":[{"href":"https:\/\/mysa-home.ch\/de\/wp-json\/wp\/v2\/casawp_property\/59999","targetHints":{"allow":["GET"]}}],"collection":[{"href":"https:\/\/mysa-home.ch\/de\/wp-json\/wp\/v2\/casawp_property"}],"about":[{"href":"https:\/\/mysa-home.ch\/de\/wp-json\/wp\/v2\/types\/casawp_property"}],"replies":[{"embeddable":true,"href":"https:\/\/mysa-home.ch\/de\/wp-json\/wp\/v2\/comments?post=59999"}],"version-history":[{"count":0,"href":"https:\/\/mysa-home.ch\/de\/wp-json\/wp\/v2\/casawp_property\/59999\/revisions"}],"wp:featuredmedia":[{"embeddable":true,"href":"https:\/\/mysa-home.ch\/de\/wp-json\/wp\/v2\/media\/60000"}],"wp:attachment":[{"href":"https:\/\/mysa-home.ch\/de\/wp-json\/wp\/v2\/media?parent=59999"}],"wp:term":[{"taxonomy":"casawp_category","embeddable":true,"href":"https:\/\/mysa-home.ch\/de\/wp-json\/wp\/v2\/casawp_category?post=59999"},{"taxonomy":"casawp_feature","embeddable":true,"href":"https:\/\/mysa-home.ch\/de\/wp-json\/wp\/v2\/casawp_feature?post=59999"},{"taxonomy":"casawp_utility","embeddable":true,"href":"https:\/\/mysa-home.ch\/de\/wp-json\/wp\/v2\/casawp_utility?post=59999"},{"taxonomy":"casawp_location","embeddable":true,"href":"https:\/\/mysa-home.ch\/de\/wp-json\/wp\/v2\/casawp_location?post=59999"},{"taxonomy":"casawp_salestype","embeddable":true,"href":"https:\/\/mysa-home.ch\/de\/wp-json\/wp\/v2\/casawp_salestype?post=59999"},{"taxonomy":"casawp_availability","embeddable":true,"href":"https:\/\/mysa-home.ch\/de\/wp-json\/wp\/v2\/casawp_availability?post=59999"},{"taxonomy":"casawp_region","embeddable":true,"href":"https:\/\/mysa-home.ch\/de\/wp-json\/wp\/v2\/casawp_region?post=59999"}],"curies":[{"name":"wp","href":"https:\/\/api.w.org\/{rel}","templated":true}]}}