{"id":59891,"date":"2024-10-21T16:28:48","date_gmt":"2024-10-21T14:28:48","guid":{"rendered":"https:\/\/mysa-home.ch\/immobilien\/1497659de-vendu-chalet-a-vendre-a-nendaz\/"},"modified":"2026-05-01T08:56:35","modified_gmt":"2026-05-01T06:56:35","slug":"1497659de-vendu-chalet-a-vendre-a-nendaz","status":"publish","type":"casawp_property","link":"https:\/\/mysa-home.ch\/de\/immobilien\/1497659de-vendu-chalet-a-vendre-a-nendaz\/","title":{"rendered":"VENDU &#8211; Chalet \u00e0 Nendaz"},"content":{"rendered":"<h2>Nendaz &#8211; charmant chalet de 6\u00bd pi\u00e8ces<\/h2>\n<p>Beau chalet avec cachet situ\u00e9 \u00e0 300 m\u00e8tres du coeur du village de Basse-Nendaz b\u00e9n\u00e9ficiant d&#8217;une vue enti\u00e8rement d\u00e9gag\u00e9e \u00e0 180\u00b0 et d&#8217;un calme absolu.<\/p>\n<p>Cette charmante propri\u00e9t\u00e9 a \u00e9t\u00e9 r\u00e9guli\u00e8rement entretenue (installation d&#8217;une pompe \u00e0 chaleur en 2014) et poss\u00e8de plusieurs annexes (caves, fumoir, abri de jardin, terrasse, source d&#8217;eau avec fontaine,&#8230;).<\/p>\n<p>Distribution :\u00a0<br \/>Rez sup\u00e9rieur :<br \/>&#8211; Hall d&#8217;entr\u00e9e<br \/>&#8211; Grande cuisine habitable avec acc\u00e8s au balcon<br \/>&#8211; 2 chambres<br \/>&#8211; Lumineux s\u00e9jour avec po\u00eale \u00e0 bois<br \/>&#8211; Salle d&#8217;eau avec douche, lavabo, W.-C. et possibilit\u00e9 de brancher une colonne de lavage<\/p>\n<p>Rez inf\u00e9rieur :<br \/>&#8211; 3 chambres<br \/>&#8211; Salle d&#8217;eau avec douche, lavabo, W.-C.\u00a0 et armoire murale<br \/>&#8211; Cave<br \/>&#8211; Cave \u00e0 vins<\/p>\n<p>Annexes :\u00a0<br \/>&#8211; Plusieurs places de parc ext\u00e9rieures<br \/>&#8211; 2 cabanons de jardin<br \/>&#8211; Grande terrasse \u00e0 l&#8217;Ouest avec fontaine d&#8217;eau de source<br \/>&#8211; Fumoir<br \/>&#8211; Caves ext\u00e9rieures<\/p>\n<p>LIBRE DE SUITE<\/p>\n","protected":false},"excerpt":{"rendered":"<p>Nendaz &#8211; charmant chalet de 6\u00bd pi\u00e8ces Beau chalet avec cachet situ\u00e9 \u00e0 300 m\u00e8tres du coeur du village de Basse-Nendaz b\u00e9n\u00e9ficiant d&#8217;une vue enti\u00e8rement d\u00e9gag\u00e9e \u00e0 180\u00b0 et d&#8217;un calme absolu. Cette charmante propri\u00e9t\u00e9 a \u00e9t\u00e9 r\u00e9guli\u00e8rement entretenue (installation d&#8217;une pompe \u00e0 chaleur en 2014) et poss\u00e8de plusieurs annexes (caves, fumoir, abri de jardin, [&hellip;]<\/p>\n","protected":false},"author":0,"featured_media":59892,"parent":0,"menu_order":65,"comment_status":"closed","ping_status":"closed","template":"","meta":{"_acf_changed":false,"inline_featured_image":false,"footnotes":""},"casawp_category":[34],"casawp_feature":[13,55,27,19,29,38,28,35,31,14,54],"casawp_utility":[20],"casawp_location":[96,23,24],"casawp_salestype":[21],"casawp_availability":[22],"casawp_region":[],"class_list":["post-59891","casawp_property","type-casawp_property","status-publish","has-post-thumbnail","hentry","casawp_category-chalet","casawp_feature-has-balcony","casawp_feature-has-fireplace","casawp_feature-has-gardenhouse","casawp_feature-has-mountain-view","casawp_feature-has-parking","casawp_feature-is-allowed-as-secondary-residency","casawp_feature-is-animal-friendly","casawp_feature-is-child-friendly","casawp_feature-is-only-allowed-as-primary-residency","casawp_feature-is-quiet","casawp_feature-is-well-tended","casawp_utility-residential","casawp_location-locality_basse-nendaz","casawp_location-country_ch","casawp_location-region_vs","casawp_salestype-buy","casawp_availability-reference"],"acf":[],"yoast_head":"<!-- This site is optimized with the Yoast SEO plugin v27.4 - https:\/\/yoast.com\/product\/yoast-seo-wordpress\/ -->\n<title>VENDU - Chalet \u00e0 Nendaz - MYSA Home S\u00e0rl<\/title>\n<meta name=\"robots\" content=\"index, follow, max-snippet:-1, max-image-preview:large, max-video-preview:-1\" \/>\n<link rel=\"canonical\" href=\"https:\/\/mysa-home.ch\/immobilien\/1497659fr-vendu-chalet-a-vendre-a-nendaz\/\" \/>\n<meta property=\"og:locale\" content=\"de_DE\" \/>\n<meta property=\"og:type\" content=\"article\" \/>\n<meta property=\"og:title\" content=\"VENDU - Chalet \u00e0 Nendaz - MYSA Home S\u00e0rl\" \/>\n<meta property=\"og:description\" content=\"Nendaz &#8211; charmant chalet de 6\u00bd pi\u00e8ces Beau chalet avec cachet situ\u00e9 \u00e0 300 m\u00e8tres du coeur du village de Basse-Nendaz b\u00e9n\u00e9ficiant d&#8217;une vue enti\u00e8rement d\u00e9gag\u00e9e \u00e0 180\u00b0 et d&#8217;un calme absolu. Cette charmante propri\u00e9t\u00e9 a \u00e9t\u00e9 r\u00e9guli\u00e8rement entretenue (installation d&#8217;une pompe \u00e0 chaleur en 2014) et poss\u00e8de plusieurs annexes (caves, fumoir, abri de jardin, [&hellip;]\" \/>\n<meta property=\"og:url\" content=\"https:\/\/mysa-home.ch\/immobilien\/1497659fr-vendu-chalet-a-vendre-a-nendaz\/\" \/>\n<meta property=\"og:site_name\" content=\"MYSA Home S\u00e0rl\" \/>\n<meta property=\"article:modified_time\" content=\"2026-05-01T06:56:35+00:00\" \/>\n<meta name=\"twitter:card\" content=\"summary_large_image\" \/>\n<meta name=\"twitter:label1\" content=\"Gesch\u00e4tzte Lesezeit\" \/>\n\t<meta name=\"twitter:data1\" content=\"1\u00a0Minute\" \/>\n<script type=\"application\/ld+json\" class=\"yoast-schema-graph\">{\"@context\":\"https:\\\/\\\/schema.org\",\"@graph\":[{\"@type\":\"WebPage\",\"@id\":\"https:\\\/\\\/mysa-home.ch\\\/immobilien\\\/1497659fr-vendu-chalet-a-vendre-a-nendaz\\\/\",\"url\":\"https:\\\/\\\/mysa-home.ch\\\/immobilien\\\/1497659fr-vendu-chalet-a-vendre-a-nendaz\\\/\",\"name\":\"VENDU - Chalet \u00e0 Nendaz - MYSA Home S\u00e0rl\",\"isPartOf\":{\"@id\":\"https:\\\/\\\/mysa-home.ch\\\/#website\"},\"primaryImageOfPage\":{\"@id\":\"https:\\\/\\\/mysa-home.ch\\\/immobilien\\\/1497659fr-vendu-chalet-a-vendre-a-nendaz\\\/#primaryimage\"},\"image\":{\"@id\":\"https:\\\/\\\/mysa-home.ch\\\/immobilien\\\/1497659fr-vendu-chalet-a-vendre-a-nendaz\\\/#primaryimage\"},\"thumbnailUrl\":\"https:\\\/\\\/cdn.casasoft.com\\\/media\\\/provider-13587\\\/property-1497659\\\/7d5431c82bda01fd0e7d9a791a2229fb.jpeg?p=xl\",\"datePublished\":\"2024-10-21T14:28:48+00:00\",\"dateModified\":\"2026-05-01T06:56:35+00:00\",\"breadcrumb\":{\"@id\":\"https:\\\/\\\/mysa-home.ch\\\/immobilien\\\/1497659fr-vendu-chalet-a-vendre-a-nendaz\\\/#breadcrumb\"},\"inLanguage\":\"de\",\"potentialAction\":[{\"@type\":\"ReadAction\",\"target\":[\"https:\\\/\\\/mysa-home.ch\\\/immobilien\\\/1497659fr-vendu-chalet-a-vendre-a-nendaz\\\/\"]}]},{\"@type\":\"ImageObject\",\"inLanguage\":\"de\",\"@id\":\"https:\\\/\\\/mysa-home.ch\\\/immobilien\\\/1497659fr-vendu-chalet-a-vendre-a-nendaz\\\/#primaryimage\",\"url\":\"https:\\\/\\\/cdn.casasoft.com\\\/media\\\/provider-13587\\\/property-1497659\\\/7d5431c82bda01fd0e7d9a791a2229fb.jpeg?p=xl\",\"contentUrl\":\"https:\\\/\\\/cdn.casasoft.com\\\/media\\\/provider-13587\\\/property-1497659\\\/7d5431c82bda01fd0e7d9a791a2229fb.jpeg?p=xl\"},{\"@type\":\"BreadcrumbList\",\"@id\":\"https:\\\/\\\/mysa-home.ch\\\/immobilien\\\/1497659fr-vendu-chalet-a-vendre-a-nendaz\\\/#breadcrumb\",\"itemListElement\":[{\"@type\":\"ListItem\",\"position\":1,\"name\":\"Startseite\",\"item\":\"https:\\\/\\\/mysa-home.ch\\\/de\\\/\"},{\"@type\":\"ListItem\",\"position\":2,\"name\":\"Immobilien\",\"item\":\"https:\\\/\\\/mysa-home.ch\\\/immobilien\\\/\"},{\"@type\":\"ListItem\",\"position\":3,\"name\":\"VENDU &#8211; Chalet \u00e0 Nendaz\"}]},{\"@type\":\"WebSite\",\"@id\":\"https:\\\/\\\/mysa-home.ch\\\/#website\",\"url\":\"https:\\\/\\\/mysa-home.ch\\\/\",\"name\":\"MYSA Home S\u00e0rl\",\"description\":\"\",\"publisher\":{\"@id\":\"https:\\\/\\\/mysa-home.ch\\\/#organization\"},\"potentialAction\":[{\"@type\":\"SearchAction\",\"target\":{\"@type\":\"EntryPoint\",\"urlTemplate\":\"https:\\\/\\\/mysa-home.ch\\\/?s={search_term_string}\"},\"query-input\":{\"@type\":\"PropertyValueSpecification\",\"valueRequired\":true,\"valueName\":\"search_term_string\"}}],\"inLanguage\":\"de\"},{\"@type\":\"Organization\",\"@id\":\"https:\\\/\\\/mysa-home.ch\\\/#organization\",\"name\":\"MYSA Home S\u00e0rl\",\"url\":\"https:\\\/\\\/mysa-home.ch\\\/\",\"logo\":{\"@type\":\"ImageObject\",\"inLanguage\":\"de\",\"@id\":\"https:\\\/\\\/mysa-home.ch\\\/#\\\/schema\\\/logo\\\/image\\\/\",\"url\":\"https:\\\/\\\/mysa-home.ch\\\/wp-content\\\/uploads\\\/sites\\\/8\\\/2023\\\/07\\\/logo-mysahome-negatif.svg\",\"contentUrl\":\"https:\\\/\\\/mysa-home.ch\\\/wp-content\\\/uploads\\\/sites\\\/8\\\/2023\\\/07\\\/logo-mysahome-negatif.svg\",\"width\":288,\"height\":154,\"caption\":\"MYSA Home S\u00e0rl\"},\"image\":{\"@id\":\"https:\\\/\\\/mysa-home.ch\\\/#\\\/schema\\\/logo\\\/image\\\/\"}}]}<\/script>\n<!-- \/ Yoast SEO plugin. -->","yoast_head_json":{"title":"VENDU - Chalet \u00e0 Nendaz - MYSA Home S\u00e0rl","robots":{"index":"index","follow":"follow","max-snippet":"max-snippet:-1","max-image-preview":"max-image-preview:large","max-video-preview":"max-video-preview:-1"},"canonical":"https:\/\/mysa-home.ch\/immobilien\/1497659fr-vendu-chalet-a-vendre-a-nendaz\/","og_locale":"de_DE","og_type":"article","og_title":"VENDU - Chalet \u00e0 Nendaz - MYSA Home S\u00e0rl","og_description":"Nendaz &#8211; charmant chalet de 6\u00bd pi\u00e8ces Beau chalet avec cachet situ\u00e9 \u00e0 300 m\u00e8tres du coeur du village de Basse-Nendaz b\u00e9n\u00e9ficiant d&#8217;une vue enti\u00e8rement d\u00e9gag\u00e9e \u00e0 180\u00b0 et d&#8217;un calme absolu. Cette charmante propri\u00e9t\u00e9 a \u00e9t\u00e9 r\u00e9guli\u00e8rement entretenue (installation d&#8217;une pompe \u00e0 chaleur en 2014) et poss\u00e8de plusieurs annexes (caves, fumoir, abri de jardin, [&hellip;]","og_url":"https:\/\/mysa-home.ch\/immobilien\/1497659fr-vendu-chalet-a-vendre-a-nendaz\/","og_site_name":"MYSA Home S\u00e0rl","article_modified_time":"2026-05-01T06:56:35+00:00","twitter_card":"summary_large_image","twitter_misc":{"Gesch\u00e4tzte Lesezeit":"1\u00a0Minute"},"schema":{"@context":"https:\/\/schema.org","@graph":[{"@type":"WebPage","@id":"https:\/\/mysa-home.ch\/immobilien\/1497659fr-vendu-chalet-a-vendre-a-nendaz\/","url":"https:\/\/mysa-home.ch\/immobilien\/1497659fr-vendu-chalet-a-vendre-a-nendaz\/","name":"VENDU - Chalet \u00e0 Nendaz - MYSA Home S\u00e0rl","isPartOf":{"@id":"https:\/\/mysa-home.ch\/#website"},"primaryImageOfPage":{"@id":"https:\/\/mysa-home.ch\/immobilien\/1497659fr-vendu-chalet-a-vendre-a-nendaz\/#primaryimage"},"image":{"@id":"https:\/\/mysa-home.ch\/immobilien\/1497659fr-vendu-chalet-a-vendre-a-nendaz\/#primaryimage"},"thumbnailUrl":"https:\/\/cdn.casasoft.com\/media\/provider-13587\/property-1497659\/7d5431c82bda01fd0e7d9a791a2229fb.jpeg?p=xl","datePublished":"2024-10-21T14:28:48+00:00","dateModified":"2026-05-01T06:56:35+00:00","breadcrumb":{"@id":"https:\/\/mysa-home.ch\/immobilien\/1497659fr-vendu-chalet-a-vendre-a-nendaz\/#breadcrumb"},"inLanguage":"de","potentialAction":[{"@type":"ReadAction","target":["https:\/\/mysa-home.ch\/immobilien\/1497659fr-vendu-chalet-a-vendre-a-nendaz\/"]}]},{"@type":"ImageObject","inLanguage":"de","@id":"https:\/\/mysa-home.ch\/immobilien\/1497659fr-vendu-chalet-a-vendre-a-nendaz\/#primaryimage","url":"https:\/\/cdn.casasoft.com\/media\/provider-13587\/property-1497659\/7d5431c82bda01fd0e7d9a791a2229fb.jpeg?p=xl","contentUrl":"https:\/\/cdn.casasoft.com\/media\/provider-13587\/property-1497659\/7d5431c82bda01fd0e7d9a791a2229fb.jpeg?p=xl"},{"@type":"BreadcrumbList","@id":"https:\/\/mysa-home.ch\/immobilien\/1497659fr-vendu-chalet-a-vendre-a-nendaz\/#breadcrumb","itemListElement":[{"@type":"ListItem","position":1,"name":"Startseite","item":"https:\/\/mysa-home.ch\/de\/"},{"@type":"ListItem","position":2,"name":"Immobilien","item":"https:\/\/mysa-home.ch\/immobilien\/"},{"@type":"ListItem","position":3,"name":"VENDU &#8211; Chalet \u00e0 Nendaz"}]},{"@type":"WebSite","@id":"https:\/\/mysa-home.ch\/#website","url":"https:\/\/mysa-home.ch\/","name":"MYSA Home S\u00e0rl","description":"","publisher":{"@id":"https:\/\/mysa-home.ch\/#organization"},"potentialAction":[{"@type":"SearchAction","target":{"@type":"EntryPoint","urlTemplate":"https:\/\/mysa-home.ch\/?s={search_term_string}"},"query-input":{"@type":"PropertyValueSpecification","valueRequired":true,"valueName":"search_term_string"}}],"inLanguage":"de"},{"@type":"Organization","@id":"https:\/\/mysa-home.ch\/#organization","name":"MYSA Home S\u00e0rl","url":"https:\/\/mysa-home.ch\/","logo":{"@type":"ImageObject","inLanguage":"de","@id":"https:\/\/mysa-home.ch\/#\/schema\/logo\/image\/","url":"https:\/\/mysa-home.ch\/wp-content\/uploads\/sites\/8\/2023\/07\/logo-mysahome-negatif.svg","contentUrl":"https:\/\/mysa-home.ch\/wp-content\/uploads\/sites\/8\/2023\/07\/logo-mysahome-negatif.svg","width":288,"height":154,"caption":"MYSA Home S\u00e0rl"},"image":{"@id":"https:\/\/mysa-home.ch\/#\/schema\/logo\/image\/"}}]}},"_links":{"self":[{"href":"https:\/\/mysa-home.ch\/de\/wp-json\/wp\/v2\/casawp_property\/59891","targetHints":{"allow":["GET"]}}],"collection":[{"href":"https:\/\/mysa-home.ch\/de\/wp-json\/wp\/v2\/casawp_property"}],"about":[{"href":"https:\/\/mysa-home.ch\/de\/wp-json\/wp\/v2\/types\/casawp_property"}],"replies":[{"embeddable":true,"href":"https:\/\/mysa-home.ch\/de\/wp-json\/wp\/v2\/comments?post=59891"}],"version-history":[{"count":0,"href":"https:\/\/mysa-home.ch\/de\/wp-json\/wp\/v2\/casawp_property\/59891\/revisions"}],"wp:featuredmedia":[{"embeddable":true,"href":"https:\/\/mysa-home.ch\/de\/wp-json\/wp\/v2\/media\/59892"}],"wp:attachment":[{"href":"https:\/\/mysa-home.ch\/de\/wp-json\/wp\/v2\/media?parent=59891"}],"wp:term":[{"taxonomy":"casawp_category","embeddable":true,"href":"https:\/\/mysa-home.ch\/de\/wp-json\/wp\/v2\/casawp_category?post=59891"},{"taxonomy":"casawp_feature","embeddable":true,"href":"https:\/\/mysa-home.ch\/de\/wp-json\/wp\/v2\/casawp_feature?post=59891"},{"taxonomy":"casawp_utility","embeddable":true,"href":"https:\/\/mysa-home.ch\/de\/wp-json\/wp\/v2\/casawp_utility?post=59891"},{"taxonomy":"casawp_location","embeddable":true,"href":"https:\/\/mysa-home.ch\/de\/wp-json\/wp\/v2\/casawp_location?post=59891"},{"taxonomy":"casawp_salestype","embeddable":true,"href":"https:\/\/mysa-home.ch\/de\/wp-json\/wp\/v2\/casawp_salestype?post=59891"},{"taxonomy":"casawp_availability","embeddable":true,"href":"https:\/\/mysa-home.ch\/de\/wp-json\/wp\/v2\/casawp_availability?post=59891"},{"taxonomy":"casawp_region","embeddable":true,"href":"https:\/\/mysa-home.ch\/de\/wp-json\/wp\/v2\/casawp_region?post=59891"}],"curies":[{"name":"wp","href":"https:\/\/api.w.org\/{rel}","templated":true}]}}