{"id":59879,"date":"2024-10-04T19:48:24","date_gmt":"2024-10-04T17:48:24","guid":{"rendered":"https:\/\/mysa-home.ch\/immobilien\/1488945de-vendu-sion-gravelone-charmant-4-pieces-loue-au-2eme-etage\/"},"modified":"2026-05-01T08:56:35","modified_gmt":"2026-05-01T06:56:35","slug":"1488945de-vendu-sion-gravelone-charmant-4-pieces-loue-au-2eme-etage","status":"publish","type":"casawp_property","link":"https:\/\/mysa-home.ch\/de\/immobilien\/1488945de-vendu-sion-gravelone-charmant-4-pieces-loue-au-2eme-etage\/","title":{"rendered":"VENDU &#8211; Sion-Gravelone, charmant 4\u00bd pi\u00e8ces lou\u00e9 au 2\u00e8me \u00e9tage"},"content":{"rendered":"<h2>Charmant appartement de 4\u00bd pi\u00e8ces \u00e0 Gravelone &#8211; Sion<\/h2>\n<p>Charmant appartement lou\u00e9 de 4\u00bd pi\u00e8ces lumineux id\u00e9alement situ\u00e9 au 2\u00e8me \u00e9tage d&#8217;un immeuble r\u00e9sidentiel calme et bien entretenu au d\u00e9but de Gravelone, \u00e0 proximit\u00e9 directe de toutes les commodit\u00e9s (\u00e9cole primaire de Gravelone \u00e0 20 m\u00e8tres, centre commercial de la Migros du Ritz, arr\u00eat du bus et poste \u00e0 3&#8242; \u00e0 pied,&#8230;).<\/p>\n<p>Distribution :<br \/>&#8211; Hall d&#8217;entr\u00e9e<br \/>&#8211; W.-C. s\u00e9par\u00e9<br \/>&#8211; Salle d&#8217;eau avec baignoire, lavabo et colonne de lavage<br \/>&#8211; Lumineux s\u00e9jour avec balcon Sud<br \/>&#8211; Cuisine \u00e9quip\u00e9e avec balcon Nord <br \/>&#8211; 3 chambres avec parquet<\/p>\n<p>Annexes :<br \/>&#8211; Galetas<br \/>&#8211; Cave<br \/>&#8211; Buanderie commune \u00e0 l&#8217;\u00e9tage<\/p>\n","protected":false},"excerpt":{"rendered":"<p>Charmant appartement de 4\u00bd pi\u00e8ces \u00e0 Gravelone &#8211; Sion Charmant appartement lou\u00e9 de 4\u00bd pi\u00e8ces lumineux id\u00e9alement situ\u00e9 au 2\u00e8me \u00e9tage d&#8217;un immeuble r\u00e9sidentiel calme et bien entretenu au d\u00e9but de Gravelone, \u00e0 proximit\u00e9 directe de toutes les commodit\u00e9s (\u00e9cole primaire de Gravelone \u00e0 20 m\u00e8tres, centre commercial de la Migros du Ritz, arr\u00eat du [&hellip;]<\/p>\n","protected":false},"author":0,"featured_media":59880,"parent":0,"menu_order":64,"comment_status":"closed","ping_status":"closed","template":"","meta":{"_acf_changed":false,"inline_featured_image":false,"footnotes":""},"casawp_category":[10],"casawp_feature":[13,12,16,19,35,14,15],"casawp_utility":[20],"casawp_location":[23,25,24],"casawp_salestype":[21],"casawp_availability":[22],"casawp_region":[],"class_list":["post-59879","casawp_property","type-casawp_property","status-publish","has-post-thumbnail","hentry","casawp_category-apartment","casawp_feature-has-balcony","casawp_feature-has-elevator","casawp_feature-has-garage","casawp_feature-has-mountain-view","casawp_feature-is-child-friendly","casawp_feature-is-quiet","casawp_feature-is-sunny","casawp_utility-residential","casawp_location-country_ch","casawp_location-locality_sion","casawp_location-region_vs","casawp_salestype-buy","casawp_availability-reference"],"acf":[],"yoast_head":"<!-- This site is optimized with the Yoast SEO plugin v27.4 - https:\/\/yoast.com\/product\/yoast-seo-wordpress\/ -->\n<title>VENDU - Sion-Gravelone, charmant 4\u00bd pi\u00e8ces lou\u00e9 au 2\u00e8me \u00e9tage - MYSA Home S\u00e0rl<\/title>\n<meta name=\"robots\" content=\"index, follow, max-snippet:-1, max-image-preview:large, max-video-preview:-1\" \/>\n<link rel=\"canonical\" href=\"https:\/\/mysa-home.ch\/immobilien\/1488945fr-vendu-sion-gravelone-charmant-4-pieces-loue-au-2eme-etage\/\" \/>\n<meta property=\"og:locale\" content=\"de_DE\" \/>\n<meta property=\"og:type\" content=\"article\" \/>\n<meta property=\"og:title\" content=\"VENDU - Sion-Gravelone, charmant 4\u00bd pi\u00e8ces lou\u00e9 au 2\u00e8me \u00e9tage - MYSA Home S\u00e0rl\" \/>\n<meta property=\"og:description\" content=\"Charmant appartement de 4\u00bd pi\u00e8ces \u00e0 Gravelone &#8211; Sion Charmant appartement lou\u00e9 de 4\u00bd pi\u00e8ces lumineux id\u00e9alement situ\u00e9 au 2\u00e8me \u00e9tage d&#8217;un immeuble r\u00e9sidentiel calme et bien entretenu au d\u00e9but de Gravelone, \u00e0 proximit\u00e9 directe de toutes les commodit\u00e9s (\u00e9cole primaire de Gravelone \u00e0 20 m\u00e8tres, centre commercial de la Migros du Ritz, arr\u00eat du [&hellip;]\" \/>\n<meta property=\"og:url\" content=\"https:\/\/mysa-home.ch\/immobilien\/1488945fr-vendu-sion-gravelone-charmant-4-pieces-loue-au-2eme-etage\/\" \/>\n<meta property=\"og:site_name\" content=\"MYSA Home S\u00e0rl\" \/>\n<meta property=\"article:modified_time\" content=\"2026-05-01T06:56:35+00:00\" \/>\n<meta name=\"twitter:card\" content=\"summary_large_image\" \/>\n<meta name=\"twitter:label1\" content=\"Gesch\u00e4tzte Lesezeit\" \/>\n\t<meta name=\"twitter:data1\" content=\"1\u00a0Minute\" \/>\n<script type=\"application\/ld+json\" class=\"yoast-schema-graph\">{\"@context\":\"https:\\\/\\\/schema.org\",\"@graph\":[{\"@type\":\"WebPage\",\"@id\":\"https:\\\/\\\/mysa-home.ch\\\/immobilien\\\/1488945fr-vendu-sion-gravelone-charmant-4-pieces-loue-au-2eme-etage\\\/\",\"url\":\"https:\\\/\\\/mysa-home.ch\\\/immobilien\\\/1488945fr-vendu-sion-gravelone-charmant-4-pieces-loue-au-2eme-etage\\\/\",\"name\":\"VENDU - Sion-Gravelone, charmant 4\u00bd pi\u00e8ces lou\u00e9 au 2\u00e8me \u00e9tage - MYSA Home S\u00e0rl\",\"isPartOf\":{\"@id\":\"https:\\\/\\\/mysa-home.ch\\\/#website\"},\"primaryImageOfPage\":{\"@id\":\"https:\\\/\\\/mysa-home.ch\\\/immobilien\\\/1488945fr-vendu-sion-gravelone-charmant-4-pieces-loue-au-2eme-etage\\\/#primaryimage\"},\"image\":{\"@id\":\"https:\\\/\\\/mysa-home.ch\\\/immobilien\\\/1488945fr-vendu-sion-gravelone-charmant-4-pieces-loue-au-2eme-etage\\\/#primaryimage\"},\"thumbnailUrl\":\"https:\\\/\\\/cdn.casasoft.com\\\/media\\\/provider-13587\\\/property-1488945\\\/a803d8a696095b3ac255599f74178a51.jpeg?p=xl\",\"datePublished\":\"2024-10-04T17:48:24+00:00\",\"dateModified\":\"2026-05-01T06:56:35+00:00\",\"breadcrumb\":{\"@id\":\"https:\\\/\\\/mysa-home.ch\\\/immobilien\\\/1488945fr-vendu-sion-gravelone-charmant-4-pieces-loue-au-2eme-etage\\\/#breadcrumb\"},\"inLanguage\":\"de\",\"potentialAction\":[{\"@type\":\"ReadAction\",\"target\":[\"https:\\\/\\\/mysa-home.ch\\\/immobilien\\\/1488945fr-vendu-sion-gravelone-charmant-4-pieces-loue-au-2eme-etage\\\/\"]}]},{\"@type\":\"ImageObject\",\"inLanguage\":\"de\",\"@id\":\"https:\\\/\\\/mysa-home.ch\\\/immobilien\\\/1488945fr-vendu-sion-gravelone-charmant-4-pieces-loue-au-2eme-etage\\\/#primaryimage\",\"url\":\"https:\\\/\\\/cdn.casasoft.com\\\/media\\\/provider-13587\\\/property-1488945\\\/a803d8a696095b3ac255599f74178a51.jpeg?p=xl\",\"contentUrl\":\"https:\\\/\\\/cdn.casasoft.com\\\/media\\\/provider-13587\\\/property-1488945\\\/a803d8a696095b3ac255599f74178a51.jpeg?p=xl\"},{\"@type\":\"BreadcrumbList\",\"@id\":\"https:\\\/\\\/mysa-home.ch\\\/immobilien\\\/1488945fr-vendu-sion-gravelone-charmant-4-pieces-loue-au-2eme-etage\\\/#breadcrumb\",\"itemListElement\":[{\"@type\":\"ListItem\",\"position\":1,\"name\":\"Startseite\",\"item\":\"https:\\\/\\\/mysa-home.ch\\\/de\\\/\"},{\"@type\":\"ListItem\",\"position\":2,\"name\":\"Immobilien\",\"item\":\"https:\\\/\\\/mysa-home.ch\\\/immobilien\\\/\"},{\"@type\":\"ListItem\",\"position\":3,\"name\":\"VENDU &#8211; Sion-Gravelone, charmant 4\u00bd pi\u00e8ces lou\u00e9 au 2\u00e8me \u00e9tage\"}]},{\"@type\":\"WebSite\",\"@id\":\"https:\\\/\\\/mysa-home.ch\\\/#website\",\"url\":\"https:\\\/\\\/mysa-home.ch\\\/\",\"name\":\"MYSA Home S\u00e0rl\",\"description\":\"\",\"publisher\":{\"@id\":\"https:\\\/\\\/mysa-home.ch\\\/#organization\"},\"potentialAction\":[{\"@type\":\"SearchAction\",\"target\":{\"@type\":\"EntryPoint\",\"urlTemplate\":\"https:\\\/\\\/mysa-home.ch\\\/?s={search_term_string}\"},\"query-input\":{\"@type\":\"PropertyValueSpecification\",\"valueRequired\":true,\"valueName\":\"search_term_string\"}}],\"inLanguage\":\"de\"},{\"@type\":\"Organization\",\"@id\":\"https:\\\/\\\/mysa-home.ch\\\/#organization\",\"name\":\"MYSA Home S\u00e0rl\",\"url\":\"https:\\\/\\\/mysa-home.ch\\\/\",\"logo\":{\"@type\":\"ImageObject\",\"inLanguage\":\"de\",\"@id\":\"https:\\\/\\\/mysa-home.ch\\\/#\\\/schema\\\/logo\\\/image\\\/\",\"url\":\"https:\\\/\\\/mysa-home.ch\\\/wp-content\\\/uploads\\\/sites\\\/8\\\/2023\\\/07\\\/logo-mysahome-negatif.svg\",\"contentUrl\":\"https:\\\/\\\/mysa-home.ch\\\/wp-content\\\/uploads\\\/sites\\\/8\\\/2023\\\/07\\\/logo-mysahome-negatif.svg\",\"width\":288,\"height\":154,\"caption\":\"MYSA Home S\u00e0rl\"},\"image\":{\"@id\":\"https:\\\/\\\/mysa-home.ch\\\/#\\\/schema\\\/logo\\\/image\\\/\"}}]}<\/script>\n<!-- \/ Yoast SEO plugin. -->","yoast_head_json":{"title":"VENDU - Sion-Gravelone, charmant 4\u00bd pi\u00e8ces lou\u00e9 au 2\u00e8me \u00e9tage - MYSA Home S\u00e0rl","robots":{"index":"index","follow":"follow","max-snippet":"max-snippet:-1","max-image-preview":"max-image-preview:large","max-video-preview":"max-video-preview:-1"},"canonical":"https:\/\/mysa-home.ch\/immobilien\/1488945fr-vendu-sion-gravelone-charmant-4-pieces-loue-au-2eme-etage\/","og_locale":"de_DE","og_type":"article","og_title":"VENDU - Sion-Gravelone, charmant 4\u00bd pi\u00e8ces lou\u00e9 au 2\u00e8me \u00e9tage - MYSA Home S\u00e0rl","og_description":"Charmant appartement de 4\u00bd pi\u00e8ces \u00e0 Gravelone &#8211; Sion Charmant appartement lou\u00e9 de 4\u00bd pi\u00e8ces lumineux id\u00e9alement situ\u00e9 au 2\u00e8me \u00e9tage d&#8217;un immeuble r\u00e9sidentiel calme et bien entretenu au d\u00e9but de Gravelone, \u00e0 proximit\u00e9 directe de toutes les commodit\u00e9s (\u00e9cole primaire de Gravelone \u00e0 20 m\u00e8tres, centre commercial de la Migros du Ritz, arr\u00eat du [&hellip;]","og_url":"https:\/\/mysa-home.ch\/immobilien\/1488945fr-vendu-sion-gravelone-charmant-4-pieces-loue-au-2eme-etage\/","og_site_name":"MYSA Home S\u00e0rl","article_modified_time":"2026-05-01T06:56:35+00:00","twitter_card":"summary_large_image","twitter_misc":{"Gesch\u00e4tzte Lesezeit":"1\u00a0Minute"},"schema":{"@context":"https:\/\/schema.org","@graph":[{"@type":"WebPage","@id":"https:\/\/mysa-home.ch\/immobilien\/1488945fr-vendu-sion-gravelone-charmant-4-pieces-loue-au-2eme-etage\/","url":"https:\/\/mysa-home.ch\/immobilien\/1488945fr-vendu-sion-gravelone-charmant-4-pieces-loue-au-2eme-etage\/","name":"VENDU - Sion-Gravelone, charmant 4\u00bd pi\u00e8ces lou\u00e9 au 2\u00e8me \u00e9tage - MYSA Home S\u00e0rl","isPartOf":{"@id":"https:\/\/mysa-home.ch\/#website"},"primaryImageOfPage":{"@id":"https:\/\/mysa-home.ch\/immobilien\/1488945fr-vendu-sion-gravelone-charmant-4-pieces-loue-au-2eme-etage\/#primaryimage"},"image":{"@id":"https:\/\/mysa-home.ch\/immobilien\/1488945fr-vendu-sion-gravelone-charmant-4-pieces-loue-au-2eme-etage\/#primaryimage"},"thumbnailUrl":"https:\/\/cdn.casasoft.com\/media\/provider-13587\/property-1488945\/a803d8a696095b3ac255599f74178a51.jpeg?p=xl","datePublished":"2024-10-04T17:48:24+00:00","dateModified":"2026-05-01T06:56:35+00:00","breadcrumb":{"@id":"https:\/\/mysa-home.ch\/immobilien\/1488945fr-vendu-sion-gravelone-charmant-4-pieces-loue-au-2eme-etage\/#breadcrumb"},"inLanguage":"de","potentialAction":[{"@type":"ReadAction","target":["https:\/\/mysa-home.ch\/immobilien\/1488945fr-vendu-sion-gravelone-charmant-4-pieces-loue-au-2eme-etage\/"]}]},{"@type":"ImageObject","inLanguage":"de","@id":"https:\/\/mysa-home.ch\/immobilien\/1488945fr-vendu-sion-gravelone-charmant-4-pieces-loue-au-2eme-etage\/#primaryimage","url":"https:\/\/cdn.casasoft.com\/media\/provider-13587\/property-1488945\/a803d8a696095b3ac255599f74178a51.jpeg?p=xl","contentUrl":"https:\/\/cdn.casasoft.com\/media\/provider-13587\/property-1488945\/a803d8a696095b3ac255599f74178a51.jpeg?p=xl"},{"@type":"BreadcrumbList","@id":"https:\/\/mysa-home.ch\/immobilien\/1488945fr-vendu-sion-gravelone-charmant-4-pieces-loue-au-2eme-etage\/#breadcrumb","itemListElement":[{"@type":"ListItem","position":1,"name":"Startseite","item":"https:\/\/mysa-home.ch\/de\/"},{"@type":"ListItem","position":2,"name":"Immobilien","item":"https:\/\/mysa-home.ch\/immobilien\/"},{"@type":"ListItem","position":3,"name":"VENDU &#8211; Sion-Gravelone, charmant 4\u00bd pi\u00e8ces lou\u00e9 au 2\u00e8me \u00e9tage"}]},{"@type":"WebSite","@id":"https:\/\/mysa-home.ch\/#website","url":"https:\/\/mysa-home.ch\/","name":"MYSA Home S\u00e0rl","description":"","publisher":{"@id":"https:\/\/mysa-home.ch\/#organization"},"potentialAction":[{"@type":"SearchAction","target":{"@type":"EntryPoint","urlTemplate":"https:\/\/mysa-home.ch\/?s={search_term_string}"},"query-input":{"@type":"PropertyValueSpecification","valueRequired":true,"valueName":"search_term_string"}}],"inLanguage":"de"},{"@type":"Organization","@id":"https:\/\/mysa-home.ch\/#organization","name":"MYSA Home S\u00e0rl","url":"https:\/\/mysa-home.ch\/","logo":{"@type":"ImageObject","inLanguage":"de","@id":"https:\/\/mysa-home.ch\/#\/schema\/logo\/image\/","url":"https:\/\/mysa-home.ch\/wp-content\/uploads\/sites\/8\/2023\/07\/logo-mysahome-negatif.svg","contentUrl":"https:\/\/mysa-home.ch\/wp-content\/uploads\/sites\/8\/2023\/07\/logo-mysahome-negatif.svg","width":288,"height":154,"caption":"MYSA Home S\u00e0rl"},"image":{"@id":"https:\/\/mysa-home.ch\/#\/schema\/logo\/image\/"}}]}},"_links":{"self":[{"href":"https:\/\/mysa-home.ch\/de\/wp-json\/wp\/v2\/casawp_property\/59879","targetHints":{"allow":["GET"]}}],"collection":[{"href":"https:\/\/mysa-home.ch\/de\/wp-json\/wp\/v2\/casawp_property"}],"about":[{"href":"https:\/\/mysa-home.ch\/de\/wp-json\/wp\/v2\/types\/casawp_property"}],"replies":[{"embeddable":true,"href":"https:\/\/mysa-home.ch\/de\/wp-json\/wp\/v2\/comments?post=59879"}],"version-history":[{"count":0,"href":"https:\/\/mysa-home.ch\/de\/wp-json\/wp\/v2\/casawp_property\/59879\/revisions"}],"wp:featuredmedia":[{"embeddable":true,"href":"https:\/\/mysa-home.ch\/de\/wp-json\/wp\/v2\/media\/59880"}],"wp:attachment":[{"href":"https:\/\/mysa-home.ch\/de\/wp-json\/wp\/v2\/media?parent=59879"}],"wp:term":[{"taxonomy":"casawp_category","embeddable":true,"href":"https:\/\/mysa-home.ch\/de\/wp-json\/wp\/v2\/casawp_category?post=59879"},{"taxonomy":"casawp_feature","embeddable":true,"href":"https:\/\/mysa-home.ch\/de\/wp-json\/wp\/v2\/casawp_feature?post=59879"},{"taxonomy":"casawp_utility","embeddable":true,"href":"https:\/\/mysa-home.ch\/de\/wp-json\/wp\/v2\/casawp_utility?post=59879"},{"taxonomy":"casawp_location","embeddable":true,"href":"https:\/\/mysa-home.ch\/de\/wp-json\/wp\/v2\/casawp_location?post=59879"},{"taxonomy":"casawp_salestype","embeddable":true,"href":"https:\/\/mysa-home.ch\/de\/wp-json\/wp\/v2\/casawp_salestype?post=59879"},{"taxonomy":"casawp_availability","embeddable":true,"href":"https:\/\/mysa-home.ch\/de\/wp-json\/wp\/v2\/casawp_availability?post=59879"},{"taxonomy":"casawp_region","embeddable":true,"href":"https:\/\/mysa-home.ch\/de\/wp-json\/wp\/v2\/casawp_region?post=59879"}],"curies":[{"name":"wp","href":"https:\/\/api.w.org\/{rel}","templated":true}]}}