{"id":58775,"date":"2024-06-11T19:11:43","date_gmt":"2024-06-11T17:11:43","guid":{"rendered":"https:\/\/mysa-home.ch\/immobilien\/1434645de-vendu-lumineux-attique-de-35-pieces-neuf\/"},"modified":"2026-05-01T08:25:42","modified_gmt":"2026-05-01T06:25:42","slug":"1434645de-vendu-lumineux-attique-de-35-pieces-neuf","status":"publish","type":"casawp_property","link":"https:\/\/mysa-home.ch\/de\/immobilien\/1434645de-vendu-lumineux-attique-de-35-pieces-neuf\/","title":{"rendered":"VENDU &#8211; Lumineux attique de 3.5 pi\u00e8ces neuf !"},"content":{"rendered":"<h2>Lens<\/h2>\n<p>1978 Lens se situe dans le District de Sierre, dans le Canton du Valais. La population dans la commune politique de Lens a vari\u00e9 au cours des cinq derni\u00e8res ann\u00e9es de +1,1% en moyenne par an, s&#8217;\u00e9levant \u00e0 4\u00a0406 habitants (Etat\u00a0le\u00a031\u00a0d\u00e9c.\u00a02022). Le taux d&#8217;imposition est de 12,2% (canton:\u00a013,3%). Durant les cinq derni\u00e8res ann\u00e9es, la construction de logements dans la commune s&#8217;est \u00e9lev\u00e9e \u00e0 0,8% en moyenne par an, alors que le taux de logements vacants actuels est de 1,5% (Etat le\u00a01er\u00a0juin\u00a02023). Les prix immobiliers ont vari\u00e9 de +17,7% au cours des cinq derni\u00e8res ann\u00e9es (canton:\u00a0+19,9%).<\/p>\n<hr class=\"property-separator\" \/>\n<h2>Attique 3.5 pi\u00e8ces neuf<\/h2>\n<p>Situ\u00e9 dans un quartier de villas, dans une impasse, au calme.<\/p>\n<p>Nouvelle r\u00e9sidence de seulement 4 appartements en cours de construction, la livraison est pr\u00e9vue en novembre 2024.<\/p>\n<p>Ce lumineux 3.5 pi\u00e8ces se situe au dernier \u00e9tage, il b\u00e9n\u00e9fice de grandes baies vitr\u00e9es dans la partie jour et la charpente est apparente.<\/p>\n<p>Sa composition est la suivante :<\/p>\n<ul>\n<li>Hall d&#8217;entr\u00e9e avec armoires int\u00e9gr\u00e9es<\/li>\n<li>Salle de douche avec lavabo et w.-c.<\/li>\n<li>Cuisine ouverte sur le s\u00e9jour avec acc\u00e8s terrasse<\/li>\n<li>Terrasse de 29.70 m2 avec vue d\u00e9gag\u00e9e<\/li>\n<li>2 chambres<\/li>\n<li>Salle de bain avec emplacement colonne de lavage, lavabo et w.-c.<\/li>\n<\/ul>\n<p>Vendu avec une cave, un garage individuel et une place de parc ext\u00e9rieure.<\/p>\n","protected":false},"excerpt":{"rendered":"<p>Attique neuf &#8211; Livraison en novembre 2024 !<\/p>\n","protected":false},"author":0,"featured_media":58776,"parent":0,"menu_order":31,"comment_status":"closed","ping_status":"closed","template":"","meta":{"_acf_changed":false,"inline_featured_image":false,"footnotes":""},"casawp_category":[53],"casawp_feature":[13,16,19,18,17,28,35,31,14,15],"casawp_utility":[20],"casawp_location":[23,58,24],"casawp_salestype":[21],"casawp_availability":[22],"casawp_region":[],"class_list":["post-58775","casawp_property","type-casawp_property","status-publish","has-post-thumbnail","hentry","casawp_category-attic-flat","casawp_feature-has-balcony","casawp_feature-has-garage","casawp_feature-has-mountain-view","casawp_feature-has-tumbler","casawp_feature-has-washing-machine","casawp_feature-is-animal-friendly","casawp_feature-is-child-friendly","casawp_feature-is-only-allowed-as-primary-residency","casawp_feature-is-quiet","casawp_feature-is-sunny","casawp_utility-residential","casawp_location-country_ch","casawp_location-locality_lens","casawp_location-region_vs","casawp_salestype-buy","casawp_availability-reference"],"acf":[],"yoast_head":"<!-- This site is optimized with the Yoast SEO plugin v27.4 - https:\/\/yoast.com\/product\/yoast-seo-wordpress\/ -->\n<title>VENDU - Lumineux attique de 3.5 pi\u00e8ces neuf ! - MYSA Home S\u00e0rl<\/title>\n<meta name=\"robots\" content=\"index, follow, max-snippet:-1, max-image-preview:large, max-video-preview:-1\" \/>\n<link rel=\"canonical\" href=\"https:\/\/mysa-home.ch\/immobilien\/1434645fr-vendu-lumineux-attique-de-35-pieces-neuf\/\" \/>\n<meta property=\"og:locale\" content=\"de_DE\" \/>\n<meta property=\"og:type\" content=\"article\" \/>\n<meta property=\"og:title\" content=\"VENDU - Lumineux attique de 3.5 pi\u00e8ces neuf ! - MYSA Home S\u00e0rl\" \/>\n<meta property=\"og:description\" content=\"Attique neuf - Livraison en novembre 2024 !\" \/>\n<meta property=\"og:url\" content=\"https:\/\/mysa-home.ch\/immobilien\/1434645fr-vendu-lumineux-attique-de-35-pieces-neuf\/\" \/>\n<meta property=\"og:site_name\" content=\"MYSA Home S\u00e0rl\" \/>\n<meta property=\"article:modified_time\" content=\"2026-05-01T06:25:42+00:00\" \/>\n<meta name=\"twitter:card\" content=\"summary_large_image\" \/>\n<meta name=\"twitter:label1\" content=\"Gesch\u00e4tzte Lesezeit\" \/>\n\t<meta name=\"twitter:data1\" content=\"1\u00a0Minute\" \/>\n<script type=\"application\/ld+json\" class=\"yoast-schema-graph\">{\"@context\":\"https:\\\/\\\/schema.org\",\"@graph\":[{\"@type\":\"WebPage\",\"@id\":\"https:\\\/\\\/mysa-home.ch\\\/immobilien\\\/1434645fr-vendu-lumineux-attique-de-35-pieces-neuf\\\/\",\"url\":\"https:\\\/\\\/mysa-home.ch\\\/immobilien\\\/1434645fr-vendu-lumineux-attique-de-35-pieces-neuf\\\/\",\"name\":\"VENDU - Lumineux attique de 3.5 pi\u00e8ces neuf ! - MYSA Home S\u00e0rl\",\"isPartOf\":{\"@id\":\"https:\\\/\\\/mysa-home.ch\\\/#website\"},\"primaryImageOfPage\":{\"@id\":\"https:\\\/\\\/mysa-home.ch\\\/immobilien\\\/1434645fr-vendu-lumineux-attique-de-35-pieces-neuf\\\/#primaryimage\"},\"image\":{\"@id\":\"https:\\\/\\\/mysa-home.ch\\\/immobilien\\\/1434645fr-vendu-lumineux-attique-de-35-pieces-neuf\\\/#primaryimage\"},\"thumbnailUrl\":\"https:\\\/\\\/cdn.casasoft.com\\\/media\\\/provider-13587\\\/property-1434645\\\/9047f646b96f69a0a5b00a745cb44a6c.jpeg?p=xl\",\"datePublished\":\"2024-06-11T17:11:43+00:00\",\"dateModified\":\"2026-05-01T06:25:42+00:00\",\"breadcrumb\":{\"@id\":\"https:\\\/\\\/mysa-home.ch\\\/immobilien\\\/1434645fr-vendu-lumineux-attique-de-35-pieces-neuf\\\/#breadcrumb\"},\"inLanguage\":\"de\",\"potentialAction\":[{\"@type\":\"ReadAction\",\"target\":[\"https:\\\/\\\/mysa-home.ch\\\/immobilien\\\/1434645fr-vendu-lumineux-attique-de-35-pieces-neuf\\\/\"]}]},{\"@type\":\"ImageObject\",\"inLanguage\":\"de\",\"@id\":\"https:\\\/\\\/mysa-home.ch\\\/immobilien\\\/1434645fr-vendu-lumineux-attique-de-35-pieces-neuf\\\/#primaryimage\",\"url\":\"https:\\\/\\\/cdn.casasoft.com\\\/media\\\/provider-13587\\\/property-1434645\\\/9047f646b96f69a0a5b00a745cb44a6c.jpeg?p=xl\",\"contentUrl\":\"https:\\\/\\\/cdn.casasoft.com\\\/media\\\/provider-13587\\\/property-1434645\\\/9047f646b96f69a0a5b00a745cb44a6c.jpeg?p=xl\"},{\"@type\":\"BreadcrumbList\",\"@id\":\"https:\\\/\\\/mysa-home.ch\\\/immobilien\\\/1434645fr-vendu-lumineux-attique-de-35-pieces-neuf\\\/#breadcrumb\",\"itemListElement\":[{\"@type\":\"ListItem\",\"position\":1,\"name\":\"Startseite\",\"item\":\"https:\\\/\\\/mysa-home.ch\\\/de\\\/\"},{\"@type\":\"ListItem\",\"position\":2,\"name\":\"Immobilien\",\"item\":\"https:\\\/\\\/mysa-home.ch\\\/immobilien\\\/\"},{\"@type\":\"ListItem\",\"position\":3,\"name\":\"VENDU &#8211; Lumineux attique de 3.5 pi\u00e8ces neuf !\"}]},{\"@type\":\"WebSite\",\"@id\":\"https:\\\/\\\/mysa-home.ch\\\/#website\",\"url\":\"https:\\\/\\\/mysa-home.ch\\\/\",\"name\":\"MYSA Home S\u00e0rl\",\"description\":\"\",\"publisher\":{\"@id\":\"https:\\\/\\\/mysa-home.ch\\\/#organization\"},\"potentialAction\":[{\"@type\":\"SearchAction\",\"target\":{\"@type\":\"EntryPoint\",\"urlTemplate\":\"https:\\\/\\\/mysa-home.ch\\\/?s={search_term_string}\"},\"query-input\":{\"@type\":\"PropertyValueSpecification\",\"valueRequired\":true,\"valueName\":\"search_term_string\"}}],\"inLanguage\":\"de\"},{\"@type\":\"Organization\",\"@id\":\"https:\\\/\\\/mysa-home.ch\\\/#organization\",\"name\":\"MYSA Home S\u00e0rl\",\"url\":\"https:\\\/\\\/mysa-home.ch\\\/\",\"logo\":{\"@type\":\"ImageObject\",\"inLanguage\":\"de\",\"@id\":\"https:\\\/\\\/mysa-home.ch\\\/#\\\/schema\\\/logo\\\/image\\\/\",\"url\":\"https:\\\/\\\/mysa-home.ch\\\/wp-content\\\/uploads\\\/sites\\\/8\\\/2023\\\/07\\\/logo-mysahome-negatif.svg\",\"contentUrl\":\"https:\\\/\\\/mysa-home.ch\\\/wp-content\\\/uploads\\\/sites\\\/8\\\/2023\\\/07\\\/logo-mysahome-negatif.svg\",\"width\":288,\"height\":154,\"caption\":\"MYSA Home S\u00e0rl\"},\"image\":{\"@id\":\"https:\\\/\\\/mysa-home.ch\\\/#\\\/schema\\\/logo\\\/image\\\/\"}}]}<\/script>\n<!-- \/ Yoast SEO plugin. -->","yoast_head_json":{"title":"VENDU - Lumineux attique de 3.5 pi\u00e8ces neuf ! - MYSA Home S\u00e0rl","robots":{"index":"index","follow":"follow","max-snippet":"max-snippet:-1","max-image-preview":"max-image-preview:large","max-video-preview":"max-video-preview:-1"},"canonical":"https:\/\/mysa-home.ch\/immobilien\/1434645fr-vendu-lumineux-attique-de-35-pieces-neuf\/","og_locale":"de_DE","og_type":"article","og_title":"VENDU - Lumineux attique de 3.5 pi\u00e8ces neuf ! - MYSA Home S\u00e0rl","og_description":"Attique neuf - Livraison en novembre 2024 !","og_url":"https:\/\/mysa-home.ch\/immobilien\/1434645fr-vendu-lumineux-attique-de-35-pieces-neuf\/","og_site_name":"MYSA Home S\u00e0rl","article_modified_time":"2026-05-01T06:25:42+00:00","twitter_card":"summary_large_image","twitter_misc":{"Gesch\u00e4tzte Lesezeit":"1\u00a0Minute"},"schema":{"@context":"https:\/\/schema.org","@graph":[{"@type":"WebPage","@id":"https:\/\/mysa-home.ch\/immobilien\/1434645fr-vendu-lumineux-attique-de-35-pieces-neuf\/","url":"https:\/\/mysa-home.ch\/immobilien\/1434645fr-vendu-lumineux-attique-de-35-pieces-neuf\/","name":"VENDU - Lumineux attique de 3.5 pi\u00e8ces neuf ! - MYSA Home S\u00e0rl","isPartOf":{"@id":"https:\/\/mysa-home.ch\/#website"},"primaryImageOfPage":{"@id":"https:\/\/mysa-home.ch\/immobilien\/1434645fr-vendu-lumineux-attique-de-35-pieces-neuf\/#primaryimage"},"image":{"@id":"https:\/\/mysa-home.ch\/immobilien\/1434645fr-vendu-lumineux-attique-de-35-pieces-neuf\/#primaryimage"},"thumbnailUrl":"https:\/\/cdn.casasoft.com\/media\/provider-13587\/property-1434645\/9047f646b96f69a0a5b00a745cb44a6c.jpeg?p=xl","datePublished":"2024-06-11T17:11:43+00:00","dateModified":"2026-05-01T06:25:42+00:00","breadcrumb":{"@id":"https:\/\/mysa-home.ch\/immobilien\/1434645fr-vendu-lumineux-attique-de-35-pieces-neuf\/#breadcrumb"},"inLanguage":"de","potentialAction":[{"@type":"ReadAction","target":["https:\/\/mysa-home.ch\/immobilien\/1434645fr-vendu-lumineux-attique-de-35-pieces-neuf\/"]}]},{"@type":"ImageObject","inLanguage":"de","@id":"https:\/\/mysa-home.ch\/immobilien\/1434645fr-vendu-lumineux-attique-de-35-pieces-neuf\/#primaryimage","url":"https:\/\/cdn.casasoft.com\/media\/provider-13587\/property-1434645\/9047f646b96f69a0a5b00a745cb44a6c.jpeg?p=xl","contentUrl":"https:\/\/cdn.casasoft.com\/media\/provider-13587\/property-1434645\/9047f646b96f69a0a5b00a745cb44a6c.jpeg?p=xl"},{"@type":"BreadcrumbList","@id":"https:\/\/mysa-home.ch\/immobilien\/1434645fr-vendu-lumineux-attique-de-35-pieces-neuf\/#breadcrumb","itemListElement":[{"@type":"ListItem","position":1,"name":"Startseite","item":"https:\/\/mysa-home.ch\/de\/"},{"@type":"ListItem","position":2,"name":"Immobilien","item":"https:\/\/mysa-home.ch\/immobilien\/"},{"@type":"ListItem","position":3,"name":"VENDU &#8211; Lumineux attique de 3.5 pi\u00e8ces neuf !"}]},{"@type":"WebSite","@id":"https:\/\/mysa-home.ch\/#website","url":"https:\/\/mysa-home.ch\/","name":"MYSA Home S\u00e0rl","description":"","publisher":{"@id":"https:\/\/mysa-home.ch\/#organization"},"potentialAction":[{"@type":"SearchAction","target":{"@type":"EntryPoint","urlTemplate":"https:\/\/mysa-home.ch\/?s={search_term_string}"},"query-input":{"@type":"PropertyValueSpecification","valueRequired":true,"valueName":"search_term_string"}}],"inLanguage":"de"},{"@type":"Organization","@id":"https:\/\/mysa-home.ch\/#organization","name":"MYSA Home S\u00e0rl","url":"https:\/\/mysa-home.ch\/","logo":{"@type":"ImageObject","inLanguage":"de","@id":"https:\/\/mysa-home.ch\/#\/schema\/logo\/image\/","url":"https:\/\/mysa-home.ch\/wp-content\/uploads\/sites\/8\/2023\/07\/logo-mysahome-negatif.svg","contentUrl":"https:\/\/mysa-home.ch\/wp-content\/uploads\/sites\/8\/2023\/07\/logo-mysahome-negatif.svg","width":288,"height":154,"caption":"MYSA Home S\u00e0rl"},"image":{"@id":"https:\/\/mysa-home.ch\/#\/schema\/logo\/image\/"}}]}},"_links":{"self":[{"href":"https:\/\/mysa-home.ch\/de\/wp-json\/wp\/v2\/casawp_property\/58775","targetHints":{"allow":["GET"]}}],"collection":[{"href":"https:\/\/mysa-home.ch\/de\/wp-json\/wp\/v2\/casawp_property"}],"about":[{"href":"https:\/\/mysa-home.ch\/de\/wp-json\/wp\/v2\/types\/casawp_property"}],"replies":[{"embeddable":true,"href":"https:\/\/mysa-home.ch\/de\/wp-json\/wp\/v2\/comments?post=58775"}],"version-history":[{"count":0,"href":"https:\/\/mysa-home.ch\/de\/wp-json\/wp\/v2\/casawp_property\/58775\/revisions"}],"wp:featuredmedia":[{"embeddable":true,"href":"https:\/\/mysa-home.ch\/de\/wp-json\/wp\/v2\/media\/58776"}],"wp:attachment":[{"href":"https:\/\/mysa-home.ch\/de\/wp-json\/wp\/v2\/media?parent=58775"}],"wp:term":[{"taxonomy":"casawp_category","embeddable":true,"href":"https:\/\/mysa-home.ch\/de\/wp-json\/wp\/v2\/casawp_category?post=58775"},{"taxonomy":"casawp_feature","embeddable":true,"href":"https:\/\/mysa-home.ch\/de\/wp-json\/wp\/v2\/casawp_feature?post=58775"},{"taxonomy":"casawp_utility","embeddable":true,"href":"https:\/\/mysa-home.ch\/de\/wp-json\/wp\/v2\/casawp_utility?post=58775"},{"taxonomy":"casawp_location","embeddable":true,"href":"https:\/\/mysa-home.ch\/de\/wp-json\/wp\/v2\/casawp_location?post=58775"},{"taxonomy":"casawp_salestype","embeddable":true,"href":"https:\/\/mysa-home.ch\/de\/wp-json\/wp\/v2\/casawp_salestype?post=58775"},{"taxonomy":"casawp_availability","embeddable":true,"href":"https:\/\/mysa-home.ch\/de\/wp-json\/wp\/v2\/casawp_availability?post=58775"},{"taxonomy":"casawp_region","embeddable":true,"href":"https:\/\/mysa-home.ch\/de\/wp-json\/wp\/v2\/casawp_region?post=58775"}],"curies":[{"name":"wp","href":"https:\/\/api.w.org\/{rel}","templated":true}]}}