{"id":58247,"date":"2023-09-22T08:22:23","date_gmt":"2023-09-22T06:22:23","guid":{"rendered":"https:\/\/mysa-home.ch\/immobilien\/1307115de-vendu-chalet-45-pieces-avec-mezzanine\/"},"modified":"2026-05-01T08:11:41","modified_gmt":"2026-05-01T06:11:41","slug":"1307115de-vendu-chalet-45-pieces-avec-mezzanine","status":"publish","type":"casawp_property","link":"https:\/\/mysa-home.ch\/de\/immobilien\/1307115de-vendu-chalet-45-pieces-avec-mezzanine\/","title":{"rendered":"VENDU &#8211; Chalet 4.5 pi\u00e8ces avec mezzanine"},"content":{"rendered":"<h2>Crans-Montana<\/h2>\n<p>3963 Crans-Montana se situe dans le District de Sierre, dans le Canton du Valais. La population dans la commune politique de Crans-Montana a vari\u00e9 au cours des cinq derni\u00e8res ann\u00e9es de -0,8% en moyenne par an, s&#8217;\u00e9levant \u00e0 10\u00a0272 habitants (Etat\u00a0le\u00a031\u00a0d\u00e9c.\u00a02021). Le taux d&#8217;imposition est de 12,9% (canton:\u00a013,5%). Durant les cinq derni\u00e8res ann\u00e9es, la construction de logements dans la commune s&#8217;est \u00e9lev\u00e9e \u00e0 0,4% en moyenne par an, alors que le taux de logements vacants actuels est de 0,9% (Etat le\u00a01er\u00a0juin\u00a02022). Les prix immobiliers ont vari\u00e9 de +11,0% au cours des cinq derni\u00e8res ann\u00e9es (canton:\u00a0+12,3%).<\/p>\n<hr class=\"property-separator\" \/>\n<h2>Chalet 4.5 pi\u00e8ces meubl\u00e9 \u00e0 5 minutes de Crans-Montana<\/h2>\n<p>Si vous souhaitez profiter de la station de Crans-Montana et de toutes ses activit\u00e9s alpines, ce chalet est fait pour vous !<\/p>\n<p>Il se situe dans un petit hameau compos\u00e9 de chalets, la station et ses remont\u00e9es m\u00e9caniques sont \u00e0 moins de 5 minutes.\u00a0<\/p>\n<p>Dans un environnement calme avec un ensoleillement optimal toute l&#8217;ann\u00e9e.<\/p>\n<p>Compos\u00e9 comme suit :<\/p>\n<p>Rez-de-chauss\u00e9e :<\/p>\n<ul>\n<li>Hall d&#8217;entr\u00e9e<\/li>\n<li>Toilette visiteurs<\/li>\n<li>Spacieuse pi\u00e8ce \u00e0 vivre avec s\u00e9jour, chemin\u00e9e, salle \u00e0 manger et acc\u00e8s \u00e0 une mezzanine ouverte<\/li>\n<li>Cuisine \u00e9quip\u00e9e<\/li>\n<li>Balcon orient\u00e9 plein sud, accessible depuis la pi\u00e8ce \u00e0 vivre<\/li>\n<\/ul>\n<p>Etage inf\u00e9rieur :<\/p>\n<ul>\n<li>3 chambres<\/li>\n<li>Grande salle de douche enti\u00e8rement r\u00e9nov\u00e9e en 2015<\/li>\n<li>Local technique avec boiler, s\u00e8che-linge et lave-linge<\/li>\n<li>Petite cave sous escalier<\/li>\n<li>Acc\u00e8s \u00e0 la terrasse et pelouse<\/li>\n<li>Pelouse arbor\u00e9e entourant le chalet de 595 m2<\/li>\n<li>Cabanon de jardin int\u00e9gr\u00e9 sous le balcon<\/li>\n<\/ul>\n<p>Vendu meubl\u00e9. Place de parc int\u00e9rieure dans le garage collectif en sus. (CHF 50&#8217;000.-)<\/p>\n<p>Cet objet fait partie d&#8217;une PPE compos\u00e9e de chalets et d&#8217;un garage collectif. Les charges annuelles PPE s&#8217;\u00e9l\u00e8vent \u00e0 moins de CHF 1000.-\/an.<\/p>\n<p><strong>R\u00e9sidence secondaire et vente aux \u00e9trangers autoris\u00e9es.<\/strong><\/p>\n<p>Contactez-nous sans tarder pour organiser une visite des lieux, nous sommes \u00e0 votre disposition.<\/p>\n","protected":false},"excerpt":{"rendered":"<p>Chalet \u00e0 moins de 5 minutes de la station de Crans-Montana<\/p>\n","protected":false},"author":0,"featured_media":58248,"parent":0,"menu_order":13,"comment_status":"closed","ping_status":"closed","template":"","meta":{"_acf_changed":false,"inline_featured_image":false,"footnotes":""},"casawp_category":[34],"casawp_feature":[13,55,45,27,19,29,38,28,35,31,14,15],"casawp_utility":[20],"casawp_location":[23,51,24],"casawp_salestype":[21],"casawp_availability":[22],"casawp_region":[],"class_list":["post-58247","casawp_property","type-casawp_property","status-publish","has-post-thumbnail","hentry","casawp_category-chalet","casawp_feature-has-balcony","casawp_feature-has-fireplace","casawp_feature-has-foreign-quota","casawp_feature-has-gardenhouse","casawp_feature-has-mountain-view","casawp_feature-has-parking","casawp_feature-is-allowed-as-secondary-residency","casawp_feature-is-animal-friendly","casawp_feature-is-child-friendly","casawp_feature-is-only-allowed-as-primary-residency","casawp_feature-is-quiet","casawp_feature-is-sunny","casawp_utility-residential","casawp_location-country_ch","casawp_location-locality_crans-montana","casawp_location-region_vs","casawp_salestype-buy","casawp_availability-reference"],"acf":[],"yoast_head":"<!-- This site is optimized with the Yoast SEO plugin v27.4 - https:\/\/yoast.com\/product\/yoast-seo-wordpress\/ -->\n<title>VENDU - Chalet 4.5 pi\u00e8ces avec mezzanine - MYSA Home S\u00e0rl<\/title>\n<meta name=\"robots\" content=\"index, follow, max-snippet:-1, max-image-preview:large, max-video-preview:-1\" \/>\n<link rel=\"canonical\" href=\"https:\/\/mysa-home.ch\/immobilien\/1307115fr-vendu-chalet-45-pieces-avec-mezzanine\/\" \/>\n<meta property=\"og:locale\" content=\"de_DE\" \/>\n<meta property=\"og:type\" content=\"article\" \/>\n<meta property=\"og:title\" content=\"VENDU - Chalet 4.5 pi\u00e8ces avec mezzanine - MYSA Home S\u00e0rl\" \/>\n<meta property=\"og:description\" content=\"Chalet \u00e0 moins de 5 minutes de la station de Crans-Montana\" \/>\n<meta property=\"og:url\" content=\"https:\/\/mysa-home.ch\/immobilien\/1307115fr-vendu-chalet-45-pieces-avec-mezzanine\/\" \/>\n<meta property=\"og:site_name\" content=\"MYSA Home S\u00e0rl\" \/>\n<meta property=\"article:modified_time\" content=\"2026-05-01T06:11:41+00:00\" \/>\n<meta name=\"twitter:card\" content=\"summary_large_image\" \/>\n<meta name=\"twitter:label1\" content=\"Gesch\u00e4tzte Lesezeit\" \/>\n\t<meta name=\"twitter:data1\" content=\"2\u00a0Minuten\" \/>\n<script type=\"application\/ld+json\" class=\"yoast-schema-graph\">{\"@context\":\"https:\\\/\\\/schema.org\",\"@graph\":[{\"@type\":\"WebPage\",\"@id\":\"https:\\\/\\\/mysa-home.ch\\\/immobilien\\\/1307115fr-vendu-chalet-45-pieces-avec-mezzanine\\\/\",\"url\":\"https:\\\/\\\/mysa-home.ch\\\/immobilien\\\/1307115fr-vendu-chalet-45-pieces-avec-mezzanine\\\/\",\"name\":\"VENDU - Chalet 4.5 pi\u00e8ces avec mezzanine - MYSA Home S\u00e0rl\",\"isPartOf\":{\"@id\":\"https:\\\/\\\/mysa-home.ch\\\/#website\"},\"primaryImageOfPage\":{\"@id\":\"https:\\\/\\\/mysa-home.ch\\\/immobilien\\\/1307115fr-vendu-chalet-45-pieces-avec-mezzanine\\\/#primaryimage\"},\"image\":{\"@id\":\"https:\\\/\\\/mysa-home.ch\\\/immobilien\\\/1307115fr-vendu-chalet-45-pieces-avec-mezzanine\\\/#primaryimage\"},\"thumbnailUrl\":\"https:\\\/\\\/cdn.casasoft.com\\\/media\\\/provider-13587\\\/property-1307115\\\/c19d2d26c4dfb5fa8c3d01d4d52dc618.jpeg?p=xl\",\"datePublished\":\"2023-09-22T06:22:23+00:00\",\"dateModified\":\"2026-05-01T06:11:41+00:00\",\"breadcrumb\":{\"@id\":\"https:\\\/\\\/mysa-home.ch\\\/immobilien\\\/1307115fr-vendu-chalet-45-pieces-avec-mezzanine\\\/#breadcrumb\"},\"inLanguage\":\"de\",\"potentialAction\":[{\"@type\":\"ReadAction\",\"target\":[\"https:\\\/\\\/mysa-home.ch\\\/immobilien\\\/1307115fr-vendu-chalet-45-pieces-avec-mezzanine\\\/\"]}]},{\"@type\":\"ImageObject\",\"inLanguage\":\"de\",\"@id\":\"https:\\\/\\\/mysa-home.ch\\\/immobilien\\\/1307115fr-vendu-chalet-45-pieces-avec-mezzanine\\\/#primaryimage\",\"url\":\"https:\\\/\\\/cdn.casasoft.com\\\/media\\\/provider-13587\\\/property-1307115\\\/c19d2d26c4dfb5fa8c3d01d4d52dc618.jpeg?p=xl\",\"contentUrl\":\"https:\\\/\\\/cdn.casasoft.com\\\/media\\\/provider-13587\\\/property-1307115\\\/c19d2d26c4dfb5fa8c3d01d4d52dc618.jpeg?p=xl\"},{\"@type\":\"BreadcrumbList\",\"@id\":\"https:\\\/\\\/mysa-home.ch\\\/immobilien\\\/1307115fr-vendu-chalet-45-pieces-avec-mezzanine\\\/#breadcrumb\",\"itemListElement\":[{\"@type\":\"ListItem\",\"position\":1,\"name\":\"Startseite\",\"item\":\"https:\\\/\\\/mysa-home.ch\\\/de\\\/\"},{\"@type\":\"ListItem\",\"position\":2,\"name\":\"Immobilien\",\"item\":\"https:\\\/\\\/mysa-home.ch\\\/immobilien\\\/\"},{\"@type\":\"ListItem\",\"position\":3,\"name\":\"VENDU &#8211; Chalet 4.5 pi\u00e8ces avec mezzanine\"}]},{\"@type\":\"WebSite\",\"@id\":\"https:\\\/\\\/mysa-home.ch\\\/#website\",\"url\":\"https:\\\/\\\/mysa-home.ch\\\/\",\"name\":\"MYSA Home S\u00e0rl\",\"description\":\"\",\"publisher\":{\"@id\":\"https:\\\/\\\/mysa-home.ch\\\/#organization\"},\"potentialAction\":[{\"@type\":\"SearchAction\",\"target\":{\"@type\":\"EntryPoint\",\"urlTemplate\":\"https:\\\/\\\/mysa-home.ch\\\/?s={search_term_string}\"},\"query-input\":{\"@type\":\"PropertyValueSpecification\",\"valueRequired\":true,\"valueName\":\"search_term_string\"}}],\"inLanguage\":\"de\"},{\"@type\":\"Organization\",\"@id\":\"https:\\\/\\\/mysa-home.ch\\\/#organization\",\"name\":\"MYSA Home S\u00e0rl\",\"url\":\"https:\\\/\\\/mysa-home.ch\\\/\",\"logo\":{\"@type\":\"ImageObject\",\"inLanguage\":\"de\",\"@id\":\"https:\\\/\\\/mysa-home.ch\\\/#\\\/schema\\\/logo\\\/image\\\/\",\"url\":\"https:\\\/\\\/mysa-home.ch\\\/wp-content\\\/uploads\\\/sites\\\/8\\\/2023\\\/07\\\/logo-mysahome-negatif.svg\",\"contentUrl\":\"https:\\\/\\\/mysa-home.ch\\\/wp-content\\\/uploads\\\/sites\\\/8\\\/2023\\\/07\\\/logo-mysahome-negatif.svg\",\"width\":288,\"height\":154,\"caption\":\"MYSA Home S\u00e0rl\"},\"image\":{\"@id\":\"https:\\\/\\\/mysa-home.ch\\\/#\\\/schema\\\/logo\\\/image\\\/\"}}]}<\/script>\n<!-- \/ Yoast SEO plugin. -->","yoast_head_json":{"title":"VENDU - Chalet 4.5 pi\u00e8ces avec mezzanine - MYSA Home S\u00e0rl","robots":{"index":"index","follow":"follow","max-snippet":"max-snippet:-1","max-image-preview":"max-image-preview:large","max-video-preview":"max-video-preview:-1"},"canonical":"https:\/\/mysa-home.ch\/immobilien\/1307115fr-vendu-chalet-45-pieces-avec-mezzanine\/","og_locale":"de_DE","og_type":"article","og_title":"VENDU - Chalet 4.5 pi\u00e8ces avec mezzanine - MYSA Home S\u00e0rl","og_description":"Chalet \u00e0 moins de 5 minutes de la station de Crans-Montana","og_url":"https:\/\/mysa-home.ch\/immobilien\/1307115fr-vendu-chalet-45-pieces-avec-mezzanine\/","og_site_name":"MYSA Home S\u00e0rl","article_modified_time":"2026-05-01T06:11:41+00:00","twitter_card":"summary_large_image","twitter_misc":{"Gesch\u00e4tzte Lesezeit":"2\u00a0Minuten"},"schema":{"@context":"https:\/\/schema.org","@graph":[{"@type":"WebPage","@id":"https:\/\/mysa-home.ch\/immobilien\/1307115fr-vendu-chalet-45-pieces-avec-mezzanine\/","url":"https:\/\/mysa-home.ch\/immobilien\/1307115fr-vendu-chalet-45-pieces-avec-mezzanine\/","name":"VENDU - Chalet 4.5 pi\u00e8ces avec mezzanine - MYSA Home S\u00e0rl","isPartOf":{"@id":"https:\/\/mysa-home.ch\/#website"},"primaryImageOfPage":{"@id":"https:\/\/mysa-home.ch\/immobilien\/1307115fr-vendu-chalet-45-pieces-avec-mezzanine\/#primaryimage"},"image":{"@id":"https:\/\/mysa-home.ch\/immobilien\/1307115fr-vendu-chalet-45-pieces-avec-mezzanine\/#primaryimage"},"thumbnailUrl":"https:\/\/cdn.casasoft.com\/media\/provider-13587\/property-1307115\/c19d2d26c4dfb5fa8c3d01d4d52dc618.jpeg?p=xl","datePublished":"2023-09-22T06:22:23+00:00","dateModified":"2026-05-01T06:11:41+00:00","breadcrumb":{"@id":"https:\/\/mysa-home.ch\/immobilien\/1307115fr-vendu-chalet-45-pieces-avec-mezzanine\/#breadcrumb"},"inLanguage":"de","potentialAction":[{"@type":"ReadAction","target":["https:\/\/mysa-home.ch\/immobilien\/1307115fr-vendu-chalet-45-pieces-avec-mezzanine\/"]}]},{"@type":"ImageObject","inLanguage":"de","@id":"https:\/\/mysa-home.ch\/immobilien\/1307115fr-vendu-chalet-45-pieces-avec-mezzanine\/#primaryimage","url":"https:\/\/cdn.casasoft.com\/media\/provider-13587\/property-1307115\/c19d2d26c4dfb5fa8c3d01d4d52dc618.jpeg?p=xl","contentUrl":"https:\/\/cdn.casasoft.com\/media\/provider-13587\/property-1307115\/c19d2d26c4dfb5fa8c3d01d4d52dc618.jpeg?p=xl"},{"@type":"BreadcrumbList","@id":"https:\/\/mysa-home.ch\/immobilien\/1307115fr-vendu-chalet-45-pieces-avec-mezzanine\/#breadcrumb","itemListElement":[{"@type":"ListItem","position":1,"name":"Startseite","item":"https:\/\/mysa-home.ch\/de\/"},{"@type":"ListItem","position":2,"name":"Immobilien","item":"https:\/\/mysa-home.ch\/immobilien\/"},{"@type":"ListItem","position":3,"name":"VENDU &#8211; Chalet 4.5 pi\u00e8ces avec mezzanine"}]},{"@type":"WebSite","@id":"https:\/\/mysa-home.ch\/#website","url":"https:\/\/mysa-home.ch\/","name":"MYSA Home S\u00e0rl","description":"","publisher":{"@id":"https:\/\/mysa-home.ch\/#organization"},"potentialAction":[{"@type":"SearchAction","target":{"@type":"EntryPoint","urlTemplate":"https:\/\/mysa-home.ch\/?s={search_term_string}"},"query-input":{"@type":"PropertyValueSpecification","valueRequired":true,"valueName":"search_term_string"}}],"inLanguage":"de"},{"@type":"Organization","@id":"https:\/\/mysa-home.ch\/#organization","name":"MYSA Home S\u00e0rl","url":"https:\/\/mysa-home.ch\/","logo":{"@type":"ImageObject","inLanguage":"de","@id":"https:\/\/mysa-home.ch\/#\/schema\/logo\/image\/","url":"https:\/\/mysa-home.ch\/wp-content\/uploads\/sites\/8\/2023\/07\/logo-mysahome-negatif.svg","contentUrl":"https:\/\/mysa-home.ch\/wp-content\/uploads\/sites\/8\/2023\/07\/logo-mysahome-negatif.svg","width":288,"height":154,"caption":"MYSA Home S\u00e0rl"},"image":{"@id":"https:\/\/mysa-home.ch\/#\/schema\/logo\/image\/"}}]}},"_links":{"self":[{"href":"https:\/\/mysa-home.ch\/de\/wp-json\/wp\/v2\/casawp_property\/58247","targetHints":{"allow":["GET"]}}],"collection":[{"href":"https:\/\/mysa-home.ch\/de\/wp-json\/wp\/v2\/casawp_property"}],"about":[{"href":"https:\/\/mysa-home.ch\/de\/wp-json\/wp\/v2\/types\/casawp_property"}],"replies":[{"embeddable":true,"href":"https:\/\/mysa-home.ch\/de\/wp-json\/wp\/v2\/comments?post=58247"}],"version-history":[{"count":0,"href":"https:\/\/mysa-home.ch\/de\/wp-json\/wp\/v2\/casawp_property\/58247\/revisions"}],"wp:featuredmedia":[{"embeddable":true,"href":"https:\/\/mysa-home.ch\/de\/wp-json\/wp\/v2\/media\/58248"}],"wp:attachment":[{"href":"https:\/\/mysa-home.ch\/de\/wp-json\/wp\/v2\/media?parent=58247"}],"wp:term":[{"taxonomy":"casawp_category","embeddable":true,"href":"https:\/\/mysa-home.ch\/de\/wp-json\/wp\/v2\/casawp_category?post=58247"},{"taxonomy":"casawp_feature","embeddable":true,"href":"https:\/\/mysa-home.ch\/de\/wp-json\/wp\/v2\/casawp_feature?post=58247"},{"taxonomy":"casawp_utility","embeddable":true,"href":"https:\/\/mysa-home.ch\/de\/wp-json\/wp\/v2\/casawp_utility?post=58247"},{"taxonomy":"casawp_location","embeddable":true,"href":"https:\/\/mysa-home.ch\/de\/wp-json\/wp\/v2\/casawp_location?post=58247"},{"taxonomy":"casawp_salestype","embeddable":true,"href":"https:\/\/mysa-home.ch\/de\/wp-json\/wp\/v2\/casawp_salestype?post=58247"},{"taxonomy":"casawp_availability","embeddable":true,"href":"https:\/\/mysa-home.ch\/de\/wp-json\/wp\/v2\/casawp_availability?post=58247"},{"taxonomy":"casawp_region","embeddable":true,"href":"https:\/\/mysa-home.ch\/de\/wp-json\/wp\/v2\/casawp_region?post=58247"}],"curies":[{"name":"wp","href":"https:\/\/api.w.org\/{rel}","templated":true}]}}