{"id":58127,"date":"2023-08-25T17:36:58","date_gmt":"2023-08-25T15:36:58","guid":{"rendered":"https:\/\/mysa-home.ch\/immobilien\/1293844de-vendu-sion-4-pieces\/"},"modified":"2026-05-01T07:51:11","modified_gmt":"2026-05-01T05:51:11","slug":"1293844de-vendu-sion-4-pieces","status":"publish","type":"casawp_property","link":"https:\/\/mysa-home.ch\/de\/immobilien\/1293844de-vendu-sion-4-pieces\/","title":{"rendered":"VENDU &#8211; Sion, 4\u00bd pi\u00e8ces"},"content":{"rendered":"<h2>Sion<\/h2>\n<p>1950 Sion se situe dans le District de Sion, dans le Canton du Valais. La population dans la commune politique de Sion a vari\u00e9 au cours des cinq derni\u00e8res ann\u00e9es de +0,5% en moyenne par an, s&#8217;\u00e9levant \u00e0 35\u00a0259 habitants (Etat\u00a0le\u00a031\u00a0d\u00e9c.\u00a02021). Le taux d&#8217;imposition est de 12,7% (canton:\u00a013,5%). Durant les cinq derni\u00e8res ann\u00e9es, la construction de logements dans la commune s&#8217;est \u00e9lev\u00e9e \u00e0 1,4% en moyenne par an, alors que le taux de logements vacants actuels est de 0,8% (Etat le\u00a01er\u00a0juin\u00a02022). Les prix immobiliers ont vari\u00e9 de +13,9% au cours des cinq derni\u00e8res ann\u00e9es (canton:\u00a0+12,3%).<\/p>\n<hr class=\"property-separator\" \/>\n<h2>SION &#8211; OUEST, VASTE 4\u00bd PI\u00c8CES AVEC LOGGIA \u00c0 VENDRE<\/h2>\n<p><p>Charmant et spacieux 4\u00bd pi\u00e8ces (125 m2) dans un petit immeuble soign\u00e9 construit en 1991 \u00e0 l&#8217;Ouest de la ville de Sion avec un beau d\u00e9gagement Sud face \u00e0 une colline v\u00e9g\u00e9talis\u00e9e (sans vis-\u00e0-vis direct).<\/p>\n<p>A seulement 4 minutes de la Gare de Sion, \u00e0 3 minutes des centres\u00a0commerciaux de Conthey et \u00e0 quelques minutes \u00e0 pied d&#8217;une cr\u00e8che, d&#8217;un\u00a0arr\u00eat de bus et d&#8217;un magasin d&#8217;alimentation.<\/p>\n<p>Il b\u00e9n\u00e9ficie d&#8217;un espace de vie g\u00e9n\u00e9reux ainsi qu&#8217;une loggia habitable.<br \/>Sa composition est la suivante :<br \/>&#8211; Hall d&#8217;entr\u00e9e<br \/>&#8211; Salle d&#8217;eau avec baignoire, lavabo et W.-C.<br \/>&#8211; 3 chambres<br \/>&#8211; Salle d&#8217;eau avec douche, lavabo et W.-C.<br \/>&#8211; Cuisine ouverte avec ilot central<br \/>&#8211; Spacieux s\u00e9jour<br \/>&#8211; Loggia<\/p>\n<p>Annexes :<br \/>&#8211; Cave<br \/>&#8211; Place de parc ext\u00e9rieure en sus<br \/>&#8211; Jardin commun \u00e0 la PPE<\/p><\/p>\n","protected":false},"excerpt":{"rendered":"<p>Sion 1950 Sion se situe dans le District de Sion, dans le Canton du Valais. La population dans la commune politique de Sion a vari\u00e9 au cours des cinq derni\u00e8res ann\u00e9es de +0,5% en moyenne par an, s&#8217;\u00e9levant \u00e0 35\u00a0259 habitants (Etat\u00a0le\u00a031\u00a0d\u00e9c.\u00a02021). Le taux d&#8217;imposition est de 12,7% (canton:\u00a013,5%). Durant les cinq derni\u00e8res ann\u00e9es, la [&hellip;]<\/p>\n","protected":false},"author":0,"featured_media":58128,"parent":0,"menu_order":8,"comment_status":"closed","ping_status":"closed","template":"","meta":{"_acf_changed":false,"inline_featured_image":false,"footnotes":""},"casawp_category":[10],"casawp_feature":[],"casawp_utility":[20],"casawp_location":[23,25,24],"casawp_salestype":[21],"casawp_availability":[22],"casawp_region":[],"class_list":["post-58127","casawp_property","type-casawp_property","status-publish","has-post-thumbnail","hentry","casawp_category-apartment","casawp_utility-residential","casawp_location-country_ch","casawp_location-locality_sion","casawp_location-region_vs","casawp_salestype-buy","casawp_availability-reference"],"acf":[],"yoast_head":"<!-- This site is optimized with the Yoast SEO plugin v27.4 - https:\/\/yoast.com\/product\/yoast-seo-wordpress\/ -->\n<title>VENDU - Sion, 4\u00bd pi\u00e8ces - MYSA Home S\u00e0rl<\/title>\n<meta name=\"robots\" content=\"index, follow, max-snippet:-1, max-image-preview:large, max-video-preview:-1\" \/>\n<link rel=\"canonical\" href=\"https:\/\/mysa-home.ch\/immobilien\/1293844fr-vendu-sion-4-pieces\/\" \/>\n<meta property=\"og:locale\" content=\"de_DE\" \/>\n<meta property=\"og:type\" content=\"article\" \/>\n<meta property=\"og:title\" content=\"VENDU - Sion, 4\u00bd pi\u00e8ces - MYSA Home S\u00e0rl\" \/>\n<meta property=\"og:description\" content=\"Sion 1950 Sion se situe dans le District de Sion, dans le Canton du Valais. La population dans la commune politique de Sion a vari\u00e9 au cours des cinq derni\u00e8res ann\u00e9es de +0,5% en moyenne par an, s&#8217;\u00e9levant \u00e0 35\u00a0259 habitants (Etat\u00a0le\u00a031\u00a0d\u00e9c.\u00a02021). Le taux d&#8217;imposition est de 12,7% (canton:\u00a013,5%). Durant les cinq derni\u00e8res ann\u00e9es, la [&hellip;]\" \/>\n<meta property=\"og:url\" content=\"https:\/\/mysa-home.ch\/immobilien\/1293844fr-vendu-sion-4-pieces\/\" \/>\n<meta property=\"og:site_name\" content=\"MYSA Home S\u00e0rl\" \/>\n<meta property=\"article:modified_time\" content=\"2026-05-01T05:51:11+00:00\" \/>\n<meta name=\"twitter:card\" content=\"summary_large_image\" \/>\n<meta name=\"twitter:label1\" content=\"Gesch\u00e4tzte Lesezeit\" \/>\n\t<meta name=\"twitter:data1\" content=\"1\u00a0Minute\" \/>\n<script type=\"application\/ld+json\" class=\"yoast-schema-graph\">{\"@context\":\"https:\\\/\\\/schema.org\",\"@graph\":[{\"@type\":\"WebPage\",\"@id\":\"https:\\\/\\\/mysa-home.ch\\\/immobilien\\\/1293844fr-vendu-sion-4-pieces\\\/\",\"url\":\"https:\\\/\\\/mysa-home.ch\\\/immobilien\\\/1293844fr-vendu-sion-4-pieces\\\/\",\"name\":\"VENDU - Sion, 4\u00bd pi\u00e8ces - MYSA Home S\u00e0rl\",\"isPartOf\":{\"@id\":\"https:\\\/\\\/mysa-home.ch\\\/#website\"},\"primaryImageOfPage\":{\"@id\":\"https:\\\/\\\/mysa-home.ch\\\/immobilien\\\/1293844fr-vendu-sion-4-pieces\\\/#primaryimage\"},\"image\":{\"@id\":\"https:\\\/\\\/mysa-home.ch\\\/immobilien\\\/1293844fr-vendu-sion-4-pieces\\\/#primaryimage\"},\"thumbnailUrl\":\"https:\\\/\\\/cdn.casasoft.com\\\/media\\\/provider-13587\\\/property-1293844\\\/6265346d0d35a17e54a24f139503140b.jpeg?p=xl\",\"datePublished\":\"2023-08-25T15:36:58+00:00\",\"dateModified\":\"2026-05-01T05:51:11+00:00\",\"breadcrumb\":{\"@id\":\"https:\\\/\\\/mysa-home.ch\\\/immobilien\\\/1293844fr-vendu-sion-4-pieces\\\/#breadcrumb\"},\"inLanguage\":\"de\",\"potentialAction\":[{\"@type\":\"ReadAction\",\"target\":[\"https:\\\/\\\/mysa-home.ch\\\/immobilien\\\/1293844fr-vendu-sion-4-pieces\\\/\"]}]},{\"@type\":\"ImageObject\",\"inLanguage\":\"de\",\"@id\":\"https:\\\/\\\/mysa-home.ch\\\/immobilien\\\/1293844fr-vendu-sion-4-pieces\\\/#primaryimage\",\"url\":\"https:\\\/\\\/cdn.casasoft.com\\\/media\\\/provider-13587\\\/property-1293844\\\/6265346d0d35a17e54a24f139503140b.jpeg?p=xl\",\"contentUrl\":\"https:\\\/\\\/cdn.casasoft.com\\\/media\\\/provider-13587\\\/property-1293844\\\/6265346d0d35a17e54a24f139503140b.jpeg?p=xl\"},{\"@type\":\"BreadcrumbList\",\"@id\":\"https:\\\/\\\/mysa-home.ch\\\/immobilien\\\/1293844fr-vendu-sion-4-pieces\\\/#breadcrumb\",\"itemListElement\":[{\"@type\":\"ListItem\",\"position\":1,\"name\":\"Startseite\",\"item\":\"https:\\\/\\\/mysa-home.ch\\\/de\\\/\"},{\"@type\":\"ListItem\",\"position\":2,\"name\":\"Immobilien\",\"item\":\"https:\\\/\\\/mysa-home.ch\\\/immobilien\\\/\"},{\"@type\":\"ListItem\",\"position\":3,\"name\":\"VENDU &#8211; Sion, 4\u00bd pi\u00e8ces\"}]},{\"@type\":\"WebSite\",\"@id\":\"https:\\\/\\\/mysa-home.ch\\\/#website\",\"url\":\"https:\\\/\\\/mysa-home.ch\\\/\",\"name\":\"MYSA Home S\u00e0rl\",\"description\":\"\",\"publisher\":{\"@id\":\"https:\\\/\\\/mysa-home.ch\\\/#organization\"},\"potentialAction\":[{\"@type\":\"SearchAction\",\"target\":{\"@type\":\"EntryPoint\",\"urlTemplate\":\"https:\\\/\\\/mysa-home.ch\\\/?s={search_term_string}\"},\"query-input\":{\"@type\":\"PropertyValueSpecification\",\"valueRequired\":true,\"valueName\":\"search_term_string\"}}],\"inLanguage\":\"de\"},{\"@type\":\"Organization\",\"@id\":\"https:\\\/\\\/mysa-home.ch\\\/#organization\",\"name\":\"MYSA Home S\u00e0rl\",\"url\":\"https:\\\/\\\/mysa-home.ch\\\/\",\"logo\":{\"@type\":\"ImageObject\",\"inLanguage\":\"de\",\"@id\":\"https:\\\/\\\/mysa-home.ch\\\/#\\\/schema\\\/logo\\\/image\\\/\",\"url\":\"https:\\\/\\\/mysa-home.ch\\\/wp-content\\\/uploads\\\/sites\\\/8\\\/2023\\\/07\\\/logo-mysahome-negatif.svg\",\"contentUrl\":\"https:\\\/\\\/mysa-home.ch\\\/wp-content\\\/uploads\\\/sites\\\/8\\\/2023\\\/07\\\/logo-mysahome-negatif.svg\",\"width\":288,\"height\":154,\"caption\":\"MYSA Home S\u00e0rl\"},\"image\":{\"@id\":\"https:\\\/\\\/mysa-home.ch\\\/#\\\/schema\\\/logo\\\/image\\\/\"}}]}<\/script>\n<!-- \/ Yoast SEO plugin. -->","yoast_head_json":{"title":"VENDU - Sion, 4\u00bd pi\u00e8ces - MYSA Home S\u00e0rl","robots":{"index":"index","follow":"follow","max-snippet":"max-snippet:-1","max-image-preview":"max-image-preview:large","max-video-preview":"max-video-preview:-1"},"canonical":"https:\/\/mysa-home.ch\/immobilien\/1293844fr-vendu-sion-4-pieces\/","og_locale":"de_DE","og_type":"article","og_title":"VENDU - Sion, 4\u00bd pi\u00e8ces - MYSA Home S\u00e0rl","og_description":"Sion 1950 Sion se situe dans le District de Sion, dans le Canton du Valais. La population dans la commune politique de Sion a vari\u00e9 au cours des cinq derni\u00e8res ann\u00e9es de +0,5% en moyenne par an, s&#8217;\u00e9levant \u00e0 35\u00a0259 habitants (Etat\u00a0le\u00a031\u00a0d\u00e9c.\u00a02021). Le taux d&#8217;imposition est de 12,7% (canton:\u00a013,5%). Durant les cinq derni\u00e8res ann\u00e9es, la [&hellip;]","og_url":"https:\/\/mysa-home.ch\/immobilien\/1293844fr-vendu-sion-4-pieces\/","og_site_name":"MYSA Home S\u00e0rl","article_modified_time":"2026-05-01T05:51:11+00:00","twitter_card":"summary_large_image","twitter_misc":{"Gesch\u00e4tzte Lesezeit":"1\u00a0Minute"},"schema":{"@context":"https:\/\/schema.org","@graph":[{"@type":"WebPage","@id":"https:\/\/mysa-home.ch\/immobilien\/1293844fr-vendu-sion-4-pieces\/","url":"https:\/\/mysa-home.ch\/immobilien\/1293844fr-vendu-sion-4-pieces\/","name":"VENDU - Sion, 4\u00bd pi\u00e8ces - MYSA Home S\u00e0rl","isPartOf":{"@id":"https:\/\/mysa-home.ch\/#website"},"primaryImageOfPage":{"@id":"https:\/\/mysa-home.ch\/immobilien\/1293844fr-vendu-sion-4-pieces\/#primaryimage"},"image":{"@id":"https:\/\/mysa-home.ch\/immobilien\/1293844fr-vendu-sion-4-pieces\/#primaryimage"},"thumbnailUrl":"https:\/\/cdn.casasoft.com\/media\/provider-13587\/property-1293844\/6265346d0d35a17e54a24f139503140b.jpeg?p=xl","datePublished":"2023-08-25T15:36:58+00:00","dateModified":"2026-05-01T05:51:11+00:00","breadcrumb":{"@id":"https:\/\/mysa-home.ch\/immobilien\/1293844fr-vendu-sion-4-pieces\/#breadcrumb"},"inLanguage":"de","potentialAction":[{"@type":"ReadAction","target":["https:\/\/mysa-home.ch\/immobilien\/1293844fr-vendu-sion-4-pieces\/"]}]},{"@type":"ImageObject","inLanguage":"de","@id":"https:\/\/mysa-home.ch\/immobilien\/1293844fr-vendu-sion-4-pieces\/#primaryimage","url":"https:\/\/cdn.casasoft.com\/media\/provider-13587\/property-1293844\/6265346d0d35a17e54a24f139503140b.jpeg?p=xl","contentUrl":"https:\/\/cdn.casasoft.com\/media\/provider-13587\/property-1293844\/6265346d0d35a17e54a24f139503140b.jpeg?p=xl"},{"@type":"BreadcrumbList","@id":"https:\/\/mysa-home.ch\/immobilien\/1293844fr-vendu-sion-4-pieces\/#breadcrumb","itemListElement":[{"@type":"ListItem","position":1,"name":"Startseite","item":"https:\/\/mysa-home.ch\/de\/"},{"@type":"ListItem","position":2,"name":"Immobilien","item":"https:\/\/mysa-home.ch\/immobilien\/"},{"@type":"ListItem","position":3,"name":"VENDU &#8211; Sion, 4\u00bd pi\u00e8ces"}]},{"@type":"WebSite","@id":"https:\/\/mysa-home.ch\/#website","url":"https:\/\/mysa-home.ch\/","name":"MYSA Home S\u00e0rl","description":"","publisher":{"@id":"https:\/\/mysa-home.ch\/#organization"},"potentialAction":[{"@type":"SearchAction","target":{"@type":"EntryPoint","urlTemplate":"https:\/\/mysa-home.ch\/?s={search_term_string}"},"query-input":{"@type":"PropertyValueSpecification","valueRequired":true,"valueName":"search_term_string"}}],"inLanguage":"de"},{"@type":"Organization","@id":"https:\/\/mysa-home.ch\/#organization","name":"MYSA Home S\u00e0rl","url":"https:\/\/mysa-home.ch\/","logo":{"@type":"ImageObject","inLanguage":"de","@id":"https:\/\/mysa-home.ch\/#\/schema\/logo\/image\/","url":"https:\/\/mysa-home.ch\/wp-content\/uploads\/sites\/8\/2023\/07\/logo-mysahome-negatif.svg","contentUrl":"https:\/\/mysa-home.ch\/wp-content\/uploads\/sites\/8\/2023\/07\/logo-mysahome-negatif.svg","width":288,"height":154,"caption":"MYSA Home S\u00e0rl"},"image":{"@id":"https:\/\/mysa-home.ch\/#\/schema\/logo\/image\/"}}]}},"_links":{"self":[{"href":"https:\/\/mysa-home.ch\/de\/wp-json\/wp\/v2\/casawp_property\/58127","targetHints":{"allow":["GET"]}}],"collection":[{"href":"https:\/\/mysa-home.ch\/de\/wp-json\/wp\/v2\/casawp_property"}],"about":[{"href":"https:\/\/mysa-home.ch\/de\/wp-json\/wp\/v2\/types\/casawp_property"}],"replies":[{"embeddable":true,"href":"https:\/\/mysa-home.ch\/de\/wp-json\/wp\/v2\/comments?post=58127"}],"version-history":[{"count":0,"href":"https:\/\/mysa-home.ch\/de\/wp-json\/wp\/v2\/casawp_property\/58127\/revisions"}],"wp:featuredmedia":[{"embeddable":true,"href":"https:\/\/mysa-home.ch\/de\/wp-json\/wp\/v2\/media\/58128"}],"wp:attachment":[{"href":"https:\/\/mysa-home.ch\/de\/wp-json\/wp\/v2\/media?parent=58127"}],"wp:term":[{"taxonomy":"casawp_category","embeddable":true,"href":"https:\/\/mysa-home.ch\/de\/wp-json\/wp\/v2\/casawp_category?post=58127"},{"taxonomy":"casawp_feature","embeddable":true,"href":"https:\/\/mysa-home.ch\/de\/wp-json\/wp\/v2\/casawp_feature?post=58127"},{"taxonomy":"casawp_utility","embeddable":true,"href":"https:\/\/mysa-home.ch\/de\/wp-json\/wp\/v2\/casawp_utility?post=58127"},{"taxonomy":"casawp_location","embeddable":true,"href":"https:\/\/mysa-home.ch\/de\/wp-json\/wp\/v2\/casawp_location?post=58127"},{"taxonomy":"casawp_salestype","embeddable":true,"href":"https:\/\/mysa-home.ch\/de\/wp-json\/wp\/v2\/casawp_salestype?post=58127"},{"taxonomy":"casawp_availability","embeddable":true,"href":"https:\/\/mysa-home.ch\/de\/wp-json\/wp\/v2\/casawp_availability?post=58127"},{"taxonomy":"casawp_region","embeddable":true,"href":"https:\/\/mysa-home.ch\/de\/wp-json\/wp\/v2\/casawp_region?post=58127"}],"curies":[{"name":"wp","href":"https:\/\/api.w.org\/{rel}","templated":true}]}}